{"version":"1.0","provider_name":"\u017durnalas Lietuv\u0117","provider_url":"https:\/\/lietuve.lt","title":"Lietuvos vie\u0161osios bibliotekos kvie\u010dia \u012f \u201eVasaros su knyga\u201c i\u0161lyd\u0117tuves - \u017durnalas Lietuv\u0117","type":"rich","width":600,"height":338,"html":"<blockquote class=\"wp-embedded-content\" data-secret=\"DzLOKbNkaZ\"><a href=\"https:\/\/lietuve.lt\/lietuvos-viesosios-bibliotekos-kviecia-i-vasaros-su-knyga-islydetuves\/\">Lietuvos vie\u0161osios bibliotekos kvie\u010dia \u012f \u201eVasaros su knyga\u201c i\u0161lyd\u0117tuves<\/a><\/blockquote><iframe sandbox=\"allow-scripts\" security=\"restricted\" src=\"https:\/\/lietuve.lt\/lietuvos-viesosios-bibliotekos-kviecia-i-vasaros-su-knyga-islydetuves\/embed\/#?secret=DzLOKbNkaZ\" width=\"600\" height=\"338\" title=\"&#8220;Lietuvos vie\u0161osios bibliotekos kvie\u010dia \u012f \u201eVasaros su knyga\u201c i\u0161lyd\u0117tuves&#8221; &#8212; \u017durnalas Lietuv\u0117\" data-secret=\"DzLOKbNkaZ\" frameborder=\"0\" marginwidth=\"0\" marginheight=\"0\" scrolling=\"no\" class=\"wp-embedded-content\"><\/iframe><script type=\"text\/javascript\">\n\/* <![CDATA[ *\/\n\/*! This file is auto-generated *\/\n!function(d,l){\"use strict\";l.querySelector&&d.addEventListener&&\"undefined\"!=typeof URL&&(d.wp=d.wp||{},d.wp.receiveEmbedMessage||(d.wp.receiveEmbedMessage=function(e){var t=e.data;if((t||t.secret||t.message||t.value)&&!\/[^a-zA-Z0-9]\/.test(t.secret)){for(var s,r,n,a=l.querySelectorAll('iframe[data-secret=\"'+t.secret+'\"]'),o=l.querySelectorAll('blockquote[data-secret=\"'+t.secret+'\"]'),c=new RegExp(\"^https?:$\",\"i\"),i=0;i<o.length;i++)o[i].style.display=\"none\";for(i=0;i<a.length;i++)s=a[i],e.source===s.contentWindow&&(s.removeAttribute(\"style\"),\"height\"===t.message?(1e3<(r=parseInt(t.value,10))?r=1e3:~~r<200&&(r=200),s.height=r):\"link\"===t.message&&(r=new URL(s.getAttribute(\"src\")),n=new URL(t.value),c.test(n.protocol))&&n.host===r.host&&l.activeElement===s&&(d.top.location.href=t.value))}},d.addEventListener(\"message\",d.wp.receiveEmbedMessage,!1),l.addEventListener(\"DOMContentLoaded\",function(){for(var e,t,s=l.querySelectorAll(\"iframe.wp-embedded-content\"),r=0;r<s.length;r++)(t=(e=s[r]).getAttribute(\"data-secret\"))||(t=Math.random().toString(36).substring(2,12),e.src+=\"#?secret=\"+t,e.setAttribute(\"data-secret\",t)),e.contentWindow.postMessage({message:\"ready\",secret:t},\"*\")},!1)))}(window,document);\n\/\/# sourceURL=https:\/\/lietuve.lt\/wp-includes\/js\/wp-embed.min.js\n\/* ]]> *\/\n<\/script>\n","description":"Lietuvos vie\u0161osios bibliotekos kvie\u010dia susitikti \u012fsp\u016bdingose \u201eVasaros su knyga\u201c i\u0161lyd\u0117tuv\u0117se rugs\u0117jo 8 d. Vilniaus apskrities Adomo Mickevi\u010diaus vie\u0161ojoje bibliotekoje. Atvyk\u0119 \u012f skaitymo festival\u012f \u201eA\u0161 \u017einau, k\u0105 tu skaitei an\u0105 vasar\u0105\u201c gal\u0117site u\u017esukti \u012f keturias skirtingas erdves \u2013 Literat\u016brin\u0119 vaistin\u0119, I\u0161maniojo skaitymo erdv\u0119, Knygos scen\u0105 bei Susitikim\u0173 gatv\u0119. \u010cia vyks kult\u016briniai renginiai, susitikimai su autoriais ir","thumbnail_url":"https:\/\/lietuve.lt\/wp-content\/uploads\/2016\/09\/II-vieta_Gertr\u016bda-Vala\u0161kevi\u010di\u016bt\u0117-150x150.jpg"}