{"version":"1.0","provider_name":"\u017durnalas Lietuv\u0117","provider_url":"https:\/\/lietuve.lt","title":"Litvak\u0173 vie\u0161oji diplomatija svarbi Lietuvai - \u017durnalas Lietuv\u0117","type":"rich","width":600,"height":338,"html":"<blockquote class=\"wp-embedded-content\" data-secret=\"IYPmHmSaFV\"><a href=\"https:\/\/lietuve.lt\/litvaku-viesoji-diplomatija-svarbi-lietuvai\/\">Litvak\u0173 vie\u0161oji diplomatija svarbi Lietuvai<\/a><\/blockquote><iframe sandbox=\"allow-scripts\" security=\"restricted\" src=\"https:\/\/lietuve.lt\/litvaku-viesoji-diplomatija-svarbi-lietuvai\/embed\/#?secret=IYPmHmSaFV\" width=\"600\" height=\"338\" title=\"&#8220;Litvak\u0173 vie\u0161oji diplomatija svarbi Lietuvai&#8221; &#8212; \u017durnalas Lietuv\u0117\" data-secret=\"IYPmHmSaFV\" frameborder=\"0\" marginwidth=\"0\" marginheight=\"0\" scrolling=\"no\" class=\"wp-embedded-content\"><\/iframe><script type=\"text\/javascript\">\n\/* <![CDATA[ *\/\n\/*! This file is auto-generated *\/\n!function(d,l){\"use strict\";l.querySelector&&d.addEventListener&&\"undefined\"!=typeof URL&&(d.wp=d.wp||{},d.wp.receiveEmbedMessage||(d.wp.receiveEmbedMessage=function(e){var t=e.data;if((t||t.secret||t.message||t.value)&&!\/[^a-zA-Z0-9]\/.test(t.secret)){for(var s,r,n,a=l.querySelectorAll('iframe[data-secret=\"'+t.secret+'\"]'),o=l.querySelectorAll('blockquote[data-secret=\"'+t.secret+'\"]'),c=new RegExp(\"^https?:$\",\"i\"),i=0;i<o.length;i++)o[i].style.display=\"none\";for(i=0;i<a.length;i++)s=a[i],e.source===s.contentWindow&&(s.removeAttribute(\"style\"),\"height\"===t.message?(1e3<(r=parseInt(t.value,10))?r=1e3:~~r<200&&(r=200),s.height=r):\"link\"===t.message&&(r=new URL(s.getAttribute(\"src\")),n=new URL(t.value),c.test(n.protocol))&&n.host===r.host&&l.activeElement===s&&(d.top.location.href=t.value))}},d.addEventListener(\"message\",d.wp.receiveEmbedMessage,!1),l.addEventListener(\"DOMContentLoaded\",function(){for(var e,t,s=l.querySelectorAll(\"iframe.wp-embedded-content\"),r=0;r<s.length;r++)(t=(e=s[r]).getAttribute(\"data-secret\"))||(t=Math.random().toString(36).substring(2,12),e.src+=\"#?secret=\"+t,e.setAttribute(\"data-secret\",t)),e.contentWindow.postMessage({message:\"ready\",secret:t},\"*\")},!1)))}(window,document);\n\/\/# sourceURL=https:\/\/lietuve.lt\/wp-includes\/js\/wp-embed.min.js\n\/* ]]> *\/\n<\/script>\n","description":"Prezident\u0117 Dalia Grybauskait\u0117 Tel Avive atidar\u0117 pirm\u0105j\u012f istorijoje Izraelio litvak\u0173 forum\u0105. Kreipdamasi \u012f \u0161akn\u0173 Lietuvoje turin\u010dius \u017eydus ir j\u0173 palikuonis, Prezident\u0117 pabr\u0117\u017e\u0117 ypating\u0105 litvak\u0173 ind\u0117l\u012f kuriant Lietuvos ry\u0161ius su pasauliu ir pakviet\u0117 puosel\u0117ti tai, kas jungia lietuvi\u0173 ir \u017eyd\u0173 tautas. Litvakai \u2013 didel\u0117 ir garbinga \u017eyd\u0173 bendruomen\u0117, turinti daugiau nei 600 met\u0173 istorij\u0105. Daug jos"}