{"version":"1.0","provider_name":"\u017durnalas Lietuv\u0117","provider_url":"https:\/\/lietuve.lt","title":"Martynas Levickis: \u201e\u0160iauliuose gimiau antr\u0105 kart\u0105\u201c - \u017durnalas Lietuv\u0117","type":"rich","width":600,"height":338,"html":"<blockquote class=\"wp-embedded-content\" data-secret=\"TNS5SOt4Ex\"><a href=\"https:\/\/lietuve.lt\/martynas-levickis-siauliuose-gimiau-antra-karta\/\">Martynas Levickis: \u201e\u0160iauliuose gimiau antr\u0105 kart\u0105\u201c<\/a><\/blockquote><iframe sandbox=\"allow-scripts\" security=\"restricted\" src=\"https:\/\/lietuve.lt\/martynas-levickis-siauliuose-gimiau-antra-karta\/embed\/#?secret=TNS5SOt4Ex\" width=\"600\" height=\"338\" title=\"&#8220;Martynas Levickis: \u201e\u0160iauliuose gimiau antr\u0105 kart\u0105\u201c&#8221; &#8212; \u017durnalas Lietuv\u0117\" data-secret=\"TNS5SOt4Ex\" frameborder=\"0\" marginwidth=\"0\" marginheight=\"0\" scrolling=\"no\" class=\"wp-embedded-content\"><\/iframe><script type=\"text\/javascript\">\n\/* <![CDATA[ *\/\n\/*! This file is auto-generated *\/\n!function(d,l){\"use strict\";l.querySelector&&d.addEventListener&&\"undefined\"!=typeof URL&&(d.wp=d.wp||{},d.wp.receiveEmbedMessage||(d.wp.receiveEmbedMessage=function(e){var t=e.data;if((t||t.secret||t.message||t.value)&&!\/[^a-zA-Z0-9]\/.test(t.secret)){for(var s,r,n,a=l.querySelectorAll('iframe[data-secret=\"'+t.secret+'\"]'),o=l.querySelectorAll('blockquote[data-secret=\"'+t.secret+'\"]'),c=new RegExp(\"^https?:$\",\"i\"),i=0;i<o.length;i++)o[i].style.display=\"none\";for(i=0;i<a.length;i++)s=a[i],e.source===s.contentWindow&&(s.removeAttribute(\"style\"),\"height\"===t.message?(1e3<(r=parseInt(t.value,10))?r=1e3:~~r<200&&(r=200),s.height=r):\"link\"===t.message&&(r=new URL(s.getAttribute(\"src\")),n=new URL(t.value),c.test(n.protocol))&&n.host===r.host&&l.activeElement===s&&(d.top.location.href=t.value))}},d.addEventListener(\"message\",d.wp.receiveEmbedMessage,!1),l.addEventListener(\"DOMContentLoaded\",function(){for(var e,t,s=l.querySelectorAll(\"iframe.wp-embedded-content\"),r=0;r<s.length;r++)(t=(e=s[r]).getAttribute(\"data-secret\"))||(t=Math.random().toString(36).substring(2,12),e.src+=\"#?secret=\"+t,e.setAttribute(\"data-secret\",t)),e.contentWindow.postMessage({message:\"ready\",secret:t},\"*\")},!1)))}(window,document);\n\/\/# sourceURL=https:\/\/lietuve.lt\/wp-includes\/js\/wp-embed.min.js\n\/* ]]> *\/\n<\/script>\n","thumbnail_url":"https:\/\/lietuve.lt\/wp-content\/uploads\/2016\/11\/265.jpg","thumbnail_width":1024,"thumbnail_height":531,"description":"Jau \u0161\u012f ketvirtadien\u012f LRT televizijos eteryje startuoja dokumentini\u0173 film\u0173 ciklas \u201eMano miestas\u201c, kur\u012f prad\u0117s pa\u017eintis su neseniai 780-ies met\u0173 jubiliej\u0173 at\u0161ventusiais \u0160iauliais. I\u0161 naujo pa\u017einti \u0160iaulius kvies pasaulinio pripa\u017einimo sulauk\u0119s akordeonistas Martynas Levickis, kuris b\u016btent \u0160iauliuose ir prad\u0117jo muzikos mokslus. Visus ciklo filmus vienijanti id\u0117ja yra ta, kad kiekvieno miesto veid\u0105 ir charakter\u012f kuria jo"}