{"version":"1.0","provider_name":"\u017durnalas Lietuv\u0117","provider_url":"https:\/\/lietuve.lt","title":"Masinio tr\u0117mimo auk\u0173 pagerbimas K\u0117dainiuose - \u017durnalas Lietuv\u0117","type":"rich","width":600,"height":338,"html":"<blockquote class=\"wp-embedded-content\" data-secret=\"jLQZWAjZ4j\"><a href=\"https:\/\/lietuve.lt\/masinio-tremimo-auku-pagerbimas-kedainiuose\/\">Masinio tr\u0117mimo auk\u0173 pagerbimas K\u0117dainiuose<\/a><\/blockquote><iframe sandbox=\"allow-scripts\" security=\"restricted\" src=\"https:\/\/lietuve.lt\/masinio-tremimo-auku-pagerbimas-kedainiuose\/embed\/#?secret=jLQZWAjZ4j\" width=\"600\" height=\"338\" title=\"&#8220;Masinio tr\u0117mimo auk\u0173 pagerbimas K\u0117dainiuose&#8221; &#8212; \u017durnalas Lietuv\u0117\" data-secret=\"jLQZWAjZ4j\" frameborder=\"0\" marginwidth=\"0\" marginheight=\"0\" scrolling=\"no\" class=\"wp-embedded-content\"><\/iframe><script type=\"text\/javascript\">\n\/* <![CDATA[ *\/\n\/*! This file is auto-generated *\/\n!function(d,l){\"use strict\";l.querySelector&&d.addEventListener&&\"undefined\"!=typeof URL&&(d.wp=d.wp||{},d.wp.receiveEmbedMessage||(d.wp.receiveEmbedMessage=function(e){var t=e.data;if((t||t.secret||t.message||t.value)&&!\/[^a-zA-Z0-9]\/.test(t.secret)){for(var s,r,n,a=l.querySelectorAll('iframe[data-secret=\"'+t.secret+'\"]'),o=l.querySelectorAll('blockquote[data-secret=\"'+t.secret+'\"]'),c=new RegExp(\"^https?:$\",\"i\"),i=0;i<o.length;i++)o[i].style.display=\"none\";for(i=0;i<a.length;i++)s=a[i],e.source===s.contentWindow&&(s.removeAttribute(\"style\"),\"height\"===t.message?(1e3<(r=parseInt(t.value,10))?r=1e3:~~r<200&&(r=200),s.height=r):\"link\"===t.message&&(r=new URL(s.getAttribute(\"src\")),n=new URL(t.value),c.test(n.protocol))&&n.host===r.host&&l.activeElement===s&&(d.top.location.href=t.value))}},d.addEventListener(\"message\",d.wp.receiveEmbedMessage,!1),l.addEventListener(\"DOMContentLoaded\",function(){for(var e,t,s=l.querySelectorAll(\"iframe.wp-embedded-content\"),r=0;r<s.length;r++)(t=(e=s[r]).getAttribute(\"data-secret\"))||(t=Math.random().toString(36).substring(2,12),e.src+=\"#?secret=\"+t,e.setAttribute(\"data-secret\",t)),e.contentWindow.postMessage({message:\"ready\",secret:t},\"*\")},!1)))}(window,document);\n\/\/# sourceURL=https:\/\/lietuve.lt\/wp-includes\/js\/wp-embed.min.js\n\/* ]]> *\/\n<\/script>\n","description":"Bir\u017eelio 14-\u0105j\u0105 \u2013 Gedulo ir vilties dien\u0105 \u2013 K\u0117daini\u0173 Kauno gatv\u0117s kapin\u0117se, prie simbolinio Tremtinio kry\u017eiaus, \u0161v. Mi\u0161i\u0173 auka, g\u0117l\u0117mis ir \u017evaku\u010di\u0173 liepsnel\u0117mis pagerbtas masinio tr\u0117mimo auk\u0173 atminimas. Gedulo ir vilties dienos renginiuose dalyvavo K\u0117daini\u0173 rajono savivaldyb\u0117s mero pavaduotoja Olga Urbonien\u0117, tarybos nariai, savivaldyb\u0117s administracijos vadovai ir atstovai, \u012fstaig\u0173 ir organizacij\u0173 vadovai, tremtiniai ir politiniai"}