{"version":"1.0","provider_name":"\u017durnalas Lietuv\u0117","provider_url":"https:\/\/lietuve.lt","title":"Med\u017eio dro\u017e\u0117j\u0173 ir kalvi\u0173 pleneras \u201eBaliui Bura\u010dui atminti\u201c - \u017durnalas Lietuv\u0117","type":"rich","width":600,"height":338,"html":"<blockquote class=\"wp-embedded-content\" data-secret=\"tYuGja4Sy6\"><a href=\"https:\/\/lietuve.lt\/medzio-drozeju-ir-kalviu-pleneras-baliui-buracui-atminti\/\">Med\u017eio dro\u017e\u0117j\u0173 ir kalvi\u0173 pleneras \u201eBaliui Bura\u010dui atminti\u201c<\/a><\/blockquote><iframe sandbox=\"allow-scripts\" security=\"restricted\" src=\"https:\/\/lietuve.lt\/medzio-drozeju-ir-kalviu-pleneras-baliui-buracui-atminti\/embed\/#?secret=tYuGja4Sy6\" width=\"600\" height=\"338\" title=\"&#8220;Med\u017eio dro\u017e\u0117j\u0173 ir kalvi\u0173 pleneras \u201eBaliui Bura\u010dui atminti\u201c&#8221; &#8212; \u017durnalas Lietuv\u0117\" data-secret=\"tYuGja4Sy6\" frameborder=\"0\" marginwidth=\"0\" marginheight=\"0\" scrolling=\"no\" class=\"wp-embedded-content\"><\/iframe><script type=\"text\/javascript\">\n\/* <![CDATA[ *\/\n\/*! This file is auto-generated *\/\n!function(d,l){\"use strict\";l.querySelector&&d.addEventListener&&\"undefined\"!=typeof URL&&(d.wp=d.wp||{},d.wp.receiveEmbedMessage||(d.wp.receiveEmbedMessage=function(e){var t=e.data;if((t||t.secret||t.message||t.value)&&!\/[^a-zA-Z0-9]\/.test(t.secret)){for(var s,r,n,a=l.querySelectorAll('iframe[data-secret=\"'+t.secret+'\"]'),o=l.querySelectorAll('blockquote[data-secret=\"'+t.secret+'\"]'),c=new RegExp(\"^https?:$\",\"i\"),i=0;i<o.length;i++)o[i].style.display=\"none\";for(i=0;i<a.length;i++)s=a[i],e.source===s.contentWindow&&(s.removeAttribute(\"style\"),\"height\"===t.message?(1e3<(r=parseInt(t.value,10))?r=1e3:~~r<200&&(r=200),s.height=r):\"link\"===t.message&&(r=new URL(s.getAttribute(\"src\")),n=new URL(t.value),c.test(n.protocol))&&n.host===r.host&&l.activeElement===s&&(d.top.location.href=t.value))}},d.addEventListener(\"message\",d.wp.receiveEmbedMessage,!1),l.addEventListener(\"DOMContentLoaded\",function(){for(var e,t,s=l.querySelectorAll(\"iframe.wp-embedded-content\"),r=0;r<s.length;r++)(t=(e=s[r]).getAttribute(\"data-secret\"))||(t=Math.random().toString(36).substring(2,12),e.src+=\"#?secret=\"+t,e.setAttribute(\"data-secret\",t)),e.contentWindow.postMessage({message:\"ready\",secret:t},\"*\")},!1)))}(window,document);\n\/\/# sourceURL=https:\/\/lietuve.lt\/wp-includes\/js\/wp-embed.min.js\n\/* ]]> *\/\n<\/script>\n","thumbnail_url":"https:\/\/lietuve.lt\/wp-content\/uploads\/2017\/08\/1-4.png","thumbnail_width":724,"thumbnail_height":516,"description":"Radvili\u0161kio mieste med\u017eio dro\u017e\u0117j\u0173 ir kalvi\u0173 pleneras organizuojamas jau penkt\u0105j\u012f kart\u0105. \u0160iais metais organizuojamo projekto tikslas \u2013 pa\u017eym\u0117ti Balio Bura\u010do 120-\u0105sias gimimo metines, priminti dabarties ir ateities kartoms apie Lietuvai nusipelniusio kult\u016bros veik\u0117jo \u2013 \u0161imtme\u010dio kra\u0161totyrininko, Lietuvos kra\u0161totyros bei fotografijos meno draugij\u0173 Garb\u0117s nario, etnografo,\u00a0 \u017eymaus radvili\u0161kie\u010dio B. Bura\u010do \u2013 viso gyvenimo darb\u0105 \u2013 ind\u0117l\u012f"}