{"version":"1.0","provider_name":"\u017durnalas Lietuv\u0117","provider_url":"https:\/\/lietuve.lt","title":"Menininkai ir leid\u0117jai pra\u0161o Seimo nenumarinti lietuvi\u0161kos kult\u016bros - \u017durnalas Lietuv\u0117","type":"rich","width":600,"height":338,"html":"<blockquote class=\"wp-embedded-content\" data-secret=\"dlTJiFBKVo\"><a href=\"https:\/\/lietuve.lt\/menininkai-ir-leidejai-praso-seimo-nenumarinti-lietuviskos-kulturos\/\">Menininkai ir leid\u0117jai pra\u0161o Seimo nenumarinti lietuvi\u0161kos kult\u016bros<\/a><\/blockquote><iframe sandbox=\"allow-scripts\" security=\"restricted\" src=\"https:\/\/lietuve.lt\/menininkai-ir-leidejai-praso-seimo-nenumarinti-lietuviskos-kulturos\/embed\/#?secret=dlTJiFBKVo\" width=\"600\" height=\"338\" title=\"&#8220;Menininkai ir leid\u0117jai pra\u0161o Seimo nenumarinti lietuvi\u0161kos kult\u016bros&#8221; &#8212; \u017durnalas Lietuv\u0117\" data-secret=\"dlTJiFBKVo\" frameborder=\"0\" marginwidth=\"0\" marginheight=\"0\" scrolling=\"no\" class=\"wp-embedded-content\"><\/iframe><script type=\"text\/javascript\">\n\/* <![CDATA[ *\/\n\/*! This file is auto-generated *\/\n!function(d,l){\"use strict\";l.querySelector&&d.addEventListener&&\"undefined\"!=typeof URL&&(d.wp=d.wp||{},d.wp.receiveEmbedMessage||(d.wp.receiveEmbedMessage=function(e){var t=e.data;if((t||t.secret||t.message||t.value)&&!\/[^a-zA-Z0-9]\/.test(t.secret)){for(var s,r,n,a=l.querySelectorAll('iframe[data-secret=\"'+t.secret+'\"]'),o=l.querySelectorAll('blockquote[data-secret=\"'+t.secret+'\"]'),c=new RegExp(\"^https?:$\",\"i\"),i=0;i<o.length;i++)o[i].style.display=\"none\";for(i=0;i<a.length;i++)s=a[i],e.source===s.contentWindow&&(s.removeAttribute(\"style\"),\"height\"===t.message?(1e3<(r=parseInt(t.value,10))?r=1e3:~~r<200&&(r=200),s.height=r):\"link\"===t.message&&(r=new URL(s.getAttribute(\"src\")),n=new URL(t.value),c.test(n.protocol))&&n.host===r.host&&l.activeElement===s&&(d.top.location.href=t.value))}},d.addEventListener(\"message\",d.wp.receiveEmbedMessage,!1),l.addEventListener(\"DOMContentLoaded\",function(){for(var e,t,s=l.querySelectorAll(\"iframe.wp-embedded-content\"),r=0;r<s.length;r++)(t=(e=s[r]).getAttribute(\"data-secret\"))||(t=Math.random().toString(36).substring(2,12),e.src+=\"#?secret=\"+t,e.setAttribute(\"data-secret\",t)),e.contentWindow.postMessage({message:\"ready\",secret:t},\"*\")},!1)))}(window,document);\n\/\/# sourceURL=https:\/\/lietuve.lt\/wp-includes\/js\/wp-embed.min.js\n\/* ]]> *\/\n<\/script>\n","thumbnail_url":"https:\/\/lietuve.lt\/wp-content\/uploads\/2017\/07\/1-13.jpg","thumbnail_width":800,"thumbnail_height":533,"description":"Rytoj Seimo Kult\u016bros komitetas ketina svarstyti savaranki\u0161kai dirban\u010di\u0173 asmen\u0173 socialini\u0173 \u012fmok\u0173 dyd\u017eio tvarkos pakeitimus. Pra\u0117jusi\u0105 savait\u0119 Seimui perdavus \u0161\u012f klausim\u0105 svarstyti Kult\u016bros komitetui, menininkai ragina suma\u017einti nuo \u0161i\u0173 met\u0173 prad\u017eios dvigubai i\u0161augusius \u201eSodros\u201c mokes\u010dius teigdami, kad toks mokes\u010di\u0173 \u0161uolis gali numarinti Lietuvos kult\u016br\u0105. Nuo sausio 1 dienos gyventojams, dirbantiems pagal autorin\u0119 sutart\u012f ir neturintiems darbo"}