{"version":"1.0","provider_name":"\u017durnalas Lietuv\u0117","provider_url":"https:\/\/lietuve.lt","title":"Menininkei Eglei Ridikaitei \u2013 Mero premija ir pripa\u017einimas Vokietijoje - \u017durnalas Lietuv\u0117","type":"rich","width":600,"height":338,"html":"<blockquote class=\"wp-embedded-content\" data-secret=\"djApTfVa3c\"><a href=\"https:\/\/lietuve.lt\/menininkei-eglei-ridikaitei-mero-premija-ir-pripazinimas-vokietijoje\/\">Menininkei Eglei Ridikaitei \u2013 Mero premija ir pripa\u017einimas Vokietijoje<\/a><\/blockquote><iframe sandbox=\"allow-scripts\" security=\"restricted\" src=\"https:\/\/lietuve.lt\/menininkei-eglei-ridikaitei-mero-premija-ir-pripazinimas-vokietijoje\/embed\/#?secret=djApTfVa3c\" width=\"600\" height=\"338\" title=\"&#8220;Menininkei Eglei Ridikaitei \u2013 Mero premija ir pripa\u017einimas Vokietijoje&#8221; &#8212; \u017durnalas Lietuv\u0117\" data-secret=\"djApTfVa3c\" frameborder=\"0\" marginwidth=\"0\" marginheight=\"0\" scrolling=\"no\" class=\"wp-embedded-content\"><\/iframe><script type=\"text\/javascript\">\n\/* <![CDATA[ *\/\n\/*! This file is auto-generated *\/\n!function(d,l){\"use strict\";l.querySelector&&d.addEventListener&&\"undefined\"!=typeof URL&&(d.wp=d.wp||{},d.wp.receiveEmbedMessage||(d.wp.receiveEmbedMessage=function(e){var t=e.data;if((t||t.secret||t.message||t.value)&&!\/[^a-zA-Z0-9]\/.test(t.secret)){for(var s,r,n,a=l.querySelectorAll('iframe[data-secret=\"'+t.secret+'\"]'),o=l.querySelectorAll('blockquote[data-secret=\"'+t.secret+'\"]'),c=new RegExp(\"^https?:$\",\"i\"),i=0;i<o.length;i++)o[i].style.display=\"none\";for(i=0;i<a.length;i++)s=a[i],e.source===s.contentWindow&&(s.removeAttribute(\"style\"),\"height\"===t.message?(1e3<(r=parseInt(t.value,10))?r=1e3:~~r<200&&(r=200),s.height=r):\"link\"===t.message&&(r=new URL(s.getAttribute(\"src\")),n=new URL(t.value),c.test(n.protocol))&&n.host===r.host&&l.activeElement===s&&(d.top.location.href=t.value))}},d.addEventListener(\"message\",d.wp.receiveEmbedMessage,!1),l.addEventListener(\"DOMContentLoaded\",function(){for(var e,t,s=l.querySelectorAll(\"iframe.wp-embedded-content\"),r=0;r<s.length;r++)(t=(e=s[r]).getAttribute(\"data-secret\"))||(t=Math.random().toString(36).substring(2,12),e.src+=\"#?secret=\"+t,e.setAttribute(\"data-secret\",t)),e.contentWindow.postMessage({message:\"ready\",secret:t},\"*\")},!1)))}(window,document);\n\/\/# sourceURL=https:\/\/lietuve.lt\/wp-includes\/js\/wp-embed.min.js\n\/* ]]> *\/\n<\/script>\n","thumbnail_url":"https:\/\/lietuve.lt\/wp-content\/uploads\/2017\/09\/Vyto-Nomado-nuotr.-1.jpg","thumbnail_width":640,"thumbnail_height":427,"description":"Rugs\u0117jo 7\u201310 dienomis vyko antrus metus organizuojamas Vilniaus galerij\u0173 savaitgalis. Jo metu galerija \u201eContour Art Gallery\u201c pasi\u016bl\u0117 galimyb\u0119 ekskursijos \u201eIr v\u0117l kelyje. \u0160\u012f kart\u0105 \u2013 J\u016bs pas mus\u201c metu aplankyti kelet\u0105 galerijos globojam\u0173 menininki\u0173, tarp kuri\u0173 \u2013 Naujojoje Vilnioje kurianti tapytoja Egl\u0117 Ridikait\u0117. Dirbtuv\u0117s \u0161eiminink\u0117 E. Ridikait\u0117 sve\u010diams pristat\u0117 did\u017eiuli\u0173 matmen\u0173 darb\u0105 i\u0161 ciklo \u201eAt\u0117jai,"}