{"version":"1.0","provider_name":"\u017durnalas Lietuv\u0117","provider_url":"https:\/\/lietuve.lt","title":"Menui skirtas savaitgalis: sostin\u0117je prasideda \u201eArtVilnius\u201925\u201c - \u017durnalas Lietuv\u0117","type":"rich","width":600,"height":338,"html":"<blockquote class=\"wp-embedded-content\" data-secret=\"FH7BM3YdhS\"><a href=\"https:\/\/lietuve.lt\/menui-skirtas-savaitgalis-sostineje-prasideda-artvilnius25\/\">Menui skirtas savaitgalis: sostin\u0117je prasideda \u201eArtVilnius\u201925\u201c<\/a><\/blockquote><iframe sandbox=\"allow-scripts\" security=\"restricted\" src=\"https:\/\/lietuve.lt\/menui-skirtas-savaitgalis-sostineje-prasideda-artvilnius25\/embed\/#?secret=FH7BM3YdhS\" width=\"600\" height=\"338\" title=\"&#8220;Menui skirtas savaitgalis: sostin\u0117je prasideda \u201eArtVilnius\u201925\u201c&#8221; &#8212; \u017durnalas Lietuv\u0117\" data-secret=\"FH7BM3YdhS\" frameborder=\"0\" marginwidth=\"0\" marginheight=\"0\" scrolling=\"no\" class=\"wp-embedded-content\"><\/iframe><script type=\"text\/javascript\">\n\/* <![CDATA[ *\/\n\/*! This file is auto-generated *\/\n!function(d,l){\"use strict\";l.querySelector&&d.addEventListener&&\"undefined\"!=typeof URL&&(d.wp=d.wp||{},d.wp.receiveEmbedMessage||(d.wp.receiveEmbedMessage=function(e){var t=e.data;if((t||t.secret||t.message||t.value)&&!\/[^a-zA-Z0-9]\/.test(t.secret)){for(var s,r,n,a=l.querySelectorAll('iframe[data-secret=\"'+t.secret+'\"]'),o=l.querySelectorAll('blockquote[data-secret=\"'+t.secret+'\"]'),c=new RegExp(\"^https?:$\",\"i\"),i=0;i<o.length;i++)o[i].style.display=\"none\";for(i=0;i<a.length;i++)s=a[i],e.source===s.contentWindow&&(s.removeAttribute(\"style\"),\"height\"===t.message?(1e3<(r=parseInt(t.value,10))?r=1e3:~~r<200&&(r=200),s.height=r):\"link\"===t.message&&(r=new URL(s.getAttribute(\"src\")),n=new URL(t.value),c.test(n.protocol))&&n.host===r.host&&l.activeElement===s&&(d.top.location.href=t.value))}},d.addEventListener(\"message\",d.wp.receiveEmbedMessage,!1),l.addEventListener(\"DOMContentLoaded\",function(){for(var e,t,s=l.querySelectorAll(\"iframe.wp-embedded-content\"),r=0;r<s.length;r++)(t=(e=s[r]).getAttribute(\"data-secret\"))||(t=Math.random().toString(36).substring(2,12),e.src+=\"#?secret=\"+t,e.setAttribute(\"data-secret\",t)),e.contentWindow.postMessage({message:\"ready\",secret:t},\"*\")},!1)))}(window,document);\n\/\/# sourceURL=https:\/\/lietuve.lt\/wp-includes\/js\/wp-embed.min.js\n\/* ]]> *\/\n<\/script>\n","thumbnail_url":"https:\/\/lietuve.lt\/wp-content\/uploads\/2025\/10\/Art2.jpg","thumbnail_width":1920,"thumbnail_height":1280,"description":"Lietuvos parod\u0173 ir kongres\u0173 centre \u201eLitexpo\u201c jau vakar kviestiniai sve\u010diai \u2013 menininkai, galerininkai, meno kritikai, menotyrininkai, kolekcininkai, mug\u0117s r\u0117m\u0117jai ir draugai gal\u0117jo ap\u017evelgti, k\u0105 \u0161iais metais meno gerb\u0117jams paruo\u0161\u0117 did\u017eiausia Baltijos \u0161alyse \u0161iuolaikinio meno mug\u0117 \u201eArtVilnius\u201925\u201c."}