{"version":"1.0","provider_name":"\u017durnalas Lietuv\u0117","provider_url":"https:\/\/lietuve.lt","title":"Minint Pasaulin\u0119 fotografijos dien\u0105: kaip j\u0105 pakeit\u0117 i\u0161manieji? - \u017durnalas Lietuv\u0117","type":"rich","width":600,"height":338,"html":"<blockquote class=\"wp-embedded-content\" data-secret=\"8TyEQrcqYr\"><a href=\"https:\/\/lietuve.lt\/minint-pasauline-fotografijos-diena-kaip-ja-pakeite-ismanieji\/\">Minint Pasaulin\u0119 fotografijos dien\u0105: kaip j\u0105 pakeit\u0117 i\u0161manieji?<\/a><\/blockquote><iframe sandbox=\"allow-scripts\" security=\"restricted\" src=\"https:\/\/lietuve.lt\/minint-pasauline-fotografijos-diena-kaip-ja-pakeite-ismanieji\/embed\/#?secret=8TyEQrcqYr\" width=\"600\" height=\"338\" title=\"&#8220;Minint Pasaulin\u0119 fotografijos dien\u0105: kaip j\u0105 pakeit\u0117 i\u0161manieji?&#8221; &#8212; \u017durnalas Lietuv\u0117\" data-secret=\"8TyEQrcqYr\" frameborder=\"0\" marginwidth=\"0\" marginheight=\"0\" scrolling=\"no\" class=\"wp-embedded-content\"><\/iframe><script type=\"text\/javascript\">\n\/* <![CDATA[ *\/\n\/*! This file is auto-generated *\/\n!function(d,l){\"use strict\";l.querySelector&&d.addEventListener&&\"undefined\"!=typeof URL&&(d.wp=d.wp||{},d.wp.receiveEmbedMessage||(d.wp.receiveEmbedMessage=function(e){var t=e.data;if((t||t.secret||t.message||t.value)&&!\/[^a-zA-Z0-9]\/.test(t.secret)){for(var s,r,n,a=l.querySelectorAll('iframe[data-secret=\"'+t.secret+'\"]'),o=l.querySelectorAll('blockquote[data-secret=\"'+t.secret+'\"]'),c=new RegExp(\"^https?:$\",\"i\"),i=0;i<o.length;i++)o[i].style.display=\"none\";for(i=0;i<a.length;i++)s=a[i],e.source===s.contentWindow&&(s.removeAttribute(\"style\"),\"height\"===t.message?(1e3<(r=parseInt(t.value,10))?r=1e3:~~r<200&&(r=200),s.height=r):\"link\"===t.message&&(r=new URL(s.getAttribute(\"src\")),n=new URL(t.value),c.test(n.protocol))&&n.host===r.host&&l.activeElement===s&&(d.top.location.href=t.value))}},d.addEventListener(\"message\",d.wp.receiveEmbedMessage,!1),l.addEventListener(\"DOMContentLoaded\",function(){for(var e,t,s=l.querySelectorAll(\"iframe.wp-embedded-content\"),r=0;r<s.length;r++)(t=(e=s[r]).getAttribute(\"data-secret\"))||(t=Math.random().toString(36).substring(2,12),e.src+=\"#?secret=\"+t,e.setAttribute(\"data-secret\",t)),e.contentWindow.postMessage({message:\"ready\",secret:t},\"*\")},!1)))}(window,document);\n\/\/# sourceURL=https:\/\/lietuve.lt\/wp-includes\/js\/wp-embed.min.js\n\/* ]]> *\/\n<\/script>\n","thumbnail_url":"https:\/\/lietuve.lt\/wp-content\/uploads\/2019\/08\/1-40.jpg","thumbnail_width":960,"thumbnail_height":640,"description":"\u0160iandien, rugpj\u016b\u010dio 19-\u0105j\u0105, minima Pasaulin\u0117 fotografijos diena. XIX am\u017eiuje atsiradusi galimyb\u0117 u\u017efiksuoti akimirk\u0105 dar niekada nebuvo taip da\u017enai i\u0161naudojama kaip \u0161iandien, beveik kiekvienam ki\u0161en\u0117je turint i\u0161man\u0173j\u012f telefon\u0105. \u0160ia proga Arnoldas Luko\u0161ius, telekomunikacij\u0173 bendrov\u0117s ekspertas, dalijasi 5 \u012f\u017evalgomis apie tai, kaip telefonai pakeit\u0117 \u012fprast\u0105 ir i\u0161populiarino mobili\u0105j\u0105 fotografij\u0105. Pirmoji nuotrauka, persi\u0173sta telefonu Nuotrauka telefonu pirm\u0105 kart\u0105"}