{"version":"1.0","provider_name":"\u017durnalas Lietuv\u0117","provider_url":"https:\/\/lietuve.lt","title":"Ministras Pirmininkas kviet\u0117 moksleivius kurti ateities Lietuv\u0105 - \u017durnalas Lietuv\u0117","type":"rich","width":600,"height":338,"html":"<blockquote class=\"wp-embedded-content\" data-secret=\"J0tFhcnvlx\"><a href=\"https:\/\/lietuve.lt\/ministras-pirmininkas-kviete-moksleivius-kurti-ateities-lietuva\/\">Ministras Pirmininkas kviet\u0117 moksleivius kurti ateities Lietuv\u0105<\/a><\/blockquote><iframe sandbox=\"allow-scripts\" security=\"restricted\" src=\"https:\/\/lietuve.lt\/ministras-pirmininkas-kviete-moksleivius-kurti-ateities-lietuva\/embed\/#?secret=J0tFhcnvlx\" width=\"600\" height=\"338\" title=\"&#8220;Ministras Pirmininkas kviet\u0117 moksleivius kurti ateities Lietuv\u0105&#8221; &#8212; \u017durnalas Lietuv\u0117\" data-secret=\"J0tFhcnvlx\" frameborder=\"0\" marginwidth=\"0\" marginheight=\"0\" scrolling=\"no\" class=\"wp-embedded-content\"><\/iframe><script type=\"text\/javascript\">\n\/* <![CDATA[ *\/\n\/*! This file is auto-generated *\/\n!function(d,l){\"use strict\";l.querySelector&&d.addEventListener&&\"undefined\"!=typeof URL&&(d.wp=d.wp||{},d.wp.receiveEmbedMessage||(d.wp.receiveEmbedMessage=function(e){var t=e.data;if((t||t.secret||t.message||t.value)&&!\/[^a-zA-Z0-9]\/.test(t.secret)){for(var s,r,n,a=l.querySelectorAll('iframe[data-secret=\"'+t.secret+'\"]'),o=l.querySelectorAll('blockquote[data-secret=\"'+t.secret+'\"]'),c=new RegExp(\"^https?:$\",\"i\"),i=0;i<o.length;i++)o[i].style.display=\"none\";for(i=0;i<a.length;i++)s=a[i],e.source===s.contentWindow&&(s.removeAttribute(\"style\"),\"height\"===t.message?(1e3<(r=parseInt(t.value,10))?r=1e3:~~r<200&&(r=200),s.height=r):\"link\"===t.message&&(r=new URL(s.getAttribute(\"src\")),n=new URL(t.value),c.test(n.protocol))&&n.host===r.host&&l.activeElement===s&&(d.top.location.href=t.value))}},d.addEventListener(\"message\",d.wp.receiveEmbedMessage,!1),l.addEventListener(\"DOMContentLoaded\",function(){for(var e,t,s=l.querySelectorAll(\"iframe.wp-embedded-content\"),r=0;r<s.length;r++)(t=(e=s[r]).getAttribute(\"data-secret\"))||(t=Math.random().toString(36).substring(2,12),e.src+=\"#?secret=\"+t,e.setAttribute(\"data-secret\",t)),e.contentWindow.postMessage({message:\"ready\",secret:t},\"*\")},!1)))}(window,document);\n\/\/# sourceURL=https:\/\/lietuve.lt\/wp-includes\/js\/wp-embed.min.js\n\/* ]]> *\/\n<\/script>\n","thumbnail_url":"https:\/\/lietuve.lt\/wp-content\/uploads\/2016\/01\/2-61.jpg","thumbnail_width":800,"thumbnail_height":534,"description":"Tre\u010diadien\u012f Lietuvai minint Laisv\u0117s gyn\u0117j\u0173 dien\u0105 ir 25-\u0105sias Sausio 13-osios metines, Vyriausyb\u0117s vadovas Algirdas Butkevi\u010dius Vilniaus Balsi\u0173 progimnazijoje pilietinio ugdymo pamokoje pabendravo ir mintimis pasidalijo su pirmosios tokios mokyklos, pastatytos Vilniuje po Nepriklausomyb\u0117s atk\u016brimo, aukl\u0117tiniais. Ministras Pirmininkas kalb\u0117jo, kad \u0161iandien, min\u0117dami Sausio 13-\u0105j\u0105, m\u016bs\u0173 kovos u\u017e Laisv\u0119 dien\u0105, mintimis gr\u012f\u017etame \u012f tuos laikus. \u201eMes, vyresniosios"}