{"version":"1.0","provider_name":"\u017durnalas Lietuv\u0117","provider_url":"https:\/\/lietuve.lt","title":"Ministro Pirmininko A. Butkevi\u010diaus sveikinimas Valstyb\u0117s dienos proga - \u017durnalas Lietuv\u0117","type":"rich","width":600,"height":338,"html":"<blockquote class=\"wp-embedded-content\" data-secret=\"6c3bfAXFoV\"><a href=\"https:\/\/lietuve.lt\/ministro-pirmininko-a-butkeviciaus-sveikinimas-valstybes-dienos-proga\/\">Ministro Pirmininko A. Butkevi\u010diaus sveikinimas Valstyb\u0117s dienos proga<\/a><\/blockquote><iframe sandbox=\"allow-scripts\" security=\"restricted\" src=\"https:\/\/lietuve.lt\/ministro-pirmininko-a-butkeviciaus-sveikinimas-valstybes-dienos-proga\/embed\/#?secret=6c3bfAXFoV\" width=\"600\" height=\"338\" title=\"&#8220;Ministro Pirmininko A. Butkevi\u010diaus sveikinimas Valstyb\u0117s dienos proga&#8221; &#8212; \u017durnalas Lietuv\u0117\" data-secret=\"6c3bfAXFoV\" frameborder=\"0\" marginwidth=\"0\" marginheight=\"0\" scrolling=\"no\" class=\"wp-embedded-content\"><\/iframe><script type=\"text\/javascript\">\n\/* <![CDATA[ *\/\n\/*! This file is auto-generated *\/\n!function(d,l){\"use strict\";l.querySelector&&d.addEventListener&&\"undefined\"!=typeof URL&&(d.wp=d.wp||{},d.wp.receiveEmbedMessage||(d.wp.receiveEmbedMessage=function(e){var t=e.data;if((t||t.secret||t.message||t.value)&&!\/[^a-zA-Z0-9]\/.test(t.secret)){for(var s,r,n,a=l.querySelectorAll('iframe[data-secret=\"'+t.secret+'\"]'),o=l.querySelectorAll('blockquote[data-secret=\"'+t.secret+'\"]'),c=new RegExp(\"^https?:$\",\"i\"),i=0;i<o.length;i++)o[i].style.display=\"none\";for(i=0;i<a.length;i++)s=a[i],e.source===s.contentWindow&&(s.removeAttribute(\"style\"),\"height\"===t.message?(1e3<(r=parseInt(t.value,10))?r=1e3:~~r<200&&(r=200),s.height=r):\"link\"===t.message&&(r=new URL(s.getAttribute(\"src\")),n=new URL(t.value),c.test(n.protocol))&&n.host===r.host&&l.activeElement===s&&(d.top.location.href=t.value))}},d.addEventListener(\"message\",d.wp.receiveEmbedMessage,!1),l.addEventListener(\"DOMContentLoaded\",function(){for(var e,t,s=l.querySelectorAll(\"iframe.wp-embedded-content\"),r=0;r<s.length;r++)(t=(e=s[r]).getAttribute(\"data-secret\"))||(t=Math.random().toString(36).substring(2,12),e.src+=\"#?secret=\"+t,e.setAttribute(\"data-secret\",t)),e.contentWindow.postMessage({message:\"ready\",secret:t},\"*\")},!1)))}(window,document);\n\/\/# sourceURL=https:\/\/lietuve.lt\/wp-includes\/js\/wp-embed.min.js\n\/* ]]> *\/\n<\/script>\n","thumbnail_url":"https:\/\/lietuve.lt\/wp-content\/uploads\/2015\/07\/17.jpg","thumbnail_width":580,"thumbnail_height":386,"description":"Gerbiamieji Lietuvos \u017emon\u0117s, kiekvien\u0173 met\u0173 liep\u0105 pamin\u0117dami Lietuvos valdovo Mindaugo kar\u016bnavim\u0105, prisimename diding\u0105 ir \u0161loving\u0105 valstyb\u0117s praeit\u012f. Tai diena, kuri i\u0161kiliai \u012fprasmina m\u016bs\u0173 valstybingum\u0105. Ji i\u0161samiai byloja mums apie diding\u0105 istorij\u0105 ir akivaizd\u017eiai liudija, kad i\u0161mintis, vienyb\u0117, tik\u0117jimas visada vainikuojami did\u017eios pergal\u0117s vainiku. Tik mil\u017eini\u0161komis pastangomis anuomet buvo suvienyti Lietuvos \u017emon\u0117s ir sutelktos \u017eem\u0117s. Oriai"}