{"version":"1.0","provider_name":"\u017durnalas Lietuv\u0117","provider_url":"https:\/\/lietuve.lt","title":"Mokytojai pra\u0161o prezident\u0119 stabdyti etatinio mokytoj\u0173 darbo apmok\u0117jimo model\u012f - \u017durnalas Lietuv\u0117","type":"rich","width":600,"height":338,"html":"<blockquote class=\"wp-embedded-content\" data-secret=\"qjkdKn3NGt\"><a href=\"https:\/\/lietuve.lt\/mokytojai-praso-prezidente-stabdyti-etatinio-mokytoju-darbo-apmokejimo-modeli\/\">Mokytojai pra\u0161o prezident\u0119 stabdyti etatinio mokytoj\u0173 darbo apmok\u0117jimo model\u012f<\/a><\/blockquote><iframe sandbox=\"allow-scripts\" security=\"restricted\" src=\"https:\/\/lietuve.lt\/mokytojai-praso-prezidente-stabdyti-etatinio-mokytoju-darbo-apmokejimo-modeli\/embed\/#?secret=qjkdKn3NGt\" width=\"600\" height=\"338\" title=\"&#8220;Mokytojai pra\u0161o prezident\u0119 stabdyti etatinio mokytoj\u0173 darbo apmok\u0117jimo model\u012f&#8221; &#8212; \u017durnalas Lietuv\u0117\" data-secret=\"qjkdKn3NGt\" frameborder=\"0\" marginwidth=\"0\" marginheight=\"0\" scrolling=\"no\" class=\"wp-embedded-content\"><\/iframe><script type=\"text\/javascript\">\n\/* <![CDATA[ *\/\n\/*! This file is auto-generated *\/\n!function(d,l){\"use strict\";l.querySelector&&d.addEventListener&&\"undefined\"!=typeof URL&&(d.wp=d.wp||{},d.wp.receiveEmbedMessage||(d.wp.receiveEmbedMessage=function(e){var t=e.data;if((t||t.secret||t.message||t.value)&&!\/[^a-zA-Z0-9]\/.test(t.secret)){for(var s,r,n,a=l.querySelectorAll('iframe[data-secret=\"'+t.secret+'\"]'),o=l.querySelectorAll('blockquote[data-secret=\"'+t.secret+'\"]'),c=new RegExp(\"^https?:$\",\"i\"),i=0;i<o.length;i++)o[i].style.display=\"none\";for(i=0;i<a.length;i++)s=a[i],e.source===s.contentWindow&&(s.removeAttribute(\"style\"),\"height\"===t.message?(1e3<(r=parseInt(t.value,10))?r=1e3:~~r<200&&(r=200),s.height=r):\"link\"===t.message&&(r=new URL(s.getAttribute(\"src\")),n=new URL(t.value),c.test(n.protocol))&&n.host===r.host&&l.activeElement===s&&(d.top.location.href=t.value))}},d.addEventListener(\"message\",d.wp.receiveEmbedMessage,!1),l.addEventListener(\"DOMContentLoaded\",function(){for(var e,t,s=l.querySelectorAll(\"iframe.wp-embedded-content\"),r=0;r<s.length;r++)(t=(e=s[r]).getAttribute(\"data-secret\"))||(t=Math.random().toString(36).substring(2,12),e.src+=\"#?secret=\"+t,e.setAttribute(\"data-secret\",t)),e.contentWindow.postMessage({message:\"ready\",secret:t},\"*\")},!1)))}(window,document);\n\/\/# sourceURL=https:\/\/lietuve.lt\/wp-includes\/js\/wp-embed.min.js\n\/* ]]> *\/\n<\/script>\n","thumbnail_url":"https:\/\/lietuve.lt\/wp-content\/uploads\/2018\/07\/1-19.jpg","thumbnail_width":960,"thumbnail_height":584,"description":"Lietuvos mokytoj\u0173 s\u0105j\u016bd\u017eio pirminink\u0117, Lietuvos profesin\u0117s s\u0105jungos \u201eSandrauga\u201c profesijos mokytoj\u0173 ir darbuotoj\u0173 profesin\u0117s s\u0105jungos pirminink\u0117 R\u016bta Andriu\u0161kevi\u010dien\u0117 kreip\u0117si \u012f Lietuvos Respublikos Prezident\u0119 Dali\u0105 Grybauskait\u0119 su pra\u0161ymu stabdyti etatin\u012f mokytoj\u0173 darbo apmok\u0117jimo model\u012f, kuris \u012fsigalios nuo 2018 rugs\u0117jo 1-osios dienos. Lietuvos mokytoj\u0173 s\u0105j\u016bd\u017eio pirminink\u0117s ra\u0161te nurodyta, jog etatinis mokytojo darbo apmok\u0117jimo modelis n\u0117ra parengtas iki galo,"}