{"version":"1.0","provider_name":"\u017durnalas Lietuv\u0117","provider_url":"https:\/\/lietuve.lt","title":"Nacionalin\u0117je dail\u0117s galerijoje \u2013 paroda \u201eKaras Ukrainoje. 2022 metai\u201c - \u017durnalas Lietuv\u0117","type":"rich","width":600,"height":338,"html":"<blockquote class=\"wp-embedded-content\" data-secret=\"8VDSWcFodS\"><a href=\"https:\/\/lietuve.lt\/nacionalineje-dailes-galerijoje-paroda-karas-ukrainoje-2022-metai\/\">Nacionalin\u0117je dail\u0117s galerijoje \u2013 paroda \u201eKaras Ukrainoje. 2022 metai\u201c<\/a><\/blockquote><iframe sandbox=\"allow-scripts\" security=\"restricted\" src=\"https:\/\/lietuve.lt\/nacionalineje-dailes-galerijoje-paroda-karas-ukrainoje-2022-metai\/embed\/#?secret=8VDSWcFodS\" width=\"600\" height=\"338\" title=\"&#8220;Nacionalin\u0117je dail\u0117s galerijoje \u2013 paroda \u201eKaras Ukrainoje. 2022 metai\u201c&#8221; &#8212; \u017durnalas Lietuv\u0117\" data-secret=\"8VDSWcFodS\" frameborder=\"0\" marginwidth=\"0\" marginheight=\"0\" scrolling=\"no\" class=\"wp-embedded-content\"><\/iframe><script type=\"text\/javascript\">\n\/* <![CDATA[ *\/\n\/*! This file is auto-generated *\/\n!function(d,l){\"use strict\";l.querySelector&&d.addEventListener&&\"undefined\"!=typeof URL&&(d.wp=d.wp||{},d.wp.receiveEmbedMessage||(d.wp.receiveEmbedMessage=function(e){var t=e.data;if((t||t.secret||t.message||t.value)&&!\/[^a-zA-Z0-9]\/.test(t.secret)){for(var s,r,n,a=l.querySelectorAll('iframe[data-secret=\"'+t.secret+'\"]'),o=l.querySelectorAll('blockquote[data-secret=\"'+t.secret+'\"]'),c=new RegExp(\"^https?:$\",\"i\"),i=0;i<o.length;i++)o[i].style.display=\"none\";for(i=0;i<a.length;i++)s=a[i],e.source===s.contentWindow&&(s.removeAttribute(\"style\"),\"height\"===t.message?(1e3<(r=parseInt(t.value,10))?r=1e3:~~r<200&&(r=200),s.height=r):\"link\"===t.message&&(r=new URL(s.getAttribute(\"src\")),n=new URL(t.value),c.test(n.protocol))&&n.host===r.host&&l.activeElement===s&&(d.top.location.href=t.value))}},d.addEventListener(\"message\",d.wp.receiveEmbedMessage,!1),l.addEventListener(\"DOMContentLoaded\",function(){for(var e,t,s=l.querySelectorAll(\"iframe.wp-embedded-content\"),r=0;r<s.length;r++)(t=(e=s[r]).getAttribute(\"data-secret\"))||(t=Math.random().toString(36).substring(2,12),e.src+=\"#?secret=\"+t,e.setAttribute(\"data-secret\",t)),e.contentWindow.postMessage({message:\"ready\",secret:t},\"*\")},!1)))}(window,document);\n\/\/# sourceURL=https:\/\/lietuve.lt\/wp-includes\/js\/wp-embed.min.js\n\/* ]]> *\/\n<\/script>\n","thumbnail_url":"https:\/\/lietuve.lt\/wp-content\/uploads\/2022\/05\/Prekybos-ir-pramogu-centras-\u201eRetrovilis-po-apsaudymo.-Kyjivas-2022-scaled.jpg","thumbnail_width":1024,"thumbnail_height":678,"description":"Gegu\u017e\u0117s 20 d. 18 val. Nacionalin\u0117je dail\u0117s galerijoje (Konstitucijos pr. 22, Vilnius) visuomenei pristatoma kilnojamoji Ukrainos fotografo Aleksandro Gliadelovo fotografij\u0173 paroda \u201eKaras Ukrainoje. 2022 metai\u201c. Parodos pristatyme dalyvaus Lietuvos nacionalinio dail\u0117s muziejaus direktorius Ar\u016bnas Gel\u016bnas, parodos kuratorius Gintaras \u010cesonis, Lietuvos kariuomen\u0117s vadovyb\u0117s atstovai. \u201eMano nuotraukos negali sustabdyti karo, bet paveikti gali, nes dokumentin\u0117 fotografija yra"}