{"version":"1.0","provider_name":"\u017durnalas Lietuv\u0117","provider_url":"https:\/\/lietuve.lt","title":"Naisiuose \u2013 edukacinis renginys \u201eMano mylimiausias gyv\u016bnas\u201c - \u017durnalas Lietuv\u0117","type":"rich","width":600,"height":338,"html":"<blockquote class=\"wp-embedded-content\" data-secret=\"3IIq0Pxux4\"><a href=\"https:\/\/lietuve.lt\/naisiuose-edukacinis-renginys-mano-mylimiausias-gyvunas\/\">Naisiuose \u2013 edukacinis renginys \u201eMano mylimiausias gyv\u016bnas\u201c<\/a><\/blockquote><iframe sandbox=\"allow-scripts\" security=\"restricted\" src=\"https:\/\/lietuve.lt\/naisiuose-edukacinis-renginys-mano-mylimiausias-gyvunas\/embed\/#?secret=3IIq0Pxux4\" width=\"600\" height=\"338\" title=\"&#8220;Naisiuose \u2013 edukacinis renginys \u201eMano mylimiausias gyv\u016bnas\u201c&#8221; &#8212; \u017durnalas Lietuv\u0117\" data-secret=\"3IIq0Pxux4\" frameborder=\"0\" marginwidth=\"0\" marginheight=\"0\" scrolling=\"no\" class=\"wp-embedded-content\"><\/iframe><script type=\"text\/javascript\">\n\/* <![CDATA[ *\/\n\/*! This file is auto-generated *\/\n!function(d,l){\"use strict\";l.querySelector&&d.addEventListener&&\"undefined\"!=typeof URL&&(d.wp=d.wp||{},d.wp.receiveEmbedMessage||(d.wp.receiveEmbedMessage=function(e){var t=e.data;if((t||t.secret||t.message||t.value)&&!\/[^a-zA-Z0-9]\/.test(t.secret)){for(var s,r,n,a=l.querySelectorAll('iframe[data-secret=\"'+t.secret+'\"]'),o=l.querySelectorAll('blockquote[data-secret=\"'+t.secret+'\"]'),c=new RegExp(\"^https?:$\",\"i\"),i=0;i<o.length;i++)o[i].style.display=\"none\";for(i=0;i<a.length;i++)s=a[i],e.source===s.contentWindow&&(s.removeAttribute(\"style\"),\"height\"===t.message?(1e3<(r=parseInt(t.value,10))?r=1e3:~~r<200&&(r=200),s.height=r):\"link\"===t.message&&(r=new URL(s.getAttribute(\"src\")),n=new URL(t.value),c.test(n.protocol))&&n.host===r.host&&l.activeElement===s&&(d.top.location.href=t.value))}},d.addEventListener(\"message\",d.wp.receiveEmbedMessage,!1),l.addEventListener(\"DOMContentLoaded\",function(){for(var e,t,s=l.querySelectorAll(\"iframe.wp-embedded-content\"),r=0;r<s.length;r++)(t=(e=s[r]).getAttribute(\"data-secret\"))||(t=Math.random().toString(36).substring(2,12),e.src+=\"#?secret=\"+t,e.setAttribute(\"data-secret\",t)),e.contentWindow.postMessage({message:\"ready\",secret:t},\"*\")},!1)))}(window,document);\n\/\/# sourceURL=https:\/\/lietuve.lt\/wp-includes\/js\/wp-embed.min.js\n\/* ]]> *\/\n<\/script>\n","description":"Naisi\u0161kiai jau \u012fprato prie gausyb\u0117s rengini\u0173: penktadienini\u0173 koncert\u0173, t\u016bkstantines \u017emoni\u0173 minias sutraukian\u010dio vasaros festivalio, sen\u0173j\u0173 balt\u0173 tradicij\u0173 \u0161ven\u010di\u0173 ir daugyb\u0117s kit\u0173. O liepos 30 d. \u012f edukacin\u012f rengin\u012f \u201eMano mylimiausias gyv\u016bnas\u201c buvo pakviesti gyventojai su savo ma\u017eaisiais draugais. \u0160io susib\u016brimo iniciator\u0117s ir reng\u0117jos \u2013 \u0160iauli\u0173 rajono kult\u016bros centro Naisi\u0173 filialo direktor\u0117 Danut\u0117 Kazlauskien\u0117 bei \u0160iauli\u0173"}