{"version":"1.0","provider_name":"\u017durnalas Lietuv\u0117","provider_url":"https:\/\/lietuve.lt","title":"Ne\u012ftik\u0117tina koj\u0173 netekusi\u0173 Robertos ir Edvardo meil\u0117s istorija - \u017durnalas Lietuv\u0117","type":"rich","width":600,"height":338,"html":"<blockquote class=\"wp-embedded-content\" data-secret=\"Xmfy0AHxHU\"><a href=\"https:\/\/lietuve.lt\/neitiketina-koju-netekusiu-robertos-ir-edvardo-meiles-istorija\/\">Ne\u012ftik\u0117tina koj\u0173 netekusi\u0173 Robertos ir Edvardo meil\u0117s istorija<\/a><\/blockquote><iframe sandbox=\"allow-scripts\" security=\"restricted\" src=\"https:\/\/lietuve.lt\/neitiketina-koju-netekusiu-robertos-ir-edvardo-meiles-istorija\/embed\/#?secret=Xmfy0AHxHU\" width=\"600\" height=\"338\" title=\"&#8220;Ne\u012ftik\u0117tina koj\u0173 netekusi\u0173 Robertos ir Edvardo meil\u0117s istorija&#8221; &#8212; \u017durnalas Lietuv\u0117\" data-secret=\"Xmfy0AHxHU\" frameborder=\"0\" marginwidth=\"0\" marginheight=\"0\" scrolling=\"no\" class=\"wp-embedded-content\"><\/iframe><script type=\"text\/javascript\">\n\/* <![CDATA[ *\/\n\/*! This file is auto-generated *\/\n!function(d,l){\"use strict\";l.querySelector&&d.addEventListener&&\"undefined\"!=typeof URL&&(d.wp=d.wp||{},d.wp.receiveEmbedMessage||(d.wp.receiveEmbedMessage=function(e){var t=e.data;if((t||t.secret||t.message||t.value)&&!\/[^a-zA-Z0-9]\/.test(t.secret)){for(var s,r,n,a=l.querySelectorAll('iframe[data-secret=\"'+t.secret+'\"]'),o=l.querySelectorAll('blockquote[data-secret=\"'+t.secret+'\"]'),c=new RegExp(\"^https?:$\",\"i\"),i=0;i<o.length;i++)o[i].style.display=\"none\";for(i=0;i<a.length;i++)s=a[i],e.source===s.contentWindow&&(s.removeAttribute(\"style\"),\"height\"===t.message?(1e3<(r=parseInt(t.value,10))?r=1e3:~~r<200&&(r=200),s.height=r):\"link\"===t.message&&(r=new URL(s.getAttribute(\"src\")),n=new URL(t.value),c.test(n.protocol))&&n.host===r.host&&l.activeElement===s&&(d.top.location.href=t.value))}},d.addEventListener(\"message\",d.wp.receiveEmbedMessage,!1),l.addEventListener(\"DOMContentLoaded\",function(){for(var e,t,s=l.querySelectorAll(\"iframe.wp-embedded-content\"),r=0;r<s.length;r++)(t=(e=s[r]).getAttribute(\"data-secret\"))||(t=Math.random().toString(36).substring(2,12),e.src+=\"#?secret=\"+t,e.setAttribute(\"data-secret\",t)),e.contentWindow.postMessage({message:\"ready\",secret:t},\"*\")},!1)))}(window,document);\n\/\/# sourceURL=https:\/\/lietuve.lt\/wp-includes\/js\/wp-embed.min.js\n\/* ]]> *\/\n<\/script>\n","thumbnail_url":"https:\/\/lietuve.lt\/wp-content\/uploads\/2017\/06\/3-19.jpg","thumbnail_width":800,"thumbnail_height":450,"description":"Jei ne prie\u0161 trejus metus \u012fvyk\u0119 nelaimingi atsitikimai, kardinaliai pakeit\u0119 dviej\u0173 jaun\u0173 vilnie\u010di\u0173 gyvenim\u0105, vargu ar jie kada b\u016bt\u0173 susitik\u0119 ir tap\u0119 pora. Beveik tuo pa\u010diu metu, ta\u010diau skirtingose \u0161alyse per \u0161iurpias nelaimes Roberta ir Edvardas neteko koj\u0173. Ta\u010diau skaudi patirtis j\u0173 nesu\u017elugd\u0117, prie\u0161ingai \u2013 sustiprino ir suteik\u0117 galimyb\u0119 ta stiprybe dalytis su kitais. \u201eJeigu"}