{"version":"1.0","provider_name":"\u017durnalas Lietuv\u0117","provider_url":"https:\/\/lietuve.lt","title":"Nijol\u0117 Pareigyt\u0117-Rukaitien\u0117: \u201eNeseniai savo t\u0117vyn\u0119 pamilau dar kart\u0105\u201c - \u017durnalas Lietuv\u0117","type":"rich","width":600,"height":338,"html":"<blockquote class=\"wp-embedded-content\" data-secret=\"OdHIlL6zEW\"><a href=\"https:\/\/lietuve.lt\/nijole-pareigyte-rukaitiene-neseniai-savo-tevyne-pamilau-dar-karta\/\">Nijol\u0117 Pareigyt\u0117-Rukaitien\u0117: \u201eNeseniai savo t\u0117vyn\u0119 pamilau dar kart\u0105\u201c<\/a><\/blockquote><iframe sandbox=\"allow-scripts\" security=\"restricted\" src=\"https:\/\/lietuve.lt\/nijole-pareigyte-rukaitiene-neseniai-savo-tevyne-pamilau-dar-karta\/embed\/#?secret=OdHIlL6zEW\" width=\"600\" height=\"338\" title=\"&#8220;Nijol\u0117 Pareigyt\u0117-Rukaitien\u0117: \u201eNeseniai savo t\u0117vyn\u0119 pamilau dar kart\u0105\u201c&#8221; &#8212; \u017durnalas Lietuv\u0117\" data-secret=\"OdHIlL6zEW\" frameborder=\"0\" marginwidth=\"0\" marginheight=\"0\" scrolling=\"no\" class=\"wp-embedded-content\"><\/iframe><script type=\"text\/javascript\">\n\/* <![CDATA[ *\/\n\/*! This file is auto-generated *\/\n!function(d,l){\"use strict\";l.querySelector&&d.addEventListener&&\"undefined\"!=typeof URL&&(d.wp=d.wp||{},d.wp.receiveEmbedMessage||(d.wp.receiveEmbedMessage=function(e){var t=e.data;if((t||t.secret||t.message||t.value)&&!\/[^a-zA-Z0-9]\/.test(t.secret)){for(var s,r,n,a=l.querySelectorAll('iframe[data-secret=\"'+t.secret+'\"]'),o=l.querySelectorAll('blockquote[data-secret=\"'+t.secret+'\"]'),c=new RegExp(\"^https?:$\",\"i\"),i=0;i<o.length;i++)o[i].style.display=\"none\";for(i=0;i<a.length;i++)s=a[i],e.source===s.contentWindow&&(s.removeAttribute(\"style\"),\"height\"===t.message?(1e3<(r=parseInt(t.value,10))?r=1e3:~~r<200&&(r=200),s.height=r):\"link\"===t.message&&(r=new URL(s.getAttribute(\"src\")),n=new URL(t.value),c.test(n.protocol))&&n.host===r.host&&l.activeElement===s&&(d.top.location.href=t.value))}},d.addEventListener(\"message\",d.wp.receiveEmbedMessage,!1),l.addEventListener(\"DOMContentLoaded\",function(){for(var e,t,s=l.querySelectorAll(\"iframe.wp-embedded-content\"),r=0;r<s.length;r++)(t=(e=s[r]).getAttribute(\"data-secret\"))||(t=Math.random().toString(36).substring(2,12),e.src+=\"#?secret=\"+t,e.setAttribute(\"data-secret\",t)),e.contentWindow.postMessage({message:\"ready\",secret:t},\"*\")},!1)))}(window,document);\n\/\/# sourceURL=https:\/\/lietuve.lt\/wp-includes\/js\/wp-embed.min.js\n\/* ]]> *\/\n<\/script>\n","description":"Ne vien\u0105 pasaulio \u017eemyn\u0105 apkeliavusi, aktyv\u0173 poils\u012f m\u0117gstanti daininink\u0117, televizijos laidos \u201eMes pa\u010dios. Vasara\u201c ved\u0117ja Nijol\u0117 Pareigyt\u0117-Rukaitien\u0117\u00a0\u0161i\u0105 vasar\u0105 \u017eada keliauti po Lietuv\u0105 ir\u00a0gimt\u0105j\u012f kra\u0161t\u0105 atrasti i\u0161 naujo. Apie tai ji pasakos TV3 eteryje nuo liepos 2 dienos \u0161e\u0161tadieniais 9.30 val. \u201eSkamba ne\u012ftik\u0117tinai, ta\u010diau neseniai savo t\u0117vyn\u0119 pamilau dar kart\u0105. Anks\u010diau stengdavausi i\u0161 jos i\u0161tr\u016bkti kuo"}