{"version":"1.0","provider_name":"\u017durnalas Lietuv\u0117","provider_url":"https:\/\/lietuve.lt","title":"NORVEGIJA. Emocij\u0173 kupinos Velyk\u0117l\u0117s Bergeno lituanistin\u0117je mokykloje \u201eAb\u0117c\u0117l\u0117\u201c - \u017durnalas Lietuv\u0117","type":"rich","width":600,"height":338,"html":"<blockquote class=\"wp-embedded-content\" data-secret=\"IDjWnN7aHQ\"><a href=\"https:\/\/lietuve.lt\/norvegija-emociju-kupinos-velykeles-bergeno-lituanistineje-mokykloje-abecele\/\">NORVEGIJA. Emocij\u0173 kupinos Velyk\u0117l\u0117s Bergeno lituanistin\u0117je mokykloje \u201eAb\u0117c\u0117l\u0117\u201c<\/a><\/blockquote><iframe sandbox=\"allow-scripts\" security=\"restricted\" src=\"https:\/\/lietuve.lt\/norvegija-emociju-kupinos-velykeles-bergeno-lituanistineje-mokykloje-abecele\/embed\/#?secret=IDjWnN7aHQ\" width=\"600\" height=\"338\" title=\"&#8220;NORVEGIJA. Emocij\u0173 kupinos Velyk\u0117l\u0117s Bergeno lituanistin\u0117je mokykloje \u201eAb\u0117c\u0117l\u0117\u201c&#8221; &#8212; \u017durnalas Lietuv\u0117\" data-secret=\"IDjWnN7aHQ\" frameborder=\"0\" marginwidth=\"0\" marginheight=\"0\" scrolling=\"no\" class=\"wp-embedded-content\"><\/iframe><script type=\"text\/javascript\">\n\/* <![CDATA[ *\/\n\/*! This file is auto-generated *\/\n!function(d,l){\"use strict\";l.querySelector&&d.addEventListener&&\"undefined\"!=typeof URL&&(d.wp=d.wp||{},d.wp.receiveEmbedMessage||(d.wp.receiveEmbedMessage=function(e){var t=e.data;if((t||t.secret||t.message||t.value)&&!\/[^a-zA-Z0-9]\/.test(t.secret)){for(var s,r,n,a=l.querySelectorAll('iframe[data-secret=\"'+t.secret+'\"]'),o=l.querySelectorAll('blockquote[data-secret=\"'+t.secret+'\"]'),c=new RegExp(\"^https?:$\",\"i\"),i=0;i<o.length;i++)o[i].style.display=\"none\";for(i=0;i<a.length;i++)s=a[i],e.source===s.contentWindow&&(s.removeAttribute(\"style\"),\"height\"===t.message?(1e3<(r=parseInt(t.value,10))?r=1e3:~~r<200&&(r=200),s.height=r):\"link\"===t.message&&(r=new URL(s.getAttribute(\"src\")),n=new URL(t.value),c.test(n.protocol))&&n.host===r.host&&l.activeElement===s&&(d.top.location.href=t.value))}},d.addEventListener(\"message\",d.wp.receiveEmbedMessage,!1),l.addEventListener(\"DOMContentLoaded\",function(){for(var e,t,s=l.querySelectorAll(\"iframe.wp-embedded-content\"),r=0;r<s.length;r++)(t=(e=s[r]).getAttribute(\"data-secret\"))||(t=Math.random().toString(36).substring(2,12),e.src+=\"#?secret=\"+t,e.setAttribute(\"data-secret\",t)),e.contentWindow.postMessage({message:\"ready\",secret:t},\"*\")},!1)))}(window,document);\n\/\/# sourceURL=https:\/\/lietuve.lt\/wp-includes\/js\/wp-embed.min.js\n\/* ]]> *\/\n<\/script>\n","description":"\u201eGeriausi\u0173 ir nuostabiausi\u0173 dalyk\u0173 pasaulyje negalima pamatyti, ta\u010diau jie juntami \u0161irdimi\u201c (Helena Keller)\u00a0\u00a0\u00a0\u00a0 Baland\u017eio 3 d. Bergeno lituanistin\u0117je mokykloje \u201eAb\u0117c\u0117l\u0117\u201c, kaip ir kasmet, vyko Atvelykio \u00a0\u0161vent\u0117, kitaip dar vadinama Velyk\u0117l\u0117mis. \u012e j\u0105 atvyko mokyklos mokiniai, j\u0173 t\u0117veliai, sve\u010diai. Renginys sulauk\u0117 gausi\u0173 ovacij\u0173. Mokytojai Marijai \u00a0Bernotaitei atliekant\u00a0 muzikin\u012f k\u016brin\u012f, \u0161vent\u0119 prad\u0117jo Ki\u0161kis Pi\u0161kis ir vi\u0161tyt\u0117 Kokoko."}