{"version":"1.0","provider_name":"\u017durnalas Lietuv\u0117","provider_url":"https:\/\/lietuve.lt","title":"NORVEGIJA. Osle surengtas Baltijos \u0161ali\u0173 nepriklausomyb\u0117s atk\u016brimo min\u0117jimas  - \u017durnalas Lietuv\u0117","type":"rich","width":600,"height":338,"html":"<blockquote class=\"wp-embedded-content\" data-secret=\"e8xZy3SX3O\"><a href=\"https:\/\/lietuve.lt\/norvegija-osle-surengtas-baltijos-saliu-nepriklausomybes-atkurimo-minejimas\/\">NORVEGIJA. Osle surengtas Baltijos \u0161ali\u0173 nepriklausomyb\u0117s atk\u016brimo min\u0117jimas<\/a><\/blockquote><iframe sandbox=\"allow-scripts\" security=\"restricted\" src=\"https:\/\/lietuve.lt\/norvegija-osle-surengtas-baltijos-saliu-nepriklausomybes-atkurimo-minejimas\/embed\/#?secret=e8xZy3SX3O\" width=\"600\" height=\"338\" title=\"&#8220;NORVEGIJA. Osle surengtas Baltijos \u0161ali\u0173 nepriklausomyb\u0117s atk\u016brimo min\u0117jimas&#8221; &#8212; \u017durnalas Lietuv\u0117\" data-secret=\"e8xZy3SX3O\" frameborder=\"0\" marginwidth=\"0\" marginheight=\"0\" scrolling=\"no\" class=\"wp-embedded-content\"><\/iframe><script type=\"text\/javascript\">\n\/* <![CDATA[ *\/\n\/*! This file is auto-generated *\/\n!function(d,l){\"use strict\";l.querySelector&&d.addEventListener&&\"undefined\"!=typeof URL&&(d.wp=d.wp||{},d.wp.receiveEmbedMessage||(d.wp.receiveEmbedMessage=function(e){var t=e.data;if((t||t.secret||t.message||t.value)&&!\/[^a-zA-Z0-9]\/.test(t.secret)){for(var s,r,n,a=l.querySelectorAll('iframe[data-secret=\"'+t.secret+'\"]'),o=l.querySelectorAll('blockquote[data-secret=\"'+t.secret+'\"]'),c=new RegExp(\"^https?:$\",\"i\"),i=0;i<o.length;i++)o[i].style.display=\"none\";for(i=0;i<a.length;i++)s=a[i],e.source===s.contentWindow&&(s.removeAttribute(\"style\"),\"height\"===t.message?(1e3<(r=parseInt(t.value,10))?r=1e3:~~r<200&&(r=200),s.height=r):\"link\"===t.message&&(r=new URL(s.getAttribute(\"src\")),n=new URL(t.value),c.test(n.protocol))&&n.host===r.host&&l.activeElement===s&&(d.top.location.href=t.value))}},d.addEventListener(\"message\",d.wp.receiveEmbedMessage,!1),l.addEventListener(\"DOMContentLoaded\",function(){for(var e,t,s=l.querySelectorAll(\"iframe.wp-embedded-content\"),r=0;r<s.length;r++)(t=(e=s[r]).getAttribute(\"data-secret\"))||(t=Math.random().toString(36).substring(2,12),e.src+=\"#?secret=\"+t,e.setAttribute(\"data-secret\",t)),e.contentWindow.postMessage({message:\"ready\",secret:t},\"*\")},!1)))}(window,document);\n\/\/# sourceURL=https:\/\/lietuve.lt\/wp-includes\/js\/wp-embed.min.js\n\/* ]]> *\/\n<\/script>\n","thumbnail_url":"https:\/\/lietuve.lt\/wp-content\/uploads\/2016\/08\/visi-\u0161oka.jpg","thumbnail_width":1024,"thumbnail_height":682,"description":"Pra\u0117jus\u012f \u0161e\u0161tadien\u012f, rugpj\u016b\u010dio 20 d., lietuvi\u0173, latvi\u0173 ir est\u0173 bendruomen\u0117s Osle susirinko \u012f \u0161ventin\u012f Baltijos \u0161ali\u0173 \u2013 Lietuvos, Latvijos ir Estijos \u2013 nepriklausomyb\u0117s atk\u016brimo min\u0117jim\u0105. Oslo lietuvi\u0173 bendruomen\u0117s pirminink\u0117 Lina Baltrukonien\u0117 pasakojo, kad \u0161i iniciatyva gim\u0117 bendraujant su Kjelliu Myhre-Jensenu (Kjell Myhre-Jensen) ir Janu Eriku Holstu (Jan Erik Holst). \u0160ie daug patirties ir pa\u017ein\u010di\u0173 turintys"}