{"version":"1.0","provider_name":"\u017durnalas Lietuv\u0117","provider_url":"https:\/\/lietuve.lt","title":"NORVEGIJA. Patirties sklaida Bergeno lituanistin\u0117je mokykloje ,,Ab\u0117c\u0117l\u0117\u201c - \u017durnalas Lietuv\u0117","type":"rich","width":600,"height":338,"html":"<blockquote class=\"wp-embedded-content\" data-secret=\"y0BSHu7YYK\"><a href=\"https:\/\/lietuve.lt\/norvegija-patirties-sklaida-bergeno-lituanistineje-mokykloje-abecele\/\">NORVEGIJA. Patirties sklaida Bergeno lituanistin\u0117je mokykloje ,,Ab\u0117c\u0117l\u0117\u201c<\/a><\/blockquote><iframe sandbox=\"allow-scripts\" security=\"restricted\" src=\"https:\/\/lietuve.lt\/norvegija-patirties-sklaida-bergeno-lituanistineje-mokykloje-abecele\/embed\/#?secret=y0BSHu7YYK\" width=\"600\" height=\"338\" title=\"&#8220;NORVEGIJA. Patirties sklaida Bergeno lituanistin\u0117je mokykloje ,,Ab\u0117c\u0117l\u0117\u201c&#8221; &#8212; \u017durnalas Lietuv\u0117\" data-secret=\"y0BSHu7YYK\" frameborder=\"0\" marginwidth=\"0\" marginheight=\"0\" scrolling=\"no\" class=\"wp-embedded-content\"><\/iframe><script type=\"text\/javascript\">\n\/* <![CDATA[ *\/\n\/*! This file is auto-generated *\/\n!function(d,l){\"use strict\";l.querySelector&&d.addEventListener&&\"undefined\"!=typeof URL&&(d.wp=d.wp||{},d.wp.receiveEmbedMessage||(d.wp.receiveEmbedMessage=function(e){var t=e.data;if((t||t.secret||t.message||t.value)&&!\/[^a-zA-Z0-9]\/.test(t.secret)){for(var s,r,n,a=l.querySelectorAll('iframe[data-secret=\"'+t.secret+'\"]'),o=l.querySelectorAll('blockquote[data-secret=\"'+t.secret+'\"]'),c=new RegExp(\"^https?:$\",\"i\"),i=0;i<o.length;i++)o[i].style.display=\"none\";for(i=0;i<a.length;i++)s=a[i],e.source===s.contentWindow&&(s.removeAttribute(\"style\"),\"height\"===t.message?(1e3<(r=parseInt(t.value,10))?r=1e3:~~r<200&&(r=200),s.height=r):\"link\"===t.message&&(r=new URL(s.getAttribute(\"src\")),n=new URL(t.value),c.test(n.protocol))&&n.host===r.host&&l.activeElement===s&&(d.top.location.href=t.value))}},d.addEventListener(\"message\",d.wp.receiveEmbedMessage,!1),l.addEventListener(\"DOMContentLoaded\",function(){for(var e,t,s=l.querySelectorAll(\"iframe.wp-embedded-content\"),r=0;r<s.length;r++)(t=(e=s[r]).getAttribute(\"data-secret\"))||(t=Math.random().toString(36).substring(2,12),e.src+=\"#?secret=\"+t,e.setAttribute(\"data-secret\",t)),e.contentWindow.postMessage({message:\"ready\",secret:t},\"*\")},!1)))}(window,document);\n\/\/# sourceURL=https:\/\/lietuve.lt\/wp-includes\/js\/wp-embed.min.js\n\/* ]]> *\/\n<\/script>\n","description":"Bergeno lituanistin\u0117je mokykloje ,,Ab\u0117c\u0117l\u0117\u201c rugs\u0117jo 21 d. surengtame seminare \u201eInovacij\u0173 link\u201c dalyvavo Oslo ,,Gintaro\u201c, Opplando ir Hedmarko ,,\u017demynos\u201c, Vestfoldo ,,Gandriuko\u201c lituanistini\u0173 mokykl\u0173 mokytojos. Jos atvyko \u012f seminar\u0105 nor\u0117damos tobul\u0117ti, susipa\u017einti su kolegomis, pabendrauti, pasidalyti patirtimi. Ugdymo ir \u0161vietimo koordinator\u0117 Zita Beliakien\u0117 seminaro dalyviams pristat\u0117 mokyklos ,,Ab\u0117c\u0117l\u0117\u201c ugdymo veiklos organizavimo program\u0105, ugdymo metodik\u0105, ikimokykliniame, prie\u0161mokykliniame, pradiniame"}