{"version":"1.0","provider_name":"\u017durnalas Lietuv\u0117","provider_url":"https:\/\/lietuve.lt","title":"NORVEGIJA. Veikl\u016bs jaunuoliai kuria \u0161viesi\u0105 ateit\u012f sau ir bendruomen\u0117ms - \u017durnalas Lietuv\u0117","type":"rich","width":600,"height":338,"html":"<blockquote class=\"wp-embedded-content\" data-secret=\"SdO1sAPZjt\"><a href=\"https:\/\/lietuve.lt\/norvegija-veiklus-jaunuoliai-kuria-sviesia-ateiti-sau-ir-bendruomenems\/\">NORVEGIJA. Veikl\u016bs jaunuoliai kuria \u0161viesi\u0105 ateit\u012f sau ir bendruomen\u0117ms<\/a><\/blockquote><iframe sandbox=\"allow-scripts\" security=\"restricted\" src=\"https:\/\/lietuve.lt\/norvegija-veiklus-jaunuoliai-kuria-sviesia-ateiti-sau-ir-bendruomenems\/embed\/#?secret=SdO1sAPZjt\" width=\"600\" height=\"338\" title=\"&#8220;NORVEGIJA. Veikl\u016bs jaunuoliai kuria \u0161viesi\u0105 ateit\u012f sau ir bendruomen\u0117ms&#8221; &#8212; \u017durnalas Lietuv\u0117\" data-secret=\"SdO1sAPZjt\" frameborder=\"0\" marginwidth=\"0\" marginheight=\"0\" scrolling=\"no\" class=\"wp-embedded-content\"><\/iframe><script type=\"text\/javascript\">\n\/* <![CDATA[ *\/\n\/*! This file is auto-generated *\/\n!function(d,l){\"use strict\";l.querySelector&&d.addEventListener&&\"undefined\"!=typeof URL&&(d.wp=d.wp||{},d.wp.receiveEmbedMessage||(d.wp.receiveEmbedMessage=function(e){var t=e.data;if((t||t.secret||t.message||t.value)&&!\/[^a-zA-Z0-9]\/.test(t.secret)){for(var s,r,n,a=l.querySelectorAll('iframe[data-secret=\"'+t.secret+'\"]'),o=l.querySelectorAll('blockquote[data-secret=\"'+t.secret+'\"]'),c=new RegExp(\"^https?:$\",\"i\"),i=0;i<o.length;i++)o[i].style.display=\"none\";for(i=0;i<a.length;i++)s=a[i],e.source===s.contentWindow&&(s.removeAttribute(\"style\"),\"height\"===t.message?(1e3<(r=parseInt(t.value,10))?r=1e3:~~r<200&&(r=200),s.height=r):\"link\"===t.message&&(r=new URL(s.getAttribute(\"src\")),n=new URL(t.value),c.test(n.protocol))&&n.host===r.host&&l.activeElement===s&&(d.top.location.href=t.value))}},d.addEventListener(\"message\",d.wp.receiveEmbedMessage,!1),l.addEventListener(\"DOMContentLoaded\",function(){for(var e,t,s=l.querySelectorAll(\"iframe.wp-embedded-content\"),r=0;r<s.length;r++)(t=(e=s[r]).getAttribute(\"data-secret\"))||(t=Math.random().toString(36).substring(2,12),e.src+=\"#?secret=\"+t,e.setAttribute(\"data-secret\",t)),e.contentWindow.postMessage({message:\"ready\",secret:t},\"*\")},!1)))}(window,document);\n\/\/# sourceURL=https:\/\/lietuve.lt\/wp-includes\/js\/wp-embed.min.js\n\/* ]]> *\/\n<\/script>\n","description":"Bergeno lietuvi\u0173 bendruomen\u0117s Jaunimo lyga kviet\u0117 i\u0161eivi\u0173 jaunim\u0105 kartu pamin\u0117ti Sausio 13-\u0105j\u0105. Renginio metu jaunuoliai susidom\u0117j\u0119 liejo \u017evakes ir gal\u0117jo dekoruodami jas trispalv\u0117s spalvomis, tautine simbolika i\u0161reik\u0161ti savo pad\u0117k\u0105 ir pagarb\u0105 T\u0117vyn\u0117s gyn\u0117jams. Renginio dalyviai, prisimindami Laisv\u0117s gyn\u0117j\u0173 dienos min\u0117jimus Lietuvos mokyklose, d\u017eiaug\u0117si gal\u0117dami \u0161i\u0105 tradicij\u0105 t\u0119sti ir gyvendami u\u017e t\u0117vyn\u0117s rib\u0173. Siekdami ugdyti jaunuoli\u0173"}