{"version":"1.0","provider_name":"\u017durnalas Lietuv\u0117","provider_url":"https:\/\/lietuve.lt","title":"Norvegijos mokytojai lituanistai vienijasi \u012f \u0160vietimo taryb\u0105 - \u017durnalas Lietuv\u0117","type":"rich","width":600,"height":338,"html":"<blockquote class=\"wp-embedded-content\" data-secret=\"JG0N9c4oq5\"><a href=\"https:\/\/lietuve.lt\/norvegijos-mokytojai-lituanistai-vienijasi-i-svietimo-taryba\/\">Norvegijos mokytojai lituanistai vienijasi \u012f \u0160vietimo taryb\u0105<\/a><\/blockquote><iframe sandbox=\"allow-scripts\" security=\"restricted\" src=\"https:\/\/lietuve.lt\/norvegijos-mokytojai-lituanistai-vienijasi-i-svietimo-taryba\/embed\/#?secret=JG0N9c4oq5\" width=\"600\" height=\"338\" title=\"&#8220;Norvegijos mokytojai lituanistai vienijasi \u012f \u0160vietimo taryb\u0105&#8221; &#8212; \u017durnalas Lietuv\u0117\" data-secret=\"JG0N9c4oq5\" frameborder=\"0\" marginwidth=\"0\" marginheight=\"0\" scrolling=\"no\" class=\"wp-embedded-content\"><\/iframe><script type=\"text\/javascript\">\n\/* <![CDATA[ *\/\n\/*! This file is auto-generated *\/\n!function(d,l){\"use strict\";l.querySelector&&d.addEventListener&&\"undefined\"!=typeof URL&&(d.wp=d.wp||{},d.wp.receiveEmbedMessage||(d.wp.receiveEmbedMessage=function(e){var t=e.data;if((t||t.secret||t.message||t.value)&&!\/[^a-zA-Z0-9]\/.test(t.secret)){for(var s,r,n,a=l.querySelectorAll('iframe[data-secret=\"'+t.secret+'\"]'),o=l.querySelectorAll('blockquote[data-secret=\"'+t.secret+'\"]'),c=new RegExp(\"^https?:$\",\"i\"),i=0;i<o.length;i++)o[i].style.display=\"none\";for(i=0;i<a.length;i++)s=a[i],e.source===s.contentWindow&&(s.removeAttribute(\"style\"),\"height\"===t.message?(1e3<(r=parseInt(t.value,10))?r=1e3:~~r<200&&(r=200),s.height=r):\"link\"===t.message&&(r=new URL(s.getAttribute(\"src\")),n=new URL(t.value),c.test(n.protocol))&&n.host===r.host&&l.activeElement===s&&(d.top.location.href=t.value))}},d.addEventListener(\"message\",d.wp.receiveEmbedMessage,!1),l.addEventListener(\"DOMContentLoaded\",function(){for(var e,t,s=l.querySelectorAll(\"iframe.wp-embedded-content\"),r=0;r<s.length;r++)(t=(e=s[r]).getAttribute(\"data-secret\"))||(t=Math.random().toString(36).substring(2,12),e.src+=\"#?secret=\"+t,e.setAttribute(\"data-secret\",t)),e.contentWindow.postMessage({message:\"ready\",secret:t},\"*\")},!1)))}(window,document);\n\/\/# sourceURL=https:\/\/lietuve.lt\/wp-includes\/js\/wp-embed.min.js\n\/* ]]> *\/\n<\/script>\n","thumbnail_url":"https:\/\/lietuve.lt\/wp-content\/uploads\/2016\/05\/103.jpg","thumbnail_width":800,"thumbnail_height":410,"description":"Paskutinis baland\u017eio savaitgalis buvo itin turiningas ir intensyvus Norvegijos lietuvi\u0173 bendruomenei. Lietuvos ambasadoje Osle \u0161e\u0161tadien\u012f vyko pirmasis Norvegijos lituanistini\u0173 mokykl\u0173 mokytoj\u0173 suva\u017eiavimas, kurio iniciator\u0117 buvo LR ambasada Osle ir Oslo lituanistin\u0117s mokyklos \u201eGintaras\u201c vadov\u0117 Jolanta Markevi\u010dien\u0117. Jame dalyvavo garb\u016bs sve\u010diai i\u0161 Lietuvos \u2013 tai Lietuvos Respublikos \u0161vietimo ir mokslo ministr\u0117 Audron\u0117 Pitr\u0117nien\u0117, \u0160vietimo ir mokslo"}