{"version":"1.0","provider_name":"\u017durnalas Lietuv\u0117","provider_url":"https:\/\/lietuve.lt","title":"Pad\u0117kos dienos parade \u010cikagoje dalyvaus ir lietuviai - \u017durnalas Lietuv\u0117","type":"rich","width":600,"height":338,"html":"<blockquote class=\"wp-embedded-content\" data-secret=\"2lrE5Vxib2\"><a href=\"https:\/\/lietuve.lt\/padekos-dienos-parade-cikagoje-dalyvaus-ir-lietuviai\/\">Pad\u0117kos dienos parade \u010cikagoje dalyvaus ir lietuviai<\/a><\/blockquote><iframe sandbox=\"allow-scripts\" security=\"restricted\" src=\"https:\/\/lietuve.lt\/padekos-dienos-parade-cikagoje-dalyvaus-ir-lietuviai\/embed\/#?secret=2lrE5Vxib2\" width=\"600\" height=\"338\" title=\"&#8220;Pad\u0117kos dienos parade \u010cikagoje dalyvaus ir lietuviai&#8221; &#8212; \u017durnalas Lietuv\u0117\" data-secret=\"2lrE5Vxib2\" frameborder=\"0\" marginwidth=\"0\" marginheight=\"0\" scrolling=\"no\" class=\"wp-embedded-content\"><\/iframe><script type=\"text\/javascript\">\n\/* <![CDATA[ *\/\n\/*! This file is auto-generated *\/\n!function(d,l){\"use strict\";l.querySelector&&d.addEventListener&&\"undefined\"!=typeof URL&&(d.wp=d.wp||{},d.wp.receiveEmbedMessage||(d.wp.receiveEmbedMessage=function(e){var t=e.data;if((t||t.secret||t.message||t.value)&&!\/[^a-zA-Z0-9]\/.test(t.secret)){for(var s,r,n,a=l.querySelectorAll('iframe[data-secret=\"'+t.secret+'\"]'),o=l.querySelectorAll('blockquote[data-secret=\"'+t.secret+'\"]'),c=new RegExp(\"^https?:$\",\"i\"),i=0;i<o.length;i++)o[i].style.display=\"none\";for(i=0;i<a.length;i++)s=a[i],e.source===s.contentWindow&&(s.removeAttribute(\"style\"),\"height\"===t.message?(1e3<(r=parseInt(t.value,10))?r=1e3:~~r<200&&(r=200),s.height=r):\"link\"===t.message&&(r=new URL(s.getAttribute(\"src\")),n=new URL(t.value),c.test(n.protocol))&&n.host===r.host&&l.activeElement===s&&(d.top.location.href=t.value))}},d.addEventListener(\"message\",d.wp.receiveEmbedMessage,!1),l.addEventListener(\"DOMContentLoaded\",function(){for(var e,t,s=l.querySelectorAll(\"iframe.wp-embedded-content\"),r=0;r<s.length;r++)(t=(e=s[r]).getAttribute(\"data-secret\"))||(t=Math.random().toString(36).substring(2,12),e.src+=\"#?secret=\"+t,e.setAttribute(\"data-secret\",t)),e.contentWindow.postMessage({message:\"ready\",secret:t},\"*\")},!1)))}(window,document);\n\/\/# sourceURL=https:\/\/lietuve.lt\/wp-includes\/js\/wp-embed.min.js\n\/* ]]> *\/\n<\/script>\n","description":"\u0160i\u0173 met\u0173 lapkri\u010dio 26 d., ketvirtadien\u012f, tradiciniame Pad\u0117kos dienos parade \u010cikagoje dalyvaus ir lietuvi\u0173 grup\u0117. Tautini\u0173 \u0161oki\u0173 kolektyvo \u201eSuktinis\u201c vadov\u0117 Giedr\u0117 Elek\u0161yt\u0117-Knie\u017ea sub\u016br\u0117 \u010cikagos lietuvi\u0173 grup\u0119, kuri pasipuo\u0161usi tautiniais kostiumais, ne\u0161ina dviem didel\u0117mis \u201edziedulio\u201c ir \u201ebobul\u0117s\u201c l\u0117l\u0117mis, skambant lietuvi\u0161kai muzikai \u0161okio \u017eingsniu pasirodys viename did\u017eiausi\u0173 ir seniausi\u0173 miesto rengini\u0173. Lietuvos atstov\u0173 dalyvavim\u0105 parade remia LR"}