{"version":"1.0","provider_name":"\u017durnalas Lietuv\u0117","provider_url":"https:\/\/lietuve.lt","title":"Pager\u0117s r\u0117mimo ir skatinimo s\u0105lygos u\u017esienio lituanistini\u0173 mokykl\u0173 mokytojams - \u017durnalas Lietuv\u0117","type":"rich","width":600,"height":338,"html":"<blockquote class=\"wp-embedded-content\" data-secret=\"Qad8oJKh6d\"><a href=\"https:\/\/lietuve.lt\/pageres-remimo-ir-skatinimo-salygos-uzsienio-lituanistiniu-mokyklu-mokytojams\/\">Pager\u0117s r\u0117mimo ir skatinimo s\u0105lygos u\u017esienio lituanistini\u0173 mokykl\u0173 mokytojams<\/a><\/blockquote><iframe sandbox=\"allow-scripts\" security=\"restricted\" src=\"https:\/\/lietuve.lt\/pageres-remimo-ir-skatinimo-salygos-uzsienio-lituanistiniu-mokyklu-mokytojams\/embed\/#?secret=Qad8oJKh6d\" width=\"600\" height=\"338\" title=\"&#8220;Pager\u0117s r\u0117mimo ir skatinimo s\u0105lygos u\u017esienio lituanistini\u0173 mokykl\u0173 mokytojams&#8221; &#8212; \u017durnalas Lietuv\u0117\" data-secret=\"Qad8oJKh6d\" frameborder=\"0\" marginwidth=\"0\" marginheight=\"0\" scrolling=\"no\" class=\"wp-embedded-content\"><\/iframe><script type=\"text\/javascript\">\n\/* <![CDATA[ *\/\n\/*! This file is auto-generated *\/\n!function(d,l){\"use strict\";l.querySelector&&d.addEventListener&&\"undefined\"!=typeof URL&&(d.wp=d.wp||{},d.wp.receiveEmbedMessage||(d.wp.receiveEmbedMessage=function(e){var t=e.data;if((t||t.secret||t.message||t.value)&&!\/[^a-zA-Z0-9]\/.test(t.secret)){for(var s,r,n,a=l.querySelectorAll('iframe[data-secret=\"'+t.secret+'\"]'),o=l.querySelectorAll('blockquote[data-secret=\"'+t.secret+'\"]'),c=new RegExp(\"^https?:$\",\"i\"),i=0;i<o.length;i++)o[i].style.display=\"none\";for(i=0;i<a.length;i++)s=a[i],e.source===s.contentWindow&&(s.removeAttribute(\"style\"),\"height\"===t.message?(1e3<(r=parseInt(t.value,10))?r=1e3:~~r<200&&(r=200),s.height=r):\"link\"===t.message&&(r=new URL(s.getAttribute(\"src\")),n=new URL(t.value),c.test(n.protocol))&&n.host===r.host&&l.activeElement===s&&(d.top.location.href=t.value))}},d.addEventListener(\"message\",d.wp.receiveEmbedMessage,!1),l.addEventListener(\"DOMContentLoaded\",function(){for(var e,t,s=l.querySelectorAll(\"iframe.wp-embedded-content\"),r=0;r<s.length;r++)(t=(e=s[r]).getAttribute(\"data-secret\"))||(t=Math.random().toString(36).substring(2,12),e.src+=\"#?secret=\"+t,e.setAttribute(\"data-secret\",t)),e.contentWindow.postMessage({message:\"ready\",secret:t},\"*\")},!1)))}(window,document);\n\/\/# sourceURL=https:\/\/lietuve.lt\/wp-includes\/js\/wp-embed.min.js\n\/* ]]> *\/\n<\/script>\n","thumbnail_url":"https:\/\/lietuve.lt\/wp-content\/uploads\/2016\/11\/1159.jpg","thumbnail_width":800,"thumbnail_height":600,"description":"Gerinamos r\u0117mimo ir skatinimo s\u0105lygos u\u017esienio lituanistini\u0173 mokykl\u0173, ypa\u010d esan\u010di\u0173 etnin\u0117se lietuvi\u0173 \u017eem\u0117se ir lietuvi\u0173 tremties vietose, mokytojams. Numatomos galimyb\u0117s \u0161iems mokytojams skirti kompensacijas per vaik\u0173 atostogas, paskatinti mokytojus pinigin\u0117mis premijomis u\u017e darbo sta\u017e\u0105 bei lituanistinio \u0161vietimo srities laim\u0117jimus. Taip pat numatyta \u012fsteigti lituanistinio \u0161vietimo mokytojo (d\u0117stytojo) premij\u0105, kuri\u0105 kasmet skirs \u0161vietimo ir mokslo ministras."}