{"version":"1.0","provider_name":"\u017durnalas Lietuv\u0117","provider_url":"https:\/\/lietuve.lt","title":"Palang\u0105 papuo\u0161 Kal\u0117d\u0173 egl\u0117, kokios Lietuva dar nemat\u0117 - \u017durnalas Lietuv\u0117","type":"rich","width":600,"height":338,"html":"<blockquote class=\"wp-embedded-content\" data-secret=\"MYe1kJeE1a\"><a href=\"https:\/\/lietuve.lt\/palanga-papuos-kaledu-egle-kokios-lietuva-dar-nemate\/\">Palang\u0105 papuo\u0161 Kal\u0117d\u0173 egl\u0117, kokios Lietuva dar nemat\u0117<\/a><\/blockquote><iframe sandbox=\"allow-scripts\" security=\"restricted\" src=\"https:\/\/lietuve.lt\/palanga-papuos-kaledu-egle-kokios-lietuva-dar-nemate\/embed\/#?secret=MYe1kJeE1a\" width=\"600\" height=\"338\" title=\"&#8220;Palang\u0105 papuo\u0161 Kal\u0117d\u0173 egl\u0117, kokios Lietuva dar nemat\u0117&#8221; &#8212; \u017durnalas Lietuv\u0117\" data-secret=\"MYe1kJeE1a\" frameborder=\"0\" marginwidth=\"0\" marginheight=\"0\" scrolling=\"no\" class=\"wp-embedded-content\"><\/iframe><script type=\"text\/javascript\">\n\/* <![CDATA[ *\/\n\/*! This file is auto-generated *\/\n!function(d,l){\"use strict\";l.querySelector&&d.addEventListener&&\"undefined\"!=typeof URL&&(d.wp=d.wp||{},d.wp.receiveEmbedMessage||(d.wp.receiveEmbedMessage=function(e){var t=e.data;if((t||t.secret||t.message||t.value)&&!\/[^a-zA-Z0-9]\/.test(t.secret)){for(var s,r,n,a=l.querySelectorAll('iframe[data-secret=\"'+t.secret+'\"]'),o=l.querySelectorAll('blockquote[data-secret=\"'+t.secret+'\"]'),c=new RegExp(\"^https?:$\",\"i\"),i=0;i<o.length;i++)o[i].style.display=\"none\";for(i=0;i<a.length;i++)s=a[i],e.source===s.contentWindow&&(s.removeAttribute(\"style\"),\"height\"===t.message?(1e3<(r=parseInt(t.value,10))?r=1e3:~~r<200&&(r=200),s.height=r):\"link\"===t.message&&(r=new URL(s.getAttribute(\"src\")),n=new URL(t.value),c.test(n.protocol))&&n.host===r.host&&l.activeElement===s&&(d.top.location.href=t.value))}},d.addEventListener(\"message\",d.wp.receiveEmbedMessage,!1),l.addEventListener(\"DOMContentLoaded\",function(){for(var e,t,s=l.querySelectorAll(\"iframe.wp-embedded-content\"),r=0;r<s.length;r++)(t=(e=s[r]).getAttribute(\"data-secret\"))||(t=Math.random().toString(36).substring(2,12),e.src+=\"#?secret=\"+t,e.setAttribute(\"data-secret\",t)),e.contentWindow.postMessage({message:\"ready\",secret:t},\"*\")},!1)))}(window,document);\n\/\/# sourceURL=https:\/\/lietuve.lt\/wp-includes\/js\/wp-embed.min.js\n\/* ]]> *\/\n<\/script>\n","thumbnail_url":"https:\/\/lietuve.lt\/wp-content\/uploads\/2016\/11\/Olgos-Kadler-nuotrauka.jpg","thumbnail_width":800,"thumbnail_height":577,"description":"Palanga jau netrukus nu\u0161vis kal\u0117din\u0117mis spalvomis ir pakvies ne tik palangi\u0161kius, bet ir kurorto sve\u010dius pasim\u0117gauti vis\u0105 m\u0117nes\u012f truksian\u010dio rengini\u0173 ciklo \u201eKal\u0117d\u0173 \u0161viesos miestas\u201c renginiais, skirtais visai \u0161eimai. Pagrindiniu \u0161ventiniu akcentu neabejotinai taps i\u0161skirtin\u0117, Lietuvoje dar nematyta miesto Kal\u0117d\u0173 egl\u0117. Palangos gatv\u0117s jau padabintos\u00a0 \u0161ventin\u0117mis dekoracijomis, tad gruod\u017eio 3-i\u0105j\u0105, kai bus \u012f\u017eiebta miesto egl\u0117, kurorte"}