{"version":"1.0","provider_name":"\u017durnalas Lietuv\u0117","provider_url":"https:\/\/lietuve.lt","title":"Paroda, skirta jubiliejinei Lietuvos dain\u0173 \u0161ventei \u201e\u010cia \u2013 mano namai\u201c - \u017durnalas Lietuv\u0117","type":"rich","width":600,"height":338,"html":"<blockquote class=\"wp-embedded-content\" data-secret=\"u3IowAOy4C\"><a href=\"https:\/\/lietuve.lt\/paroda-skirta-jubiliejinei-lietuvos-dainu-sventei-cia-mano-namai\/\">Paroda, skirta jubiliejinei Lietuvos dain\u0173 \u0161ventei \u201e\u010cia \u2013 mano namai\u201c<\/a><\/blockquote><iframe sandbox=\"allow-scripts\" security=\"restricted\" src=\"https:\/\/lietuve.lt\/paroda-skirta-jubiliejinei-lietuvos-dainu-sventei-cia-mano-namai\/embed\/#?secret=u3IowAOy4C\" width=\"600\" height=\"338\" title=\"&#8220;Paroda, skirta jubiliejinei Lietuvos dain\u0173 \u0161ventei \u201e\u010cia \u2013 mano namai\u201c&#8221; &#8212; \u017durnalas Lietuv\u0117\" data-secret=\"u3IowAOy4C\" frameborder=\"0\" marginwidth=\"0\" marginheight=\"0\" scrolling=\"no\" class=\"wp-embedded-content\"><\/iframe><script type=\"text\/javascript\">\n\/* <![CDATA[ *\/\n\/*! This file is auto-generated *\/\n!function(d,l){\"use strict\";l.querySelector&&d.addEventListener&&\"undefined\"!=typeof URL&&(d.wp=d.wp||{},d.wp.receiveEmbedMessage||(d.wp.receiveEmbedMessage=function(e){var t=e.data;if((t||t.secret||t.message||t.value)&&!\/[^a-zA-Z0-9]\/.test(t.secret)){for(var s,r,n,a=l.querySelectorAll('iframe[data-secret=\"'+t.secret+'\"]'),o=l.querySelectorAll('blockquote[data-secret=\"'+t.secret+'\"]'),c=new RegExp(\"^https?:$\",\"i\"),i=0;i<o.length;i++)o[i].style.display=\"none\";for(i=0;i<a.length;i++)s=a[i],e.source===s.contentWindow&&(s.removeAttribute(\"style\"),\"height\"===t.message?(1e3<(r=parseInt(t.value,10))?r=1e3:~~r<200&&(r=200),s.height=r):\"link\"===t.message&&(r=new URL(s.getAttribute(\"src\")),n=new URL(t.value),c.test(n.protocol))&&n.host===r.host&&l.activeElement===s&&(d.top.location.href=t.value))}},d.addEventListener(\"message\",d.wp.receiveEmbedMessage,!1),l.addEventListener(\"DOMContentLoaded\",function(){for(var e,t,s=l.querySelectorAll(\"iframe.wp-embedded-content\"),r=0;r<s.length;r++)(t=(e=s[r]).getAttribute(\"data-secret\"))||(t=Math.random().toString(36).substring(2,12),e.src+=\"#?secret=\"+t,e.setAttribute(\"data-secret\",t)),e.contentWindow.postMessage({message:\"ready\",secret:t},\"*\")},!1)))}(window,document);\n\/\/# sourceURL=https:\/\/lietuve.lt\/wp-includes\/js\/wp-embed.min.js\n\/* ]]> *\/\n<\/script>\n","description":"Baland\u017eio 22 d. (tre\u010diadien\u012f) 17.30 val. Lietuvos nacionalin\u0117s UNESCO komisijos galerijoje (\u0160v. Jono g. 11, Vilnius) bus atidaryta paroda, skirta jubiliejinei Lietuvos dain\u0173 \u0161ventei \u201e\u010cia \u2013 mano namai\u201c. Renginyje dalyvaus Lietuvos nacionalin\u0117s UNESCO komisijos generalin\u0117 sekretor\u0117 Marija Dr\u0117mait\u0117, Lietuvos liaudies kult\u016bros centro ir Dain\u0173 \u0161vent\u0117s direktorius Saulius Liausa, Lietuvos centrinio valstyb\u0117s archyvo direktorius Dalius \u017di\u017eys,"}