{"version":"1.0","provider_name":"\u017durnalas Lietuv\u0117","provider_url":"https:\/\/lietuve.lt","title":"Pas Kyvi\u0161ki\u0173 kaimo vaikus Kal\u0117d\u0173 Senelis nusileido i\u0161 dangaus  - \u017durnalas Lietuv\u0117","type":"rich","width":600,"height":338,"html":"<blockquote class=\"wp-embedded-content\" data-secret=\"h80itX0DSe\"><a href=\"https:\/\/lietuve.lt\/pas-kyviskiu-kaimo-vaikus-kaledu-senelis-nusileido-is-dangaus\/\">Pas Kyvi\u0161ki\u0173 kaimo vaikus Kal\u0117d\u0173 Senelis nusileido i\u0161 dangaus<\/a><\/blockquote><iframe sandbox=\"allow-scripts\" security=\"restricted\" src=\"https:\/\/lietuve.lt\/pas-kyviskiu-kaimo-vaikus-kaledu-senelis-nusileido-is-dangaus\/embed\/#?secret=h80itX0DSe\" width=\"600\" height=\"338\" title=\"&#8220;Pas Kyvi\u0161ki\u0173 kaimo vaikus Kal\u0117d\u0173 Senelis nusileido i\u0161 dangaus&#8221; &#8212; \u017durnalas Lietuv\u0117\" data-secret=\"h80itX0DSe\" frameborder=\"0\" marginwidth=\"0\" marginheight=\"0\" scrolling=\"no\" class=\"wp-embedded-content\"><\/iframe><script type=\"text\/javascript\">\n\/* <![CDATA[ *\/\n\/*! This file is auto-generated *\/\n!function(d,l){\"use strict\";l.querySelector&&d.addEventListener&&\"undefined\"!=typeof URL&&(d.wp=d.wp||{},d.wp.receiveEmbedMessage||(d.wp.receiveEmbedMessage=function(e){var t=e.data;if((t||t.secret||t.message||t.value)&&!\/[^a-zA-Z0-9]\/.test(t.secret)){for(var s,r,n,a=l.querySelectorAll('iframe[data-secret=\"'+t.secret+'\"]'),o=l.querySelectorAll('blockquote[data-secret=\"'+t.secret+'\"]'),c=new RegExp(\"^https?:$\",\"i\"),i=0;i<o.length;i++)o[i].style.display=\"none\";for(i=0;i<a.length;i++)s=a[i],e.source===s.contentWindow&&(s.removeAttribute(\"style\"),\"height\"===t.message?(1e3<(r=parseInt(t.value,10))?r=1e3:~~r<200&&(r=200),s.height=r):\"link\"===t.message&&(r=new URL(s.getAttribute(\"src\")),n=new URL(t.value),c.test(n.protocol))&&n.host===r.host&&l.activeElement===s&&(d.top.location.href=t.value))}},d.addEventListener(\"message\",d.wp.receiveEmbedMessage,!1),l.addEventListener(\"DOMContentLoaded\",function(){for(var e,t,s=l.querySelectorAll(\"iframe.wp-embedded-content\"),r=0;r<s.length;r++)(t=(e=s[r]).getAttribute(\"data-secret\"))||(t=Math.random().toString(36).substring(2,12),e.src+=\"#?secret=\"+t,e.setAttribute(\"data-secret\",t)),e.contentWindow.postMessage({message:\"ready\",secret:t},\"*\")},!1)))}(window,document);\n\/\/# sourceURL=https:\/\/lietuve.lt\/wp-includes\/js\/wp-embed.min.js\n\/* ]]> *\/\n<\/script>\n","description":"\u201eKyvijos\u201c bendruomen\u0117, vienijanti Kyvi\u0161ki\u0173 ir aplinkini\u0173 kaim\u0173 gyventojus, sureng\u0117 pirmos Kyvi\u0161ki\u0173 kaimo eglut\u0117s \u012f\u017eiebimo \u0161vent\u0119. Tai pirmas k\u0105 tik susik\u016brusios kaimo bendruomen\u0117s renginys, \u012f kur\u012f buvo pakviesti Kyvi\u0161ki\u0173, Dobromisl\u0117s, \u0160atrinink\u0173 ir kit\u0173 aplinkini\u0173 kaim\u0173 gyventojai. Vietos gyventojams tai tapo i\u0161skirtine pramoga, bene pirmu \u0161i\u0173 gyvenvie\u010di\u0173 gyvavimo istorijoje bendruomen\u0117s renginiu. \u0160iais metais Kyvi\u0161ki\u0173 kaime pirm\u0105 kart\u0105"}