{"version":"1.0","provider_name":"\u017durnalas Lietuv\u0117","provider_url":"https:\/\/lietuve.lt","title":"Pasaul\u012f motociklais apkeliav\u0119 lietuviai pasiek\u0117 rekord\u0105 - \u017durnalas Lietuv\u0117","type":"rich","width":600,"height":338,"html":"<blockquote class=\"wp-embedded-content\" data-secret=\"16Vdv3PcTp\"><a href=\"https:\/\/lietuve.lt\/pasauli-motociklais-apkeliave-lietuviai-pasieke-rekorda\/\">Pasaul\u012f motociklais apkeliav\u0119 lietuviai pasiek\u0117 rekord\u0105<\/a><\/blockquote><iframe sandbox=\"allow-scripts\" security=\"restricted\" src=\"https:\/\/lietuve.lt\/pasauli-motociklais-apkeliave-lietuviai-pasieke-rekorda\/embed\/#?secret=16Vdv3PcTp\" width=\"600\" height=\"338\" title=\"&#8220;Pasaul\u012f motociklais apkeliav\u0119 lietuviai pasiek\u0117 rekord\u0105&#8221; &#8212; \u017durnalas Lietuv\u0117\" data-secret=\"16Vdv3PcTp\" frameborder=\"0\" marginwidth=\"0\" marginheight=\"0\" scrolling=\"no\" class=\"wp-embedded-content\"><\/iframe><script type=\"text\/javascript\">\n\/* <![CDATA[ *\/\n\/*! This file is auto-generated *\/\n!function(d,l){\"use strict\";l.querySelector&&d.addEventListener&&\"undefined\"!=typeof URL&&(d.wp=d.wp||{},d.wp.receiveEmbedMessage||(d.wp.receiveEmbedMessage=function(e){var t=e.data;if((t||t.secret||t.message||t.value)&&!\/[^a-zA-Z0-9]\/.test(t.secret)){for(var s,r,n,a=l.querySelectorAll('iframe[data-secret=\"'+t.secret+'\"]'),o=l.querySelectorAll('blockquote[data-secret=\"'+t.secret+'\"]'),c=new RegExp(\"^https?:$\",\"i\"),i=0;i<o.length;i++)o[i].style.display=\"none\";for(i=0;i<a.length;i++)s=a[i],e.source===s.contentWindow&&(s.removeAttribute(\"style\"),\"height\"===t.message?(1e3<(r=parseInt(t.value,10))?r=1e3:~~r<200&&(r=200),s.height=r):\"link\"===t.message&&(r=new URL(s.getAttribute(\"src\")),n=new URL(t.value),c.test(n.protocol))&&n.host===r.host&&l.activeElement===s&&(d.top.location.href=t.value))}},d.addEventListener(\"message\",d.wp.receiveEmbedMessage,!1),l.addEventListener(\"DOMContentLoaded\",function(){for(var e,t,s=l.querySelectorAll(\"iframe.wp-embedded-content\"),r=0;r<s.length;r++)(t=(e=s[r]).getAttribute(\"data-secret\"))||(t=Math.random().toString(36).substring(2,12),e.src+=\"#?secret=\"+t,e.setAttribute(\"data-secret\",t)),e.contentWindow.postMessage({message:\"ready\",secret:t},\"*\")},!1)))}(window,document);\n\/\/# sourceURL=https:\/\/lietuve.lt\/wp-includes\/js\/wp-embed.min.js\n\/* ]]> *\/\n<\/script>\n","thumbnail_url":"https:\/\/lietuve.lt\/wp-content\/uploads\/2018\/07\/3-25.jpg","thumbnail_width":1024,"thumbnail_height":683,"description":"Dviej\u0173 motocikl\u0173 m\u0117g\u0117j\u0173 ir keliautoj\u0173 Astos Dovyd\u0117nait\u0117s ir Lino Mockevi\u010diaus kelion\u0117 aplink pasaul\u012f baig\u0117si \u0161e\u0161tadienio vakar\u0105, stovyklaujant su bendramin\u010diais ir artimaisiais sodyboje netoli Vilniaus. 640 dien\u0173, arba kiek daugiau nei 21 m\u0117nes\u012f, kelion\u0117je u\u017etruk\u0119 lietuviai i\u0161 viso \u012fveik\u0117 daugiau nei 100 t\u016bkst. kilometr\u0173 ir aplank\u0117 45 \u0161alis. Kelion\u0117s \u012fsp\u016bd\u017ei\u0173 jiems neleis pamir\u0161ti ne tik t\u016bkstan\u010diai"}