{"version":"1.0","provider_name":"\u017durnalas Lietuv\u0117","provider_url":"https:\/\/lietuve.lt","title":"Pasaulin\u0117 kult\u016bros diena Var\u0161uvoje pamin\u0117ta Lietuvos tautodailinink\u0173 paroda - \u017durnalas Lietuv\u0117","type":"rich","width":600,"height":338,"html":"<blockquote class=\"wp-embedded-content\" data-secret=\"8JP8sYYumC\"><a href=\"https:\/\/lietuve.lt\/pasauline-kulturos-diena-varsuvoje-pamineta-lietuvos-tautodailininku-paroda\/\">Pasaulin\u0117 kult\u016bros diena Var\u0161uvoje pamin\u0117ta Lietuvos tautodailinink\u0173 paroda<\/a><\/blockquote><iframe sandbox=\"allow-scripts\" security=\"restricted\" src=\"https:\/\/lietuve.lt\/pasauline-kulturos-diena-varsuvoje-pamineta-lietuvos-tautodailininku-paroda\/embed\/#?secret=8JP8sYYumC\" width=\"600\" height=\"338\" title=\"&#8220;Pasaulin\u0117 kult\u016bros diena Var\u0161uvoje pamin\u0117ta Lietuvos tautodailinink\u0173 paroda&#8221; &#8212; \u017durnalas Lietuv\u0117\" data-secret=\"8JP8sYYumC\" frameborder=\"0\" marginwidth=\"0\" marginheight=\"0\" scrolling=\"no\" class=\"wp-embedded-content\"><\/iframe><script type=\"text\/javascript\">\n\/* <![CDATA[ *\/\n\/*! This file is auto-generated *\/\n!function(d,l){\"use strict\";l.querySelector&&d.addEventListener&&\"undefined\"!=typeof URL&&(d.wp=d.wp||{},d.wp.receiveEmbedMessage||(d.wp.receiveEmbedMessage=function(e){var t=e.data;if((t||t.secret||t.message||t.value)&&!\/[^a-zA-Z0-9]\/.test(t.secret)){for(var s,r,n,a=l.querySelectorAll('iframe[data-secret=\"'+t.secret+'\"]'),o=l.querySelectorAll('blockquote[data-secret=\"'+t.secret+'\"]'),c=new RegExp(\"^https?:$\",\"i\"),i=0;i<o.length;i++)o[i].style.display=\"none\";for(i=0;i<a.length;i++)s=a[i],e.source===s.contentWindow&&(s.removeAttribute(\"style\"),\"height\"===t.message?(1e3<(r=parseInt(t.value,10))?r=1e3:~~r<200&&(r=200),s.height=r):\"link\"===t.message&&(r=new URL(s.getAttribute(\"src\")),n=new URL(t.value),c.test(n.protocol))&&n.host===r.host&&l.activeElement===s&&(d.top.location.href=t.value))}},d.addEventListener(\"message\",d.wp.receiveEmbedMessage,!1),l.addEventListener(\"DOMContentLoaded\",function(){for(var e,t,s=l.querySelectorAll(\"iframe.wp-embedded-content\"),r=0;r<s.length;r++)(t=(e=s[r]).getAttribute(\"data-secret\"))||(t=Math.random().toString(36).substring(2,12),e.src+=\"#?secret=\"+t,e.setAttribute(\"data-secret\",t)),e.contentWindow.postMessage({message:\"ready\",secret:t},\"*\")},!1)))}(window,document);\n\/\/# sourceURL=https:\/\/lietuve.lt\/wp-includes\/js\/wp-embed.min.js\n\/* ]]> *\/\n<\/script>\n","description":"Baland\u017eio 15 d., minint Pasaulin\u0119 kult\u016bros dien\u0105, Lietuvos kult\u016bros centre prie Lietuvos Respublikos ambasados Var\u0161uvoje atidaryta Lietuvos tautodailinink\u0173 paroda \u201eLietuvi\u0161ka tekstil\u0117 vakar ir \u0161iandien\u201c. Kult\u016bros dienai pamin\u0117ti skirtoje parodoje eksponuojamos Vilniaus tautodailininki\u0173 Janinos \u010cekelien\u0117s, Virginijos Kasparavi\u010di\u016bt\u0117s, Birut\u0117s Mickevi\u010dien\u0117s, R\u016btos Savi\u010diauskien\u0117s, Genovait\u0117s Varaneckien\u0117s, Ramut\u0117s \u017diag\u016bnien\u0117s seg\u0117s ir siuvin\u0117tos stalties\u0117s. Per parodos atidarym\u0105 taip pat buvo pristatyti","thumbnail_url":"http:\/\/lietuve.lt\/wp-content\/uploads\/2015\/04\/small_silkine-suknele-6088-225x300.jpg"}