{"version":"1.0","provider_name":"\u017durnalas Lietuv\u0117","provider_url":"https:\/\/lietuve.lt","title":"Pasaulio lietuvi\u0173 ekonomikos forumas \u0161iemet vyks Izraelyje - \u017durnalas Lietuv\u0117","type":"rich","width":600,"height":338,"html":"<blockquote class=\"wp-embedded-content\" data-secret=\"HChTqhGM1f\"><a href=\"https:\/\/lietuve.lt\/pasaulio-lietuviu-ekonomikos-forumas-siemet-vyks-izraelyje\/\">Pasaulio lietuvi\u0173 ekonomikos forumas \u0161iemet vyks Izraelyje<\/a><\/blockquote><iframe sandbox=\"allow-scripts\" security=\"restricted\" src=\"https:\/\/lietuve.lt\/pasaulio-lietuviu-ekonomikos-forumas-siemet-vyks-izraelyje\/embed\/#?secret=HChTqhGM1f\" width=\"600\" height=\"338\" title=\"&#8220;Pasaulio lietuvi\u0173 ekonomikos forumas \u0161iemet vyks Izraelyje&#8221; &#8212; \u017durnalas Lietuv\u0117\" data-secret=\"HChTqhGM1f\" frameborder=\"0\" marginwidth=\"0\" marginheight=\"0\" scrolling=\"no\" class=\"wp-embedded-content\"><\/iframe><script type=\"text\/javascript\">\n\/* <![CDATA[ *\/\n\/*! This file is auto-generated *\/\n!function(d,l){\"use strict\";l.querySelector&&d.addEventListener&&\"undefined\"!=typeof URL&&(d.wp=d.wp||{},d.wp.receiveEmbedMessage||(d.wp.receiveEmbedMessage=function(e){var t=e.data;if((t||t.secret||t.message||t.value)&&!\/[^a-zA-Z0-9]\/.test(t.secret)){for(var s,r,n,a=l.querySelectorAll('iframe[data-secret=\"'+t.secret+'\"]'),o=l.querySelectorAll('blockquote[data-secret=\"'+t.secret+'\"]'),c=new RegExp(\"^https?:$\",\"i\"),i=0;i<o.length;i++)o[i].style.display=\"none\";for(i=0;i<a.length;i++)s=a[i],e.source===s.contentWindow&&(s.removeAttribute(\"style\"),\"height\"===t.message?(1e3<(r=parseInt(t.value,10))?r=1e3:~~r<200&&(r=200),s.height=r):\"link\"===t.message&&(r=new URL(s.getAttribute(\"src\")),n=new URL(t.value),c.test(n.protocol))&&n.host===r.host&&l.activeElement===s&&(d.top.location.href=t.value))}},d.addEventListener(\"message\",d.wp.receiveEmbedMessage,!1),l.addEventListener(\"DOMContentLoaded\",function(){for(var e,t,s=l.querySelectorAll(\"iframe.wp-embedded-content\"),r=0;r<s.length;r++)(t=(e=s[r]).getAttribute(\"data-secret\"))||(t=Math.random().toString(36).substring(2,12),e.src+=\"#?secret=\"+t,e.setAttribute(\"data-secret\",t)),e.contentWindow.postMessage({message:\"ready\",secret:t},\"*\")},!1)))}(window,document);\n\/\/# sourceURL=https:\/\/lietuve.lt\/wp-includes\/js\/wp-embed.min.js\n\/* ]]> *\/\n<\/script>\n","description":"Po pasaul\u012f i\u0161sibarst\u0119 \u017eym\u016bs lietuviai ir ry\u0161ius su Lietuva puosel\u0117jantys \u017emon\u0117s \u0161i\u0173 met\u0173 spalio m\u0117nes\u012f susitiks jau septint\u0105 kart\u0105 rengiamame Pasaulio lietuvi\u0173 ekonomikos forume. Did\u017eiausiame i\u0161eivijai skirtame verslo renginyje gars\u016bs verslo lyderiai, Lietuvos politikos elitas, lietuvi\u0173 ir litvak\u0173 bendruomeni\u0173 nariai dalysis patirtimi, stiprins tarpusavio ry\u0161ius, diskutuos apie galimybes \u012fgyvendinti bendrus projektus. Pasaulio lietuvi\u0173 ekonomikos forumas"}