{"version":"1.0","provider_name":"\u017durnalas Lietuv\u0117","provider_url":"https:\/\/lietuve.lt","title":"Paskelbti jubiliejini\u0173 \u201eGlobalios Lietuvos apdovanojim\u0173\u201c nominantai - \u017durnalas Lietuv\u0117","type":"rich","width":600,"height":338,"html":"<blockquote class=\"wp-embedded-content\" data-secret=\"jXJNkUMNiW\"><a href=\"https:\/\/lietuve.lt\/paskelbti-jubiliejiniu-globalios-lietuvos-apdovanojimu-nominantai\/\">Paskelbti jubiliejini\u0173 \u201eGlobalios Lietuvos apdovanojim\u0173\u201c nominantai<\/a><\/blockquote><iframe sandbox=\"allow-scripts\" security=\"restricted\" src=\"https:\/\/lietuve.lt\/paskelbti-jubiliejiniu-globalios-lietuvos-apdovanojimu-nominantai\/embed\/#?secret=jXJNkUMNiW\" width=\"600\" height=\"338\" title=\"&#8220;Paskelbti jubiliejini\u0173 \u201eGlobalios Lietuvos apdovanojim\u0173\u201c nominantai&#8221; &#8212; \u017durnalas Lietuv\u0117\" data-secret=\"jXJNkUMNiW\" frameborder=\"0\" marginwidth=\"0\" marginheight=\"0\" scrolling=\"no\" class=\"wp-embedded-content\"><\/iframe><script type=\"text\/javascript\">\n\/* <![CDATA[ *\/\n\/*! This file is auto-generated *\/\n!function(d,l){\"use strict\";l.querySelector&&d.addEventListener&&\"undefined\"!=typeof URL&&(d.wp=d.wp||{},d.wp.receiveEmbedMessage||(d.wp.receiveEmbedMessage=function(e){var t=e.data;if((t||t.secret||t.message||t.value)&&!\/[^a-zA-Z0-9]\/.test(t.secret)){for(var s,r,n,a=l.querySelectorAll('iframe[data-secret=\"'+t.secret+'\"]'),o=l.querySelectorAll('blockquote[data-secret=\"'+t.secret+'\"]'),c=new RegExp(\"^https?:$\",\"i\"),i=0;i<o.length;i++)o[i].style.display=\"none\";for(i=0;i<a.length;i++)s=a[i],e.source===s.contentWindow&&(s.removeAttribute(\"style\"),\"height\"===t.message?(1e3<(r=parseInt(t.value,10))?r=1e3:~~r<200&&(r=200),s.height=r):\"link\"===t.message&&(r=new URL(s.getAttribute(\"src\")),n=new URL(t.value),c.test(n.protocol))&&n.host===r.host&&l.activeElement===s&&(d.top.location.href=t.value))}},d.addEventListener(\"message\",d.wp.receiveEmbedMessage,!1),l.addEventListener(\"DOMContentLoaded\",function(){for(var e,t,s=l.querySelectorAll(\"iframe.wp-embedded-content\"),r=0;r<s.length;r++)(t=(e=s[r]).getAttribute(\"data-secret\"))||(t=Math.random().toString(36).substring(2,12),e.src+=\"#?secret=\"+t,e.setAttribute(\"data-secret\",t)),e.contentWindow.postMessage({message:\"ready\",secret:t},\"*\")},!1)))}(window,document);\n\/\/# sourceURL=https:\/\/lietuve.lt\/wp-includes\/js\/wp-embed.min.js\n\/* ]]> *\/\n<\/script>\n","thumbnail_url":"https:\/\/lietuve.lt\/wp-content\/uploads\/2021\/12\/1-7.jpg","thumbnail_width":800,"thumbnail_height":533,"description":"\u0160i\u0105 savait\u0119 i\u0161ai\u0161k\u0117jo de\u0161imt\u0105 kart\u0105 organizuojam\u0173 \u201eGlobalios Lietuvos apdovanojim\u0173\u201c nominantai. Vertinimo komisija i\u0161 daugiau nei 60 kandidat\u0173 atrinko 18 istorij\u0173, jos var\u017eosi penkiose kategorijose. Kam atiteks skulptoriaus S. \u017dirgulio sukurta apdovanojim\u0173 statul\u0117l\u0117, paai\u0161k\u0117s gruod\u017eio 29 d. apdovanojim\u0173 ceremonijoje, kuri\u0105 tiesiogiai transliuos \u201eLRT Plius\u201c kanalas. \u201e\u0160iemet \u012f termin\u0105 \u201eGlobali Lietuva\u201c pa\u017evelg\u0117me pla\u010diau \u2013 kaip \u012f visokeriop\u0105"}