{"version":"1.0","provider_name":"\u017durnalas Lietuv\u0117","provider_url":"https:\/\/lietuve.lt","title":"\u201ePatricijos mada\u201c: drabu\u017eiai, sukurti pagal \u0161iuolaikin\u0117s moters poreikius - \u017durnalas Lietuv\u0117","type":"rich","width":600,"height":338,"html":"<blockquote class=\"wp-embedded-content\" data-secret=\"Ck9ASDjaLy\"><a href=\"https:\/\/lietuve.lt\/patricijos-mada-drabuziai-sukurti-pagal-siuolaikines-moters-poreikius\/\">\u201ePatricijos mada\u201c: drabu\u017eiai, sukurti pagal \u0161iuolaikin\u0117s moters poreikius<\/a><\/blockquote><iframe sandbox=\"allow-scripts\" security=\"restricted\" src=\"https:\/\/lietuve.lt\/patricijos-mada-drabuziai-sukurti-pagal-siuolaikines-moters-poreikius\/embed\/#?secret=Ck9ASDjaLy\" width=\"600\" height=\"338\" title=\"&#8220;\u201ePatricijos mada\u201c: drabu\u017eiai, sukurti pagal \u0161iuolaikin\u0117s moters poreikius&#8221; &#8212; \u017durnalas Lietuv\u0117\" data-secret=\"Ck9ASDjaLy\" frameborder=\"0\" marginwidth=\"0\" marginheight=\"0\" scrolling=\"no\" class=\"wp-embedded-content\"><\/iframe><script type=\"text\/javascript\">\n\/* <![CDATA[ *\/\n\/*! This file is auto-generated *\/\n!function(d,l){\"use strict\";l.querySelector&&d.addEventListener&&\"undefined\"!=typeof URL&&(d.wp=d.wp||{},d.wp.receiveEmbedMessage||(d.wp.receiveEmbedMessage=function(e){var t=e.data;if((t||t.secret||t.message||t.value)&&!\/[^a-zA-Z0-9]\/.test(t.secret)){for(var s,r,n,a=l.querySelectorAll('iframe[data-secret=\"'+t.secret+'\"]'),o=l.querySelectorAll('blockquote[data-secret=\"'+t.secret+'\"]'),c=new RegExp(\"^https?:$\",\"i\"),i=0;i<o.length;i++)o[i].style.display=\"none\";for(i=0;i<a.length;i++)s=a[i],e.source===s.contentWindow&&(s.removeAttribute(\"style\"),\"height\"===t.message?(1e3<(r=parseInt(t.value,10))?r=1e3:~~r<200&&(r=200),s.height=r):\"link\"===t.message&&(r=new URL(s.getAttribute(\"src\")),n=new URL(t.value),c.test(n.protocol))&&n.host===r.host&&l.activeElement===s&&(d.top.location.href=t.value))}},d.addEventListener(\"message\",d.wp.receiveEmbedMessage,!1),l.addEventListener(\"DOMContentLoaded\",function(){for(var e,t,s=l.querySelectorAll(\"iframe.wp-embedded-content\"),r=0;r<s.length;r++)(t=(e=s[r]).getAttribute(\"data-secret\"))||(t=Math.random().toString(36).substring(2,12),e.src+=\"#?secret=\"+t,e.setAttribute(\"data-secret\",t)),e.contentWindow.postMessage({message:\"ready\",secret:t},\"*\")},!1)))}(window,document);\n\/\/# sourceURL=https:\/\/lietuve.lt\/wp-includes\/js\/wp-embed.min.js\n\/* ]]> *\/\n<\/script>\n","thumbnail_url":"https:\/\/lietuve.lt\/wp-content\/uploads\/2019\/02\/12.jpg","thumbnail_width":791,"thumbnail_height":506,"description":"Vadovautis mados tendencijomis ar rinktis tai, kas labiausiai prie \u0161irdies? Koki\u0105 suknel\u0119 \u012fsigyti, kad ji tikt\u0173 ir \u0161ventei, ir darbui, ir laisvalaikiui? Kokios \u0161io sezono spalvos? Tai tik keli i\u0161 klausim\u0173, kurie daugeliui m\u016bs\u0173 kyla ruo\u0161iantis pavasario sezonui. Atsakyti \u012f \u0161iuos klausimus mums pad\u0117jo \u201ePatricijos mados\u201c \u012fk\u016br\u0117ja. \u0160io lietuvi\u0161ko preki\u0173 \u017eenklo suknel\u0117s nepalieka abejing\u0173 nei"}