{"version":"1.0","provider_name":"\u017durnalas Lietuv\u0117","provider_url":"https:\/\/lietuve.lt","title":"Paty\u010dios besikei\u010dian\u010diame pasaulyje: ar darome pakankamai? - \u017durnalas Lietuv\u0117","type":"rich","width":600,"height":338,"html":"<blockquote class=\"wp-embedded-content\" data-secret=\"qrZbzbbxwr\"><a href=\"https:\/\/lietuve.lt\/patycios-besikeicianciame-pasaulyje-ar-darome-pakankamai\/\">Paty\u010dios besikei\u010dian\u010diame pasaulyje: ar darome pakankamai?<\/a><\/blockquote><iframe sandbox=\"allow-scripts\" security=\"restricted\" src=\"https:\/\/lietuve.lt\/patycios-besikeicianciame-pasaulyje-ar-darome-pakankamai\/embed\/#?secret=qrZbzbbxwr\" width=\"600\" height=\"338\" title=\"&#8220;Paty\u010dios besikei\u010dian\u010diame pasaulyje: ar darome pakankamai?&#8221; &#8212; \u017durnalas Lietuv\u0117\" data-secret=\"qrZbzbbxwr\" frameborder=\"0\" marginwidth=\"0\" marginheight=\"0\" scrolling=\"no\" class=\"wp-embedded-content\"><\/iframe><script type=\"text\/javascript\">\n\/* <![CDATA[ *\/\n\/*! This file is auto-generated *\/\n!function(d,l){\"use strict\";l.querySelector&&d.addEventListener&&\"undefined\"!=typeof URL&&(d.wp=d.wp||{},d.wp.receiveEmbedMessage||(d.wp.receiveEmbedMessage=function(e){var t=e.data;if((t||t.secret||t.message||t.value)&&!\/[^a-zA-Z0-9]\/.test(t.secret)){for(var s,r,n,a=l.querySelectorAll('iframe[data-secret=\"'+t.secret+'\"]'),o=l.querySelectorAll('blockquote[data-secret=\"'+t.secret+'\"]'),c=new RegExp(\"^https?:$\",\"i\"),i=0;i<o.length;i++)o[i].style.display=\"none\";for(i=0;i<a.length;i++)s=a[i],e.source===s.contentWindow&&(s.removeAttribute(\"style\"),\"height\"===t.message?(1e3<(r=parseInt(t.value,10))?r=1e3:~~r<200&&(r=200),s.height=r):\"link\"===t.message&&(r=new URL(s.getAttribute(\"src\")),n=new URL(t.value),c.test(n.protocol))&&n.host===r.host&&l.activeElement===s&&(d.top.location.href=t.value))}},d.addEventListener(\"message\",d.wp.receiveEmbedMessage,!1),l.addEventListener(\"DOMContentLoaded\",function(){for(var e,t,s=l.querySelectorAll(\"iframe.wp-embedded-content\"),r=0;r<s.length;r++)(t=(e=s[r]).getAttribute(\"data-secret\"))||(t=Math.random().toString(36).substring(2,12),e.src+=\"#?secret=\"+t,e.setAttribute(\"data-secret\",t)),e.contentWindow.postMessage({message:\"ready\",secret:t},\"*\")},!1)))}(window,document);\n\/\/# sourceURL=https:\/\/lietuve.lt\/wp-includes\/js\/wp-embed.min.js\n\/* ]]> *\/\n<\/script>\n","thumbnail_url":"https:\/\/lietuve.lt\/wp-content\/uploads\/2024\/04\/patycios.jpg","thumbnail_width":1036,"thumbnail_height":691,"description":"\u201eVaik\u0173 linija\u201c drauge su partneriais i\u0161 \u0160iaur\u0117s \u0161ali\u0173 tinklo prie\u0161 paty\u010dias organizuoja tarptautin\u0119 konferencij\u0105 \u201ePaty\u010dios besikei\u010dian\u010diame pasaulyje\u201c. Ugdytojai, t\u0117vai, \u0161vietimo darbuotojai, politikai ir visi, kuriems r\u016bpi emocin\u0117 vaik\u0173 gerov\u0117 bei paty\u010di\u0173 ir kitokio \u017eeminan\u010dio elgesio stabdymas, kvie\u010diami dalyvauti nemokamame renginyje baland\u017eio 23 d. Ma\u017edaug prie\u0161 m\u0117nes\u012f buvo i\u0161platinta tarptautinio \u2013 50 Europos, \u0160iaur\u0117s Amerikos ir"}