{"version":"1.0","provider_name":"\u017durnalas Lietuv\u0117","provider_url":"https:\/\/lietuve.lt","title":"Pavasario kelion\u0119 po Lietuv\u0105 pradeda berniuk\u0173 chor\u0173 festivalis - \u017durnalas Lietuv\u0117","type":"rich","width":600,"height":338,"html":"<blockquote class=\"wp-embedded-content\" data-secret=\"vjF7IIDO7U\"><a href=\"https:\/\/lietuve.lt\/pavasario-kelione-po-lietuva-pradeda-berniuku-choru-festivalis\/\">Pavasario kelion\u0119 po Lietuv\u0105 pradeda berniuk\u0173 chor\u0173 festivalis<\/a><\/blockquote><iframe sandbox=\"allow-scripts\" security=\"restricted\" src=\"https:\/\/lietuve.lt\/pavasario-kelione-po-lietuva-pradeda-berniuku-choru-festivalis\/embed\/#?secret=vjF7IIDO7U\" width=\"600\" height=\"338\" title=\"&#8220;Pavasario kelion\u0119 po Lietuv\u0105 pradeda berniuk\u0173 chor\u0173 festivalis&#8221; &#8212; \u017durnalas Lietuv\u0117\" data-secret=\"vjF7IIDO7U\" frameborder=\"0\" marginwidth=\"0\" marginheight=\"0\" scrolling=\"no\" class=\"wp-embedded-content\"><\/iframe><script type=\"text\/javascript\">\n\/* <![CDATA[ *\/\n\/*! This file is auto-generated *\/\n!function(d,l){\"use strict\";l.querySelector&&d.addEventListener&&\"undefined\"!=typeof URL&&(d.wp=d.wp||{},d.wp.receiveEmbedMessage||(d.wp.receiveEmbedMessage=function(e){var t=e.data;if((t||t.secret||t.message||t.value)&&!\/[^a-zA-Z0-9]\/.test(t.secret)){for(var s,r,n,a=l.querySelectorAll('iframe[data-secret=\"'+t.secret+'\"]'),o=l.querySelectorAll('blockquote[data-secret=\"'+t.secret+'\"]'),c=new RegExp(\"^https?:$\",\"i\"),i=0;i<o.length;i++)o[i].style.display=\"none\";for(i=0;i<a.length;i++)s=a[i],e.source===s.contentWindow&&(s.removeAttribute(\"style\"),\"height\"===t.message?(1e3<(r=parseInt(t.value,10))?r=1e3:~~r<200&&(r=200),s.height=r):\"link\"===t.message&&(r=new URL(s.getAttribute(\"src\")),n=new URL(t.value),c.test(n.protocol))&&n.host===r.host&&l.activeElement===s&&(d.top.location.href=t.value))}},d.addEventListener(\"message\",d.wp.receiveEmbedMessage,!1),l.addEventListener(\"DOMContentLoaded\",function(){for(var e,t,s=l.querySelectorAll(\"iframe.wp-embedded-content\"),r=0;r<s.length;r++)(t=(e=s[r]).getAttribute(\"data-secret\"))||(t=Math.random().toString(36).substring(2,12),e.src+=\"#?secret=\"+t,e.setAttribute(\"data-secret\",t)),e.contentWindow.postMessage({message:\"ready\",secret:t},\"*\")},!1)))}(window,document);\n\/\/# sourceURL=https:\/\/lietuve.lt\/wp-includes\/js\/wp-embed.min.js\n\/* ]]> *\/\n<\/script>\n","description":"\u0160iemet jau \u0161e\u0161iolikt\u0105 kart\u0105 vyksiantis berniuk\u0173 chor\u0173 festivalis-akcija \u201eLietuvos berniukai prie\u0161 smurt\u0105 ir narkomanij\u0105\u201c keliaus per did\u017eiuosius Lietuvos miestus. Baland\u017eio 16 d. koncertas vyks Klaip\u0117dos Marijos Taikos Karalien\u0117s ba\u017eny\u010dioje, baland\u017eio 17 d. \u2013 \u0160iauli\u0173 \u0160v\u010d. Mergel\u0117s Marijos Nekaltojo Prasid\u0117jimo ba\u017eny\u010dioje, baland\u017eio 30 d. \u2013 Kauno valstybin\u0117je filharmonijoje, gegu\u017e\u0117s 1 d. akcija atkeliaus \u012f Vilni\u0173 \u2013","thumbnail_url":"https:\/\/lietuve.lt\/wp-content\/uploads\/2016\/04\/2-41-150x150.jpg"}