{"version":"1.0","provider_name":"\u017durnalas Lietuv\u0117","provider_url":"https:\/\/lietuve.lt","title":"Pa\u017einti ispan\u0173 kult\u016br\u0105 kvie\u010dia festivalis \u201ePrimavera en espa\u00f1ol\u201c - \u017durnalas Lietuv\u0117","type":"rich","width":600,"height":338,"html":"<blockquote class=\"wp-embedded-content\" data-secret=\"h890GffPYw\"><a href=\"https:\/\/lietuve.lt\/pazinti-ispanu-kultura-kviecia-festivalis-primavera-en-espanol\/\">Pa\u017einti ispan\u0173 kult\u016br\u0105 kvie\u010dia festivalis \u201ePrimavera en espa\u00f1ol\u201c<\/a><\/blockquote><iframe sandbox=\"allow-scripts\" security=\"restricted\" src=\"https:\/\/lietuve.lt\/pazinti-ispanu-kultura-kviecia-festivalis-primavera-en-espanol\/embed\/#?secret=h890GffPYw\" width=\"600\" height=\"338\" title=\"&#8220;Pa\u017einti ispan\u0173 kult\u016br\u0105 kvie\u010dia festivalis \u201ePrimavera en espa\u00f1ol\u201c&#8221; &#8212; \u017durnalas Lietuv\u0117\" data-secret=\"h890GffPYw\" frameborder=\"0\" marginwidth=\"0\" marginheight=\"0\" scrolling=\"no\" class=\"wp-embedded-content\"><\/iframe><script type=\"text\/javascript\">\n\/* <![CDATA[ *\/\n\/*! This file is auto-generated *\/\n!function(d,l){\"use strict\";l.querySelector&&d.addEventListener&&\"undefined\"!=typeof URL&&(d.wp=d.wp||{},d.wp.receiveEmbedMessage||(d.wp.receiveEmbedMessage=function(e){var t=e.data;if((t||t.secret||t.message||t.value)&&!\/[^a-zA-Z0-9]\/.test(t.secret)){for(var s,r,n,a=l.querySelectorAll('iframe[data-secret=\"'+t.secret+'\"]'),o=l.querySelectorAll('blockquote[data-secret=\"'+t.secret+'\"]'),c=new RegExp(\"^https?:$\",\"i\"),i=0;i<o.length;i++)o[i].style.display=\"none\";for(i=0;i<a.length;i++)s=a[i],e.source===s.contentWindow&&(s.removeAttribute(\"style\"),\"height\"===t.message?(1e3<(r=parseInt(t.value,10))?r=1e3:~~r<200&&(r=200),s.height=r):\"link\"===t.message&&(r=new URL(s.getAttribute(\"src\")),n=new URL(t.value),c.test(n.protocol))&&n.host===r.host&&l.activeElement===s&&(d.top.location.href=t.value))}},d.addEventListener(\"message\",d.wp.receiveEmbedMessage,!1),l.addEventListener(\"DOMContentLoaded\",function(){for(var e,t,s=l.querySelectorAll(\"iframe.wp-embedded-content\"),r=0;r<s.length;r++)(t=(e=s[r]).getAttribute(\"data-secret\"))||(t=Math.random().toString(36).substring(2,12),e.src+=\"#?secret=\"+t,e.setAttribute(\"data-secret\",t)),e.contentWindow.postMessage({message:\"ready\",secret:t},\"*\")},!1)))}(window,document);\n\/\/# sourceURL=https:\/\/lietuve.lt\/wp-includes\/js\/wp-embed.min.js\n\/* ]]> *\/\n<\/script>\n","thumbnail_url":"https:\/\/lietuve.lt\/wp-content\/uploads\/2018\/04\/Vigilija-\u017di\u016brait\u0117.jpg","thumbnail_width":800,"thumbnail_height":533,"description":"Baland\u017eio 9\u201319 dienomis Kaune ir Vilniuje Vytauto Did\u017eiojo universitetas (VDU) kvie\u010dia \u012f ispan\u0173 kult\u016bros festival\u012f\u00a0\u201ePrimavera en espa\u00f1ol\u201c. A\u0161tunt\u0105j\u012f kart\u0105 organizuojama pavasario \u0161vent\u0117 \u0161iemet sugr\u012f\u017eta su \u0161\u016bkiu \u201eExpr\u00e9sate en espa\u00f1ol\u201c (liet. \u201eI\u0161reik\u0161k save ispani\u0161kai\u201c), kvie\u010dian\u010diu pa\u017einti ispan\u0173 kalb\u0105 ir kult\u016br\u0105 per pa\u010dias \u012fvairiausias sritis: dainuojant, \u0161okant, diskutuojant politiniuose debatuose, var\u017eantis olimpiadoje ir netgi keliaujant \u012f Ispanij\u0105."}