{"version":"1.0","provider_name":"\u017durnalas Lietuv\u0117","provider_url":"https:\/\/lietuve.lt","title":"Piet\u0173 Amerikos ir Kanados jaunieji lietuviai nori kurti Lietuvai - \u017durnalas Lietuv\u0117","type":"rich","width":600,"height":338,"html":"<blockquote class=\"wp-embedded-content\" data-secret=\"yOGlQ5BYCz\"><a href=\"https:\/\/lietuve.lt\/pietu-amerikos-ir-kanados-jaunieji-lietuviai-nori-kurti-lietuvai\/\">Piet\u0173 Amerikos ir Kanados jaunieji lietuviai nori kurti Lietuvai<\/a><\/blockquote><iframe sandbox=\"allow-scripts\" security=\"restricted\" src=\"https:\/\/lietuve.lt\/pietu-amerikos-ir-kanados-jaunieji-lietuviai-nori-kurti-lietuvai\/embed\/#?secret=yOGlQ5BYCz\" width=\"600\" height=\"338\" title=\"&#8220;Piet\u0173 Amerikos ir Kanados jaunieji lietuviai nori kurti Lietuvai&#8221; &#8212; \u017durnalas Lietuv\u0117\" data-secret=\"yOGlQ5BYCz\" frameborder=\"0\" marginwidth=\"0\" marginheight=\"0\" scrolling=\"no\" class=\"wp-embedded-content\"><\/iframe><script type=\"text\/javascript\">\n\/* <![CDATA[ *\/\n\/*! This file is auto-generated *\/\n!function(d,l){\"use strict\";l.querySelector&&d.addEventListener&&\"undefined\"!=typeof URL&&(d.wp=d.wp||{},d.wp.receiveEmbedMessage||(d.wp.receiveEmbedMessage=function(e){var t=e.data;if((t||t.secret||t.message||t.value)&&!\/[^a-zA-Z0-9]\/.test(t.secret)){for(var s,r,n,a=l.querySelectorAll('iframe[data-secret=\"'+t.secret+'\"]'),o=l.querySelectorAll('blockquote[data-secret=\"'+t.secret+'\"]'),c=new RegExp(\"^https?:$\",\"i\"),i=0;i<o.length;i++)o[i].style.display=\"none\";for(i=0;i<a.length;i++)s=a[i],e.source===s.contentWindow&&(s.removeAttribute(\"style\"),\"height\"===t.message?(1e3<(r=parseInt(t.value,10))?r=1e3:~~r<200&&(r=200),s.height=r):\"link\"===t.message&&(r=new URL(s.getAttribute(\"src\")),n=new URL(t.value),c.test(n.protocol))&&n.host===r.host&&l.activeElement===s&&(d.top.location.href=t.value))}},d.addEventListener(\"message\",d.wp.receiveEmbedMessage,!1),l.addEventListener(\"DOMContentLoaded\",function(){for(var e,t,s=l.querySelectorAll(\"iframe.wp-embedded-content\"),r=0;r<s.length;r++)(t=(e=s[r]).getAttribute(\"data-secret\"))||(t=Math.random().toString(36).substring(2,12),e.src+=\"#?secret=\"+t,e.setAttribute(\"data-secret\",t)),e.contentWindow.postMessage({message:\"ready\",secret:t},\"*\")},!1)))}(window,document);\n\/\/# sourceURL=https:\/\/lietuve.lt\/wp-includes\/js\/wp-embed.min.js\n\/* ]]> *\/\n<\/script>\n","description":"Sausio m\u0117nes\u012f vyko Lotyn\u0173 Amerikos ir Kanados lietuvi\u0173 jaunimo bendruomeni\u0173 atstov\u0173 suva\u017eiavimas. Susitikimo metu kartu su lietuvi\u0173 kilm\u0117s \u017eymiais Brazilijos menininkais broliais dvyniais \u201eos gemeos\u201c ir i\u0161eivijos patirties turin\u010diu Jurgiu Did\u017eiuliu lietuvi\u0173 jaunimas i\u0161 Brazilijos, Argentinos, Urugvajaus, Venesuelos bei Kanados kalb\u0117jo apie identitet\u0105, lietuvyb\u0117s i\u0161laikym\u0105, diskutavo apie dvigubos pilietyb\u0117s suteikim\u0105, mok\u0117si rengti projektus ir tokiu"}