{"version":"1.0","provider_name":"\u017durnalas Lietuv\u0117","provider_url":"https:\/\/lietuve.lt","title":"Pirmas olimpinio sezono i\u0161\u0161\u016bkis lengvaatle\u010di\u0173 lauks Kaune - \u017durnalas Lietuv\u0117","type":"rich","width":600,"height":338,"html":"<blockquote class=\"wp-embedded-content\" data-secret=\"nWOYHvYHUP\"><a href=\"https:\/\/lietuve.lt\/pirmas-olimpinio-sezono-issukis-lengvaatleciu-lauks-kaune\/\">Pirmas olimpinio sezono i\u0161\u0161\u016bkis lengvaatle\u010di\u0173 lauks Kaune<\/a><\/blockquote><iframe sandbox=\"allow-scripts\" security=\"restricted\" src=\"https:\/\/lietuve.lt\/pirmas-olimpinio-sezono-issukis-lengvaatleciu-lauks-kaune\/embed\/#?secret=nWOYHvYHUP\" width=\"600\" height=\"338\" title=\"&#8220;Pirmas olimpinio sezono i\u0161\u0161\u016bkis lengvaatle\u010di\u0173 lauks Kaune&#8221; &#8212; \u017durnalas Lietuv\u0117\" data-secret=\"nWOYHvYHUP\" frameborder=\"0\" marginwidth=\"0\" marginheight=\"0\" scrolling=\"no\" class=\"wp-embedded-content\"><\/iframe><script type=\"text\/javascript\">\n\/* <![CDATA[ *\/\n\/*! This file is auto-generated *\/\n!function(d,l){\"use strict\";l.querySelector&&d.addEventListener&&\"undefined\"!=typeof URL&&(d.wp=d.wp||{},d.wp.receiveEmbedMessage||(d.wp.receiveEmbedMessage=function(e){var t=e.data;if((t||t.secret||t.message||t.value)&&!\/[^a-zA-Z0-9]\/.test(t.secret)){for(var s,r,n,a=l.querySelectorAll('iframe[data-secret=\"'+t.secret+'\"]'),o=l.querySelectorAll('blockquote[data-secret=\"'+t.secret+'\"]'),c=new RegExp(\"^https?:$\",\"i\"),i=0;i<o.length;i++)o[i].style.display=\"none\";for(i=0;i<a.length;i++)s=a[i],e.source===s.contentWindow&&(s.removeAttribute(\"style\"),\"height\"===t.message?(1e3<(r=parseInt(t.value,10))?r=1e3:~~r<200&&(r=200),s.height=r):\"link\"===t.message&&(r=new URL(s.getAttribute(\"src\")),n=new URL(t.value),c.test(n.protocol))&&n.host===r.host&&l.activeElement===s&&(d.top.location.href=t.value))}},d.addEventListener(\"message\",d.wp.receiveEmbedMessage,!1),l.addEventListener(\"DOMContentLoaded\",function(){for(var e,t,s=l.querySelectorAll(\"iframe.wp-embedded-content\"),r=0;r<s.length;r++)(t=(e=s[r]).getAttribute(\"data-secret\"))||(t=Math.random().toString(36).substring(2,12),e.src+=\"#?secret=\"+t,e.setAttribute(\"data-secret\",t)),e.contentWindow.postMessage({message:\"ready\",secret:t},\"*\")},!1)))}(window,document);\n\/\/# sourceURL=https:\/\/lietuve.lt\/wp-includes\/js\/wp-embed.min.js\n\/* ]]> *\/\n<\/script>\n","thumbnail_url":"https:\/\/lietuve.lt\/wp-content\/uploads\/2016\/05\/Liveta-Jasi\u016bnait\u0117.jpg","thumbnail_width":800,"thumbnail_height":533,"description":"Lietuvos lengvaatle\u010diai susidurs su pirmuoju olimpinio sezono i\u0161\u0161\u016bkiu: gegu\u017e\u0117s 20\u201321 dienomis Kauno S. Dariaus ir S. Gir\u0117no stadione vyks LLAF taur\u0117s var\u017eybos bei universitet\u0173 student\u0173 \u010dempionatas. B\u016briui sportinink\u0173 startas laikinojoje sostin\u0117je taps galimybe \u012fvykdyti svarbiausi\u0173 vasaros var\u017eyb\u0173 \u2013 Rio de \u017daneiro olimpini\u0173 \u017eaidyni\u0173, Europos suaugusi\u0173j\u0173, Europos jauni\u0173 ir pasaulio jaunimo \u010dempionat\u0173 \u2013 normatyvus. \u201eManau, bus"}