{"version":"1.0","provider_name":"\u017durnalas Lietuv\u0117","provider_url":"https:\/\/lietuve.lt","title":"Pirmininkavimo ES tarybai prad\u017eia pa\u017eymima renginiais u\u017esienyje - \u017durnalas Lietuv\u0117","type":"rich","width":600,"height":338,"html":"<blockquote class=\"wp-embedded-content\" data-secret=\"tRqm4IEKA7\"><a href=\"https:\/\/lietuve.lt\/pirmininkavimo-es-tarybai-pradzia-pazymima-renginiais-uzsienyje\/\">Pirmininkavimo ES tarybai prad\u017eia pa\u017eymima renginiais u\u017esienyje<\/a><\/blockquote><iframe sandbox=\"allow-scripts\" security=\"restricted\" src=\"https:\/\/lietuve.lt\/pirmininkavimo-es-tarybai-pradzia-pazymima-renginiais-uzsienyje\/embed\/#?secret=tRqm4IEKA7\" width=\"600\" height=\"338\" title=\"&#8220;Pirmininkavimo ES tarybai prad\u017eia pa\u017eymima renginiais u\u017esienyje&#8221; &#8212; \u017durnalas Lietuv\u0117\" data-secret=\"tRqm4IEKA7\" frameborder=\"0\" marginwidth=\"0\" marginheight=\"0\" scrolling=\"no\" class=\"wp-embedded-content\"><\/iframe><script type=\"text\/javascript\">\n\/* <![CDATA[ *\/\n\/*! This file is auto-generated *\/\n!function(d,l){\"use strict\";l.querySelector&&d.addEventListener&&\"undefined\"!=typeof URL&&(d.wp=d.wp||{},d.wp.receiveEmbedMessage||(d.wp.receiveEmbedMessage=function(e){var t=e.data;if((t||t.secret||t.message||t.value)&&!\/[^a-zA-Z0-9]\/.test(t.secret)){for(var s,r,n,a=l.querySelectorAll('iframe[data-secret=\"'+t.secret+'\"]'),o=l.querySelectorAll('blockquote[data-secret=\"'+t.secret+'\"]'),c=new RegExp(\"^https?:$\",\"i\"),i=0;i<o.length;i++)o[i].style.display=\"none\";for(i=0;i<a.length;i++)s=a[i],e.source===s.contentWindow&&(s.removeAttribute(\"style\"),\"height\"===t.message?(1e3<(r=parseInt(t.value,10))?r=1e3:~~r<200&&(r=200),s.height=r):\"link\"===t.message&&(r=new URL(s.getAttribute(\"src\")),n=new URL(t.value),c.test(n.protocol))&&n.host===r.host&&l.activeElement===s&&(d.top.location.href=t.value))}},d.addEventListener(\"message\",d.wp.receiveEmbedMessage,!1),l.addEventListener(\"DOMContentLoaded\",function(){for(var e,t,s=l.querySelectorAll(\"iframe.wp-embedded-content\"),r=0;r<s.length;r++)(t=(e=s[r]).getAttribute(\"data-secret\"))||(t=Math.random().toString(36).substring(2,12),e.src+=\"#?secret=\"+t,e.setAttribute(\"data-secret\",t)),e.contentWindow.postMessage({message:\"ready\",secret:t},\"*\")},!1)))}(window,document);\n\/\/# sourceURL=https:\/\/lietuve.lt\/wp-includes\/js\/wp-embed.min.js\n\/* ]]> *\/\n<\/script>\n","thumbnail_url":"https:\/\/lietuve.lt\/wp-content\/uploads\/2013\/07\/0701-Ukraina-jaunimas-pirmininkavimas.jpg","thumbnail_width":1024,"thumbnail_height":768,"description":"Liepos 1-\u0105j\u0105 prasid\u0117j\u0119s ir pusmet\u012f truksiantis Lietuvos pirmininkavimas Europos S\u0105jungos Tarybai \u012fvairiais renginiais pa\u017eymimas daugelyje pasaulio valstybi\u0173. J\u0173 metu u\u017esienio \u0161ali\u0173 gyventojai turi galimyb\u0119 daugiau su\u017einoti apie Lietuv\u0105 ir \u0161alies tikslus pirmininkavimo metu. \u0160vedijos Gotlando salos mieste Visbyje vykstan\u010diame politikos forume \u201eAlmedaleno savait\u0117\u201c pirmininkavimo pristatymo renginiai liepos 1-\u0105j\u0105 prasid\u0117jo nuo bendro Lietuvos ambasadoriaus \u0160vedijoje Eitvydo"}