{"version":"1.0","provider_name":"\u017durnalas Lietuv\u0117","provider_url":"https:\/\/lietuve.lt","title":"\u201ePoezijos pavasaris\u201c ma\u017eojoje kult\u016bros sostin\u0117je Valkininkuose - \u017durnalas Lietuv\u0117","type":"rich","width":600,"height":338,"html":"<blockquote class=\"wp-embedded-content\" data-secret=\"kLXSgDyNKA\"><a href=\"https:\/\/lietuve.lt\/poezijos-pavasaris-mazojoje-kulturos-sostineje-valkininkuose\/\">\u201ePoezijos pavasaris\u201c ma\u017eojoje kult\u016bros sostin\u0117je Valkininkuose<\/a><\/blockquote><iframe sandbox=\"allow-scripts\" security=\"restricted\" src=\"https:\/\/lietuve.lt\/poezijos-pavasaris-mazojoje-kulturos-sostineje-valkininkuose\/embed\/#?secret=kLXSgDyNKA\" width=\"600\" height=\"338\" title=\"&#8220;\u201ePoezijos pavasaris\u201c ma\u017eojoje kult\u016bros sostin\u0117je Valkininkuose&#8221; &#8212; \u017durnalas Lietuv\u0117\" data-secret=\"kLXSgDyNKA\" frameborder=\"0\" marginwidth=\"0\" marginheight=\"0\" scrolling=\"no\" class=\"wp-embedded-content\"><\/iframe><script type=\"text\/javascript\">\n\/* <![CDATA[ *\/\n\/*! This file is auto-generated *\/\n!function(d,l){\"use strict\";l.querySelector&&d.addEventListener&&\"undefined\"!=typeof URL&&(d.wp=d.wp||{},d.wp.receiveEmbedMessage||(d.wp.receiveEmbedMessage=function(e){var t=e.data;if((t||t.secret||t.message||t.value)&&!\/[^a-zA-Z0-9]\/.test(t.secret)){for(var s,r,n,a=l.querySelectorAll('iframe[data-secret=\"'+t.secret+'\"]'),o=l.querySelectorAll('blockquote[data-secret=\"'+t.secret+'\"]'),c=new RegExp(\"^https?:$\",\"i\"),i=0;i<o.length;i++)o[i].style.display=\"none\";for(i=0;i<a.length;i++)s=a[i],e.source===s.contentWindow&&(s.removeAttribute(\"style\"),\"height\"===t.message?(1e3<(r=parseInt(t.value,10))?r=1e3:~~r<200&&(r=200),s.height=r):\"link\"===t.message&&(r=new URL(s.getAttribute(\"src\")),n=new URL(t.value),c.test(n.protocol))&&n.host===r.host&&l.activeElement===s&&(d.top.location.href=t.value))}},d.addEventListener(\"message\",d.wp.receiveEmbedMessage,!1),l.addEventListener(\"DOMContentLoaded\",function(){for(var e,t,s=l.querySelectorAll(\"iframe.wp-embedded-content\"),r=0;r<s.length;r++)(t=(e=s[r]).getAttribute(\"data-secret\"))||(t=Math.random().toString(36).substring(2,12),e.src+=\"#?secret=\"+t,e.setAttribute(\"data-secret\",t)),e.contentWindow.postMessage({message:\"ready\",secret:t},\"*\")},!1)))}(window,document);\n\/\/# sourceURL=https:\/\/lietuve.lt\/wp-includes\/js\/wp-embed.min.js\n\/* ]]> *\/\n<\/script>\n","thumbnail_url":"https:\/\/lietuve.lt\/wp-content\/uploads\/2021\/07\/DSC03499.jpg","thumbnail_width":1024,"thumbnail_height":680,"description":"ValkininkaiPoezijos pavasaris.\u010ciulba vasara&#8230;Ma\u017eoji kult\u016bros sostin\u0117 Valkininkai svetingai sutiko 57-ojo Tarptautinio poezijos festivalio \u201ePoezijos pavasaris\u201c dalyvius ir sve\u010dius. Kas sieja Tokij\u0105 ir Valkininkus? Ne tik vienodai auk\u0161ta oro temperat\u016bra, bet ir japoni\u0161kosios poezijos haiku tema. Su \u201esakuros \u017eied\u0173 p\u016bga\u201c \u012f \u201ePoezijos pavasar\u012f\u201c \u012fsiver\u017e\u0117 debiutantas Justinas Stanislovaitis \u2013 bardas, atlik\u0117jas, kompozitorius. I\u0161 TV muzikini\u0173 projekt\u0173 pa\u017e\u012fstamas \u201eJustin"}