{"version":"1.0","provider_name":"\u017durnalas Lietuv\u0117","provider_url":"https:\/\/lietuve.lt","title":"Prasid\u0117jo Chaimo Frenkelio vilos vasaros festivalis - \u017durnalas Lietuv\u0117","type":"rich","width":600,"height":338,"html":"<blockquote class=\"wp-embedded-content\" data-secret=\"KGLYLrgg3Q\"><a href=\"https:\/\/lietuve.lt\/prasidejo-chaimo-frenkelio-vilos-vasaros-festivalis\/\">Prasid\u0117jo Chaimo Frenkelio vilos vasaros festivalis<\/a><\/blockquote><iframe sandbox=\"allow-scripts\" security=\"restricted\" src=\"https:\/\/lietuve.lt\/prasidejo-chaimo-frenkelio-vilos-vasaros-festivalis\/embed\/#?secret=KGLYLrgg3Q\" width=\"600\" height=\"338\" title=\"&#8220;Prasid\u0117jo Chaimo Frenkelio vilos vasaros festivalis&#8221; &#8212; \u017durnalas Lietuv\u0117\" data-secret=\"KGLYLrgg3Q\" frameborder=\"0\" marginwidth=\"0\" marginheight=\"0\" scrolling=\"no\" class=\"wp-embedded-content\"><\/iframe><script type=\"text\/javascript\">\n\/* <![CDATA[ *\/\n\/*! This file is auto-generated *\/\n!function(d,l){\"use strict\";l.querySelector&&d.addEventListener&&\"undefined\"!=typeof URL&&(d.wp=d.wp||{},d.wp.receiveEmbedMessage||(d.wp.receiveEmbedMessage=function(e){var t=e.data;if((t||t.secret||t.message||t.value)&&!\/[^a-zA-Z0-9]\/.test(t.secret)){for(var s,r,n,a=l.querySelectorAll('iframe[data-secret=\"'+t.secret+'\"]'),o=l.querySelectorAll('blockquote[data-secret=\"'+t.secret+'\"]'),c=new RegExp(\"^https?:$\",\"i\"),i=0;i<o.length;i++)o[i].style.display=\"none\";for(i=0;i<a.length;i++)s=a[i],e.source===s.contentWindow&&(s.removeAttribute(\"style\"),\"height\"===t.message?(1e3<(r=parseInt(t.value,10))?r=1e3:~~r<200&&(r=200),s.height=r):\"link\"===t.message&&(r=new URL(s.getAttribute(\"src\")),n=new URL(t.value),c.test(n.protocol))&&n.host===r.host&&l.activeElement===s&&(d.top.location.href=t.value))}},d.addEventListener(\"message\",d.wp.receiveEmbedMessage,!1),l.addEventListener(\"DOMContentLoaded\",function(){for(var e,t,s=l.querySelectorAll(\"iframe.wp-embedded-content\"),r=0;r<s.length;r++)(t=(e=s[r]).getAttribute(\"data-secret\"))||(t=Math.random().toString(36).substring(2,12),e.src+=\"#?secret=\"+t,e.setAttribute(\"data-secret\",t)),e.contentWindow.postMessage({message:\"ready\",secret:t},\"*\")},!1)))}(window,document);\n\/\/# sourceURL=https:\/\/lietuve.lt\/wp-includes\/js\/wp-embed.min.js\n\/* ]]> *\/\n<\/script>\n","description":"2015 m. liepos 6 d. \u0160iauli\u0173 \u201eAu\u0161ros\u201c muziejaus Chaimo Frenkelio vilos parke (Vilniaus g. 74, \u0160iauliai) prasid\u0117jo kasmetis, dvyliktus metus organizuojamas tarptautinis Chaimo Frenkelio vilos vasaros festivalis. Valstyb\u0117s dien\u0105 surengtas \u0161ventinis atidarymo koncertas \u201eViena T\u0117vyn\u0117 Lietuva\u201c prasid\u0117jo i\u0161kilmingai \u2013 \u201eAu\u0161ros\u201c muziejaus direktorius Raimundas Balza buvo apdovanotas Kult\u016bros ministerijos Garb\u0117s \u017eenklu \u201eNe\u0161k savo \u0161vies\u0105 ir tik\u0117k\u201c."}