{"version":"1.0","provider_name":"\u017durnalas Lietuv\u0117","provider_url":"https:\/\/lietuve.lt","title":"Prasid\u0117jo nacionalinis mokini\u0173 konkursas \u201ePraeities stipryb\u0117 \u2013 dabar\u010diai\u201c - \u017durnalas Lietuv\u0117","type":"rich","width":600,"height":338,"html":"<blockquote class=\"wp-embedded-content\" data-secret=\"YBotQD6qKd\"><a href=\"https:\/\/lietuve.lt\/prasidejo-nacionalinis-mokiniu-konkursas-praeities-stiprybe-dabarciai\/\">Prasid\u0117jo nacionalinis mokini\u0173 konkursas \u201ePraeities stipryb\u0117 \u2013 dabar\u010diai\u201c<\/a><\/blockquote><iframe sandbox=\"allow-scripts\" security=\"restricted\" src=\"https:\/\/lietuve.lt\/prasidejo-nacionalinis-mokiniu-konkursas-praeities-stiprybe-dabarciai\/embed\/#?secret=YBotQD6qKd\" width=\"600\" height=\"338\" title=\"&#8220;Prasid\u0117jo nacionalinis mokini\u0173 konkursas \u201ePraeities stipryb\u0117 \u2013 dabar\u010diai\u201c&#8221; &#8212; \u017durnalas Lietuv\u0117\" data-secret=\"YBotQD6qKd\" frameborder=\"0\" marginwidth=\"0\" marginheight=\"0\" scrolling=\"no\" class=\"wp-embedded-content\"><\/iframe><script type=\"text\/javascript\">\n\/* <![CDATA[ *\/\n\/*! This file is auto-generated *\/\n!function(d,l){\"use strict\";l.querySelector&&d.addEventListener&&\"undefined\"!=typeof URL&&(d.wp=d.wp||{},d.wp.receiveEmbedMessage||(d.wp.receiveEmbedMessage=function(e){var t=e.data;if((t||t.secret||t.message||t.value)&&!\/[^a-zA-Z0-9]\/.test(t.secret)){for(var s,r,n,a=l.querySelectorAll('iframe[data-secret=\"'+t.secret+'\"]'),o=l.querySelectorAll('blockquote[data-secret=\"'+t.secret+'\"]'),c=new RegExp(\"^https?:$\",\"i\"),i=0;i<o.length;i++)o[i].style.display=\"none\";for(i=0;i<a.length;i++)s=a[i],e.source===s.contentWindow&&(s.removeAttribute(\"style\"),\"height\"===t.message?(1e3<(r=parseInt(t.value,10))?r=1e3:~~r<200&&(r=200),s.height=r):\"link\"===t.message&&(r=new URL(s.getAttribute(\"src\")),n=new URL(t.value),c.test(n.protocol))&&n.host===r.host&&l.activeElement===s&&(d.top.location.href=t.value))}},d.addEventListener(\"message\",d.wp.receiveEmbedMessage,!1),l.addEventListener(\"DOMContentLoaded\",function(){for(var e,t,s=l.querySelectorAll(\"iframe.wp-embedded-content\"),r=0;r<s.length;r++)(t=(e=s[r]).getAttribute(\"data-secret\"))||(t=Math.random().toString(36).substring(2,12),e.src+=\"#?secret=\"+t,e.setAttribute(\"data-secret\",t)),e.contentWindow.postMessage({message:\"ready\",secret:t},\"*\")},!1)))}(window,document);\n\/\/# sourceURL=https:\/\/lietuve.lt\/wp-includes\/js\/wp-embed.min.js\n\/* ]]> *\/\n<\/script>\n","description":"Rugs\u0117jo 18 d. Vilniaus universiteto Mikalojaus Dauk\u0161os (Istorijos fakulteto) kiemelyje paskelbta nacionalinio konkurso mokiniams \u201ePraeities stipryb\u0117 \u2013 dabar\u010diai\u201c prad\u017eia. Projekto iniciatoriai ir glob\u0117jai simboli\u0161kai pasira\u0161\u0117 ant konkurso plakato ir \u012fteik\u0117 j\u012f Lietuvos istorijos mokytoj\u0173 asociacijos tarybos pirmininkei, mokytojai ekspertei \u017danetai Va\u0161kevi\u010dienei saugoti. \u201eD\u0117l \u0161io projekto pa\u010dioje artimiausioje gyvenamojoje aplinkoje galima prisiliesti prie Laisv\u0117s istorijos p\u0117dsak\u0173,"}