{"version":"1.0","provider_name":"\u017durnalas Lietuv\u0117","provider_url":"https:\/\/lietuve.lt","title":"Prasid\u0117jo Ryt\u0173 kra\u0161t\u0173 lietuvi\u0173 jaunimui skirtas renginys - \u017durnalas Lietuv\u0117","type":"rich","width":600,"height":338,"html":"<blockquote class=\"wp-embedded-content\" data-secret=\"Pd8RYRZGRe\"><a href=\"https:\/\/lietuve.lt\/prasidejo-rytu-krastu-lietuviu-jaunimui-skirtas-renginys\/\">Prasid\u0117jo Ryt\u0173 kra\u0161t\u0173 lietuvi\u0173 jaunimui skirtas renginys<\/a><\/blockquote><iframe sandbox=\"allow-scripts\" security=\"restricted\" src=\"https:\/\/lietuve.lt\/prasidejo-rytu-krastu-lietuviu-jaunimui-skirtas-renginys\/embed\/#?secret=Pd8RYRZGRe\" width=\"600\" height=\"338\" title=\"&#8220;Prasid\u0117jo Ryt\u0173 kra\u0161t\u0173 lietuvi\u0173 jaunimui skirtas renginys&#8221; &#8212; \u017durnalas Lietuv\u0117\" data-secret=\"Pd8RYRZGRe\" frameborder=\"0\" marginwidth=\"0\" marginheight=\"0\" scrolling=\"no\" class=\"wp-embedded-content\"><\/iframe><script type=\"text\/javascript\">\n\/* <![CDATA[ *\/\n\/*! This file is auto-generated *\/\n!function(d,l){\"use strict\";l.querySelector&&d.addEventListener&&\"undefined\"!=typeof URL&&(d.wp=d.wp||{},d.wp.receiveEmbedMessage||(d.wp.receiveEmbedMessage=function(e){var t=e.data;if((t||t.secret||t.message||t.value)&&!\/[^a-zA-Z0-9]\/.test(t.secret)){for(var s,r,n,a=l.querySelectorAll('iframe[data-secret=\"'+t.secret+'\"]'),o=l.querySelectorAll('blockquote[data-secret=\"'+t.secret+'\"]'),c=new RegExp(\"^https?:$\",\"i\"),i=0;i<o.length;i++)o[i].style.display=\"none\";for(i=0;i<a.length;i++)s=a[i],e.source===s.contentWindow&&(s.removeAttribute(\"style\"),\"height\"===t.message?(1e3<(r=parseInt(t.value,10))?r=1e3:~~r<200&&(r=200),s.height=r):\"link\"===t.message&&(r=new URL(s.getAttribute(\"src\")),n=new URL(t.value),c.test(n.protocol))&&n.host===r.host&&l.activeElement===s&&(d.top.location.href=t.value))}},d.addEventListener(\"message\",d.wp.receiveEmbedMessage,!1),l.addEventListener(\"DOMContentLoaded\",function(){for(var e,t,s=l.querySelectorAll(\"iframe.wp-embedded-content\"),r=0;r<s.length;r++)(t=(e=s[r]).getAttribute(\"data-secret\"))||(t=Math.random().toString(36).substring(2,12),e.src+=\"#?secret=\"+t,e.setAttribute(\"data-secret\",t)),e.contentWindow.postMessage({message:\"ready\",secret:t},\"*\")},!1)))}(window,document);\n\/\/# sourceURL=https:\/\/lietuve.lt\/wp-includes\/js\/wp-embed.min.js\n\/* ]]> *\/\n<\/script>\n","description":"U\u017esienio reikal\u0173 ministerijoje rugs\u0117jo 16 dien\u0105 prasid\u0117jo seminaras Ryt\u0173 kra\u0161t\u0173 lietuvi\u0173 jaunimui. \u012e tris dienas truksiant\u012f rengin\u012f atvyko 22 Lietuvos pilietyb\u0119 turintys arba lietuvi\u0173 kilm\u0117s jaunuoliai i\u0161 Rusijos, Baltarusijos, Ukrainos, Gruzijos ir Arm\u0117nijos. Seminaro dalyvius pasveikinusio u\u017esienio reikal\u0173 ministro Lino Linkevi\u010diaus teigimu, pasaulio lietuvi\u0173 jaunimo ind\u0117lis kuriant globali\u0105 Lietuv\u0105 yra itin svarbus. \u201eU\u017esienio reikal\u0173 ministerija"}