{"version":"1.0","provider_name":"\u017durnalas Lietuv\u0117","provider_url":"https:\/\/lietuve.lt","title":"Premjer\u0117: \u201eNegalime atsisakyti savo vertybi\u0173 ir pasiduoti \u0161anta\u017eui\u201c - \u017durnalas Lietuv\u0117","type":"rich","width":600,"height":338,"html":"<blockquote class=\"wp-embedded-content\" data-secret=\"Gf4VQ8n6Sn\"><a href=\"https:\/\/lietuve.lt\/premjere-negalime-atsisakyti-savo-vertybiu-ir-pasiduoti-santazui\/\">Premjer\u0117: \u201eNegalime atsisakyti savo vertybi\u0173 ir pasiduoti \u0161anta\u017eui\u201c<\/a><\/blockquote><iframe sandbox=\"allow-scripts\" security=\"restricted\" src=\"https:\/\/lietuve.lt\/premjere-negalime-atsisakyti-savo-vertybiu-ir-pasiduoti-santazui\/embed\/#?secret=Gf4VQ8n6Sn\" width=\"600\" height=\"338\" title=\"&#8220;Premjer\u0117: \u201eNegalime atsisakyti savo vertybi\u0173 ir pasiduoti \u0161anta\u017eui\u201c&#8221; &#8212; \u017durnalas Lietuv\u0117\" data-secret=\"Gf4VQ8n6Sn\" frameborder=\"0\" marginwidth=\"0\" marginheight=\"0\" scrolling=\"no\" class=\"wp-embedded-content\"><\/iframe><script type=\"text\/javascript\">\n\/* <![CDATA[ *\/\n\/*! This file is auto-generated *\/\n!function(d,l){\"use strict\";l.querySelector&&d.addEventListener&&\"undefined\"!=typeof URL&&(d.wp=d.wp||{},d.wp.receiveEmbedMessage||(d.wp.receiveEmbedMessage=function(e){var t=e.data;if((t||t.secret||t.message||t.value)&&!\/[^a-zA-Z0-9]\/.test(t.secret)){for(var s,r,n,a=l.querySelectorAll('iframe[data-secret=\"'+t.secret+'\"]'),o=l.querySelectorAll('blockquote[data-secret=\"'+t.secret+'\"]'),c=new RegExp(\"^https?:$\",\"i\"),i=0;i<o.length;i++)o[i].style.display=\"none\";for(i=0;i<a.length;i++)s=a[i],e.source===s.contentWindow&&(s.removeAttribute(\"style\"),\"height\"===t.message?(1e3<(r=parseInt(t.value,10))?r=1e3:~~r<200&&(r=200),s.height=r):\"link\"===t.message&&(r=new URL(s.getAttribute(\"src\")),n=new URL(t.value),c.test(n.protocol))&&n.host===r.host&&l.activeElement===s&&(d.top.location.href=t.value))}},d.addEventListener(\"message\",d.wp.receiveEmbedMessage,!1),l.addEventListener(\"DOMContentLoaded\",function(){for(var e,t,s=l.querySelectorAll(\"iframe.wp-embedded-content\"),r=0;r<s.length;r++)(t=(e=s[r]).getAttribute(\"data-secret\"))||(t=Math.random().toString(36).substring(2,12),e.src+=\"#?secret=\"+t,e.setAttribute(\"data-secret\",t)),e.contentWindow.postMessage({message:\"ready\",secret:t},\"*\")},!1)))}(window,document);\n\/\/# sourceURL=https:\/\/lietuve.lt\/wp-includes\/js\/wp-embed.min.js\n\/* ]]> *\/\n<\/script>\n","thumbnail_url":"https:\/\/lietuve.lt\/wp-content\/uploads\/2021\/11\/1-19.jpg","thumbnail_width":852,"thumbnail_height":536,"description":"Lietuvos Respublikos Prezidentas Gitanas Naus\u0117da ir Ministr\u0117 Pirminink\u0117 Ingrida \u0160imonyt\u0117 sekmadien\u012f Prezident\u016broje susitiko su \u0160iaur\u0117s Atlanto sutarties organizacijos (NATO) generaliniu sekretoriumi Jensu Stoltenbergu ir Europos Komisijos (EK) pirmininke Ursula von der Leyen. Susitikimo metu aptarta saugumo situacija regione, pad\u0117tis Europos S\u0105jungos ir Baltarusijos pasienyje, susidariusi d\u0117l Luka\u0161enkos re\u017eimo vykdomos hibridin\u0117s atakos. \u201e\u0160iandien yra labai svarbi"}