{"version":"1.0","provider_name":"\u017durnalas Lietuv\u0117","provider_url":"https:\/\/lietuve.lt","title":"Prezidentas pristat\u0117 \u0161alies \u0161vietimo sistemos poky\u010di\u0173 vizij\u0105 - \u017durnalas Lietuv\u0117","type":"rich","width":600,"height":338,"html":"<blockquote class=\"wp-embedded-content\" data-secret=\"D7bHFKzz2j\"><a href=\"https:\/\/lietuve.lt\/prezidentas-pristate-salies-svietimo-sistemos-pokyciu-vizija\/\">Prezidentas pristat\u0117 \u0161alies \u0161vietimo sistemos poky\u010di\u0173 vizij\u0105<\/a><\/blockquote><iframe sandbox=\"allow-scripts\" security=\"restricted\" src=\"https:\/\/lietuve.lt\/prezidentas-pristate-salies-svietimo-sistemos-pokyciu-vizija\/embed\/#?secret=D7bHFKzz2j\" width=\"600\" height=\"338\" title=\"&#8220;Prezidentas pristat\u0117 \u0161alies \u0161vietimo sistemos poky\u010di\u0173 vizij\u0105&#8221; &#8212; \u017durnalas Lietuv\u0117\" data-secret=\"D7bHFKzz2j\" frameborder=\"0\" marginwidth=\"0\" marginheight=\"0\" scrolling=\"no\" class=\"wp-embedded-content\"><\/iframe><script type=\"text\/javascript\">\n\/* <![CDATA[ *\/\n\/*! This file is auto-generated *\/\n!function(d,l){\"use strict\";l.querySelector&&d.addEventListener&&\"undefined\"!=typeof URL&&(d.wp=d.wp||{},d.wp.receiveEmbedMessage||(d.wp.receiveEmbedMessage=function(e){var t=e.data;if((t||t.secret||t.message||t.value)&&!\/[^a-zA-Z0-9]\/.test(t.secret)){for(var s,r,n,a=l.querySelectorAll('iframe[data-secret=\"'+t.secret+'\"]'),o=l.querySelectorAll('blockquote[data-secret=\"'+t.secret+'\"]'),c=new RegExp(\"^https?:$\",\"i\"),i=0;i<o.length;i++)o[i].style.display=\"none\";for(i=0;i<a.length;i++)s=a[i],e.source===s.contentWindow&&(s.removeAttribute(\"style\"),\"height\"===t.message?(1e3<(r=parseInt(t.value,10))?r=1e3:~~r<200&&(r=200),s.height=r):\"link\"===t.message&&(r=new URL(s.getAttribute(\"src\")),n=new URL(t.value),c.test(n.protocol))&&n.host===r.host&&l.activeElement===s&&(d.top.location.href=t.value))}},d.addEventListener(\"message\",d.wp.receiveEmbedMessage,!1),l.addEventListener(\"DOMContentLoaded\",function(){for(var e,t,s=l.querySelectorAll(\"iframe.wp-embedded-content\"),r=0;r<s.length;r++)(t=(e=s[r]).getAttribute(\"data-secret\"))||(t=Math.random().toString(36).substring(2,12),e.src+=\"#?secret=\"+t,e.setAttribute(\"data-secret\",t)),e.contentWindow.postMessage({message:\"ready\",secret:t},\"*\")},!1)))}(window,document);\n\/\/# sourceURL=https:\/\/lietuve.lt\/wp-includes\/js\/wp-embed.min.js\n\/* ]]> *\/\n<\/script>\n","thumbnail_url":"https:\/\/lietuve.lt\/wp-content\/uploads\/2020\/08\/Gitanas-Naus\u0117da.jpg","thumbnail_width":800,"thumbnail_height":533,"description":"Lietuvos Prezidentas Gitanas Naus\u0117da nauj\u0173j\u0173 mokslo met\u0173 i\u0161vakar\u0117se pristat\u0117 \u0161alies \u0161vietimo sistemos poky\u010di\u0173 vizij\u0105, orientuot\u0105 \u012f kokybi\u0161k\u0105 i\u0161silavinim\u0105 kiekvienam vaikui, socialin\u0117s atskirties ma\u017einim\u0105 ir auk\u0161tojo mokslo stiprinim\u0105. \u201ePirmiausia nor\u0117\u010diau pad\u0117koti visai \u0161vietimo bendruomenei: mokytojams, specialiesiems pedagogams, kitiems specialistams, bibliotekininkams, visiems, kurie dirba mokyklose ir prisideda prie to, kad m\u016bs\u0173 vaikai mokyklose jaust\u0173si geriau, saugiau. Labai"}