{"version":"1.0","provider_name":"\u017durnalas Lietuv\u0117","provider_url":"https:\/\/lietuve.lt","title":"Prezidentas sveikina Mokslo ir \u017eini\u0173 dienos proga - \u017durnalas Lietuv\u0117","type":"rich","width":600,"height":338,"html":"<blockquote class=\"wp-embedded-content\" data-secret=\"tUlceThBPf\"><a href=\"https:\/\/lietuve.lt\/prezidentas-sveikina-mokslo-ir-ziniu-dienos-proga\/\">Prezidentas sveikina Mokslo ir \u017eini\u0173 dienos proga<\/a><\/blockquote><iframe sandbox=\"allow-scripts\" security=\"restricted\" src=\"https:\/\/lietuve.lt\/prezidentas-sveikina-mokslo-ir-ziniu-dienos-proga\/embed\/#?secret=tUlceThBPf\" width=\"600\" height=\"338\" title=\"&#8220;Prezidentas sveikina Mokslo ir \u017eini\u0173 dienos proga&#8221; &#8212; \u017durnalas Lietuv\u0117\" data-secret=\"tUlceThBPf\" frameborder=\"0\" marginwidth=\"0\" marginheight=\"0\" scrolling=\"no\" class=\"wp-embedded-content\"><\/iframe><script type=\"text\/javascript\">\n\/* <![CDATA[ *\/\n\/*! This file is auto-generated *\/\n!function(d,l){\"use strict\";l.querySelector&&d.addEventListener&&\"undefined\"!=typeof URL&&(d.wp=d.wp||{},d.wp.receiveEmbedMessage||(d.wp.receiveEmbedMessage=function(e){var t=e.data;if((t||t.secret||t.message||t.value)&&!\/[^a-zA-Z0-9]\/.test(t.secret)){for(var s,r,n,a=l.querySelectorAll('iframe[data-secret=\"'+t.secret+'\"]'),o=l.querySelectorAll('blockquote[data-secret=\"'+t.secret+'\"]'),c=new RegExp(\"^https?:$\",\"i\"),i=0;i<o.length;i++)o[i].style.display=\"none\";for(i=0;i<a.length;i++)s=a[i],e.source===s.contentWindow&&(s.removeAttribute(\"style\"),\"height\"===t.message?(1e3<(r=parseInt(t.value,10))?r=1e3:~~r<200&&(r=200),s.height=r):\"link\"===t.message&&(r=new URL(s.getAttribute(\"src\")),n=new URL(t.value),c.test(n.protocol))&&n.host===r.host&&l.activeElement===s&&(d.top.location.href=t.value))}},d.addEventListener(\"message\",d.wp.receiveEmbedMessage,!1),l.addEventListener(\"DOMContentLoaded\",function(){for(var e,t,s=l.querySelectorAll(\"iframe.wp-embedded-content\"),r=0;r<s.length;r++)(t=(e=s[r]).getAttribute(\"data-secret\"))||(t=Math.random().toString(36).substring(2,12),e.src+=\"#?secret=\"+t,e.setAttribute(\"data-secret\",t)),e.contentWindow.postMessage({message:\"ready\",secret:t},\"*\")},!1)))}(window,document);\n\/\/# sourceURL=https:\/\/lietuve.lt\/wp-includes\/js\/wp-embed.min.js\n\/* ]]> *\/\n<\/script>\n","thumbnail_url":"https:\/\/lietuve.lt\/wp-content\/uploads\/2020\/09\/1.jpg","thumbnail_width":770,"thumbnail_height":427,"description":"https:\/\/www.youtube.com\/watch?v=yf-qa7w-Nfc&#038;feature=emb_logo Mieli mokytojai, mokiniai, t\u0117veliai, visa mokykl\u0173 bendruomene, kiekviena Rugs\u0117jo 1-oji yra kupina tam tikro jaudulio: kokie bus ateinantys mokslo metai? Kas pavyks man asmeni\u0161kai, mano klasei, mano mokyklai? Kaip prie to prisid\u0117siu a\u0161 konkre\u010diai? Turb\u016bt tokie klausimai kyla kiekvienam vaiku\u010diui, kuris praveria mokyklos duris. \u0160iandien mokykloje mes matome\u00a0\u2013 tai poky\u010di\u0173 metai. Kai kurie poky\u010diai"}