{"version":"1.0","provider_name":"\u017durnalas Lietuv\u0117","provider_url":"https:\/\/lietuve.lt","title":"Prezident\u0117 apdovanojo konkurso \u201e\u0160vari kalba \u2013 \u0161vari galva\u201c nugal\u0117tojus - \u017durnalas Lietuv\u0117","type":"rich","width":600,"height":338,"html":"<blockquote class=\"wp-embedded-content\" data-secret=\"sfvxSZqx8d\"><a href=\"https:\/\/lietuve.lt\/prezidente-apdovanojo-konkurso-svari-kalba-svari-galva-nugaletojus\/\">Prezident\u0117 apdovanojo konkurso \u201e\u0160vari kalba \u2013 \u0161vari galva\u201c nugal\u0117tojus<\/a><\/blockquote><iframe sandbox=\"allow-scripts\" security=\"restricted\" src=\"https:\/\/lietuve.lt\/prezidente-apdovanojo-konkurso-svari-kalba-svari-galva-nugaletojus\/embed\/#?secret=sfvxSZqx8d\" width=\"600\" height=\"338\" title=\"&#8220;Prezident\u0117 apdovanojo konkurso \u201e\u0160vari kalba \u2013 \u0161vari galva\u201c nugal\u0117tojus&#8221; &#8212; \u017durnalas Lietuv\u0117\" data-secret=\"sfvxSZqx8d\" frameborder=\"0\" marginwidth=\"0\" marginheight=\"0\" scrolling=\"no\" class=\"wp-embedded-content\"><\/iframe><script type=\"text\/javascript\">\n\/* <![CDATA[ *\/\n\/*! This file is auto-generated *\/\n!function(d,l){\"use strict\";l.querySelector&&d.addEventListener&&\"undefined\"!=typeof URL&&(d.wp=d.wp||{},d.wp.receiveEmbedMessage||(d.wp.receiveEmbedMessage=function(e){var t=e.data;if((t||t.secret||t.message||t.value)&&!\/[^a-zA-Z0-9]\/.test(t.secret)){for(var s,r,n,a=l.querySelectorAll('iframe[data-secret=\"'+t.secret+'\"]'),o=l.querySelectorAll('blockquote[data-secret=\"'+t.secret+'\"]'),c=new RegExp(\"^https?:$\",\"i\"),i=0;i<o.length;i++)o[i].style.display=\"none\";for(i=0;i<a.length;i++)s=a[i],e.source===s.contentWindow&&(s.removeAttribute(\"style\"),\"height\"===t.message?(1e3<(r=parseInt(t.value,10))?r=1e3:~~r<200&&(r=200),s.height=r):\"link\"===t.message&&(r=new URL(s.getAttribute(\"src\")),n=new URL(t.value),c.test(n.protocol))&&n.host===r.host&&l.activeElement===s&&(d.top.location.href=t.value))}},d.addEventListener(\"message\",d.wp.receiveEmbedMessage,!1),l.addEventListener(\"DOMContentLoaded\",function(){for(var e,t,s=l.querySelectorAll(\"iframe.wp-embedded-content\"),r=0;r<s.length;r++)(t=(e=s[r]).getAttribute(\"data-secret\"))||(t=Math.random().toString(36).substring(2,12),e.src+=\"#?secret=\"+t,e.setAttribute(\"data-secret\",t)),e.contentWindow.postMessage({message:\"ready\",secret:t},\"*\")},!1)))}(window,document);\n\/\/# sourceURL=https:\/\/lietuve.lt\/wp-includes\/js\/wp-embed.min.js\n\/* ]]> *\/\n<\/script>\n","description":"Pirmadien\u012f, kovo 16 d., Lietuvos Respublikos Prezident\u0117 Dalia Grybauskait\u0117 pasveikino moksleivi\u0173 konkurso \u201e\u0160vari kalba \u2013 \u0161vari galva\u201c nugal\u0117tojus ir j\u0173 mokytojus. Iniciatyvos tikslas \u2013 skatinti jaun\u0105j\u0105 kart\u0105 elektronin\u0117je erdv\u0117je vartoti taisykling\u0105 kalb\u0105. \u201e\u0160vari kalba \u2013 \u017emogi\u0161kos brandos po\u017eymis ir pilietinio s\u0105moningumo simbolis. Tod\u0117l \u0161iandien, Knygne\u0161io dien\u0105, i\u0161 naujo suvokime gimtosios kalbos reik\u0161m\u0119 ir saugokime tai,"}