{"version":"1.0","provider_name":"\u017durnalas Lietuv\u0117","provider_url":"https:\/\/lietuve.lt","title":"Prezident\u0117 atidar\u0117 \u201eLietuvos dien\u0173\u201c rengin\u012f Ukrainoje - \u017durnalas Lietuv\u0117","type":"rich","width":600,"height":338,"html":"<blockquote class=\"wp-embedded-content\" data-secret=\"Tid7EM1iy0\"><a href=\"https:\/\/lietuve.lt\/prezidente-atidare-lietuvos-dienu-rengini-ukrainoje\/\">Prezident\u0117 atidar\u0117 \u201eLietuvos dien\u0173\u201c rengin\u012f Ukrainoje<\/a><\/blockquote><iframe sandbox=\"allow-scripts\" security=\"restricted\" src=\"https:\/\/lietuve.lt\/prezidente-atidare-lietuvos-dienu-rengini-ukrainoje\/embed\/#?secret=Tid7EM1iy0\" width=\"600\" height=\"338\" title=\"&#8220;Prezident\u0117 atidar\u0117 \u201eLietuvos dien\u0173\u201c rengin\u012f Ukrainoje&#8221; &#8212; \u017durnalas Lietuv\u0117\" data-secret=\"Tid7EM1iy0\" frameborder=\"0\" marginwidth=\"0\" marginheight=\"0\" scrolling=\"no\" class=\"wp-embedded-content\"><\/iframe><script type=\"text\/javascript\">\n\/* <![CDATA[ *\/\n\/*! This file is auto-generated *\/\n!function(d,l){\"use strict\";l.querySelector&&d.addEventListener&&\"undefined\"!=typeof URL&&(d.wp=d.wp||{},d.wp.receiveEmbedMessage||(d.wp.receiveEmbedMessage=function(e){var t=e.data;if((t||t.secret||t.message||t.value)&&!\/[^a-zA-Z0-9]\/.test(t.secret)){for(var s,r,n,a=l.querySelectorAll('iframe[data-secret=\"'+t.secret+'\"]'),o=l.querySelectorAll('blockquote[data-secret=\"'+t.secret+'\"]'),c=new RegExp(\"^https?:$\",\"i\"),i=0;i<o.length;i++)o[i].style.display=\"none\";for(i=0;i<a.length;i++)s=a[i],e.source===s.contentWindow&&(s.removeAttribute(\"style\"),\"height\"===t.message?(1e3<(r=parseInt(t.value,10))?r=1e3:~~r<200&&(r=200),s.height=r):\"link\"===t.message&&(r=new URL(s.getAttribute(\"src\")),n=new URL(t.value),c.test(n.protocol))&&n.host===r.host&&l.activeElement===s&&(d.top.location.href=t.value))}},d.addEventListener(\"message\",d.wp.receiveEmbedMessage,!1),l.addEventListener(\"DOMContentLoaded\",function(){for(var e,t,s=l.querySelectorAll(\"iframe.wp-embedded-content\"),r=0;r<s.length;r++)(t=(e=s[r]).getAttribute(\"data-secret\"))||(t=Math.random().toString(36).substring(2,12),e.src+=\"#?secret=\"+t,e.setAttribute(\"data-secret\",t)),e.contentWindow.postMessage({message:\"ready\",secret:t},\"*\")},!1)))}(window,document);\n\/\/# sourceURL=https:\/\/lietuve.lt\/wp-includes\/js\/wp-embed.min.js\n\/* ]]> *\/\n<\/script>\n","thumbnail_url":"https:\/\/lietuve.lt\/wp-content\/uploads\/2017\/06\/1-67.jpg","thumbnail_width":1024,"thumbnail_height":761,"description":"Su darbo vizitu Ukrainoje vie\u0161inti Lietuvos Respublikos Prezident\u0117 Dalia Grybauskait\u0117 dav\u0117 start\u0105 \u201eLietuvos dien\u0173\u201c Charkove renginiui. Tai tradicinis Lietuvos ambasados Ukrainoje organizuojamas renginys, \u0161iemet vykstantis Charkove ir Odesoje.\u00a0 Pasak Prezident\u0117s, simboli\u0161ka, kad \u201eLietuvos dienos\u201c vyksta Charkove\u00a0\u2013 mieste, kuris \u017eino, k\u0105 rei\u0161kia apginti savo laisv\u0119. Ukrainos rytuose \u012fsik\u016brus\u012f Charkov\u0105 2014 m. band\u0117 u\u017eimti rus\u0173 separatistai, ta\u010diau"}