{"version":"1.0","provider_name":"\u017durnalas Lietuv\u0117","provider_url":"https:\/\/lietuve.lt","title":"Prezident\u0117: \u201eBir\u017eelio 14-\u0105j\u0105 patvirtiname \u2013 atmintis gyva\u201c - \u017durnalas Lietuv\u0117","type":"rich","width":600,"height":338,"html":"<blockquote class=\"wp-embedded-content\" data-secret=\"CyCNe6fohj\"><a href=\"https:\/\/lietuve.lt\/prezidente-birzelio-14-aja-patvirtiname-atmintis-gyva\/\">Prezident\u0117: \u201eBir\u017eelio 14-\u0105j\u0105 patvirtiname \u2013 atmintis gyva\u201c<\/a><\/blockquote><iframe sandbox=\"allow-scripts\" security=\"restricted\" src=\"https:\/\/lietuve.lt\/prezidente-birzelio-14-aja-patvirtiname-atmintis-gyva\/embed\/#?secret=CyCNe6fohj\" width=\"600\" height=\"338\" title=\"&#8220;Prezident\u0117: \u201eBir\u017eelio 14-\u0105j\u0105 patvirtiname \u2013 atmintis gyva\u201c&#8221; &#8212; \u017durnalas Lietuv\u0117\" data-secret=\"CyCNe6fohj\" frameborder=\"0\" marginwidth=\"0\" marginheight=\"0\" scrolling=\"no\" class=\"wp-embedded-content\"><\/iframe><script type=\"text\/javascript\">\n\/* <![CDATA[ *\/\n\/*! This file is auto-generated *\/\n!function(d,l){\"use strict\";l.querySelector&&d.addEventListener&&\"undefined\"!=typeof URL&&(d.wp=d.wp||{},d.wp.receiveEmbedMessage||(d.wp.receiveEmbedMessage=function(e){var t=e.data;if((t||t.secret||t.message||t.value)&&!\/[^a-zA-Z0-9]\/.test(t.secret)){for(var s,r,n,a=l.querySelectorAll('iframe[data-secret=\"'+t.secret+'\"]'),o=l.querySelectorAll('blockquote[data-secret=\"'+t.secret+'\"]'),c=new RegExp(\"^https?:$\",\"i\"),i=0;i<o.length;i++)o[i].style.display=\"none\";for(i=0;i<a.length;i++)s=a[i],e.source===s.contentWindow&&(s.removeAttribute(\"style\"),\"height\"===t.message?(1e3<(r=parseInt(t.value,10))?r=1e3:~~r<200&&(r=200),s.height=r):\"link\"===t.message&&(r=new URL(s.getAttribute(\"src\")),n=new URL(t.value),c.test(n.protocol))&&n.host===r.host&&l.activeElement===s&&(d.top.location.href=t.value))}},d.addEventListener(\"message\",d.wp.receiveEmbedMessage,!1),l.addEventListener(\"DOMContentLoaded\",function(){for(var e,t,s=l.querySelectorAll(\"iframe.wp-embedded-content\"),r=0;r<s.length;r++)(t=(e=s[r]).getAttribute(\"data-secret\"))||(t=Math.random().toString(36).substring(2,12),e.src+=\"#?secret=\"+t,e.setAttribute(\"data-secret\",t)),e.contentWindow.postMessage({message:\"ready\",secret:t},\"*\")},!1)))}(window,document);\n\/\/# sourceURL=https:\/\/lietuve.lt\/wp-includes\/js\/wp-embed.min.js\n\/* ]]> *\/\n<\/script>\n","thumbnail_url":"https:\/\/lietuve.lt\/wp-content\/uploads\/2018\/06\/3-21.jpg","thumbnail_width":1024,"thumbnail_height":683,"description":"Ketvirtadien\u012f, bir\u017eelio 14 d., Prezident\u0117 Dalia Grybauskait\u0117 dalyvavo okupacijos, genocido ir sovietme\u010dio represij\u0173 auk\u0173 pagerbimo ceremonijoje. Savo kalboje Prezident\u0117 pabr\u0117\u017e\u0117, kad kasmet susirinkdami prie paminklo politiniams kaliniams ir tremtiniams atminti patvirtiname, jog atmintis gyva. Pasak \u0161alies vadov\u0117s, suvokimas, k\u0105 tauta patyr\u0117 per sovietme\u010dio genocid\u0105 ir represijas, yra m\u016bs\u0173 savasties dalis, be kurios ne\u012fmanoma suprasti m\u016bs\u0173"}