{"version":"1.0","provider_name":"\u017durnalas Lietuv\u0117","provider_url":"https:\/\/lietuve.lt","title":"Prezident\u0117: \u201eDideli poky\u010diai prasideda nuo m\u016bs\u0173 pa\u010di\u0173\u201c - \u017durnalas Lietuv\u0117","type":"rich","width":600,"height":338,"html":"<blockquote class=\"wp-embedded-content\" data-secret=\"l1WptghOEK\"><a href=\"https:\/\/lietuve.lt\/prezidente-dideli-pokyciai-prasideda-nuo-musu-paciu\/\">Prezident\u0117: \u201eDideli poky\u010diai prasideda nuo m\u016bs\u0173 pa\u010di\u0173\u201c<\/a><\/blockquote><iframe sandbox=\"allow-scripts\" security=\"restricted\" src=\"https:\/\/lietuve.lt\/prezidente-dideli-pokyciai-prasideda-nuo-musu-paciu\/embed\/#?secret=l1WptghOEK\" width=\"600\" height=\"338\" title=\"&#8220;Prezident\u0117: \u201eDideli poky\u010diai prasideda nuo m\u016bs\u0173 pa\u010di\u0173\u201c&#8221; &#8212; \u017durnalas Lietuv\u0117\" data-secret=\"l1WptghOEK\" frameborder=\"0\" marginwidth=\"0\" marginheight=\"0\" scrolling=\"no\" class=\"wp-embedded-content\"><\/iframe><script type=\"text\/javascript\">\n\/* <![CDATA[ *\/\n\/*! This file is auto-generated *\/\n!function(d,l){\"use strict\";l.querySelector&&d.addEventListener&&\"undefined\"!=typeof URL&&(d.wp=d.wp||{},d.wp.receiveEmbedMessage||(d.wp.receiveEmbedMessage=function(e){var t=e.data;if((t||t.secret||t.message||t.value)&&!\/[^a-zA-Z0-9]\/.test(t.secret)){for(var s,r,n,a=l.querySelectorAll('iframe[data-secret=\"'+t.secret+'\"]'),o=l.querySelectorAll('blockquote[data-secret=\"'+t.secret+'\"]'),c=new RegExp(\"^https?:$\",\"i\"),i=0;i<o.length;i++)o[i].style.display=\"none\";for(i=0;i<a.length;i++)s=a[i],e.source===s.contentWindow&&(s.removeAttribute(\"style\"),\"height\"===t.message?(1e3<(r=parseInt(t.value,10))?r=1e3:~~r<200&&(r=200),s.height=r):\"link\"===t.message&&(r=new URL(s.getAttribute(\"src\")),n=new URL(t.value),c.test(n.protocol))&&n.host===r.host&&l.activeElement===s&&(d.top.location.href=t.value))}},d.addEventListener(\"message\",d.wp.receiveEmbedMessage,!1),l.addEventListener(\"DOMContentLoaded\",function(){for(var e,t,s=l.querySelectorAll(\"iframe.wp-embedded-content\"),r=0;r<s.length;r++)(t=(e=s[r]).getAttribute(\"data-secret\"))||(t=Math.random().toString(36).substring(2,12),e.src+=\"#?secret=\"+t,e.setAttribute(\"data-secret\",t)),e.contentWindow.postMessage({message:\"ready\",secret:t},\"*\")},!1)))}(window,document);\n\/\/# sourceURL=https:\/\/lietuve.lt\/wp-includes\/js\/wp-embed.min.js\n\/* ]]> *\/\n<\/script>\n","description":"\u00a0Prezident\u0117 Dalia Grybauskait\u0117, prisijungdama prie tradicin\u0117s gamtos \u0161varinimo akcijos \u201eDarom\u201c, tvark\u0117 Naujojoje Vilnioje esant\u012f Gerov\u0117s park\u0105. \u201eAkcija \u201eDarom\u201c \u2013 \u017emoni\u0173 susitelkimo ir meil\u0117s Lietuvai pavyzdys. Kasmet t\u016bkstan\u010diai savanori\u0173 prisijungia prie \u0161ios prasmingos iniciatyvos ir kartu su kaimynais, bendruomen\u0117mis tvarko savo kra\u0161t\u0105. Tai rodo, kad dideli poky\u010diai prasideda nuo m\u016bs\u0173 pa\u010di\u0173. Svarbu, kad kasdien r\u016bpintum\u0117m\u0117s gamta,"}