{"version":"1.0","provider_name":"\u017durnalas Lietuv\u0117","provider_url":"https:\/\/lietuve.lt","title":"Prezident\u0117: \u201eIr vienas \u017emogus gali tapti laisv\u0117s simboliu\u201c - \u017durnalas Lietuv\u0117","type":"rich","width":600,"height":338,"html":"<blockquote class=\"wp-embedded-content\" data-secret=\"jFyyEUR1Sw\"><a href=\"https:\/\/lietuve.lt\/prezidente-ir-vienas-zmogus-gali-tapti-laisves-simboliu\/\">Prezident\u0117: \u201eIr vienas \u017emogus gali tapti laisv\u0117s simboliu\u201c<\/a><\/blockquote><iframe sandbox=\"allow-scripts\" security=\"restricted\" src=\"https:\/\/lietuve.lt\/prezidente-ir-vienas-zmogus-gali-tapti-laisves-simboliu\/embed\/#?secret=jFyyEUR1Sw\" width=\"600\" height=\"338\" title=\"&#8220;Prezident\u0117: \u201eIr vienas \u017emogus gali tapti laisv\u0117s simboliu\u201c&#8221; &#8212; \u017durnalas Lietuv\u0117\" data-secret=\"jFyyEUR1Sw\" frameborder=\"0\" marginwidth=\"0\" marginheight=\"0\" scrolling=\"no\" class=\"wp-embedded-content\"><\/iframe><script type=\"text\/javascript\">\n\/* <![CDATA[ *\/\n\/*! This file is auto-generated *\/\n!function(d,l){\"use strict\";l.querySelector&&d.addEventListener&&\"undefined\"!=typeof URL&&(d.wp=d.wp||{},d.wp.receiveEmbedMessage||(d.wp.receiveEmbedMessage=function(e){var t=e.data;if((t||t.secret||t.message||t.value)&&!\/[^a-zA-Z0-9]\/.test(t.secret)){for(var s,r,n,a=l.querySelectorAll('iframe[data-secret=\"'+t.secret+'\"]'),o=l.querySelectorAll('blockquote[data-secret=\"'+t.secret+'\"]'),c=new RegExp(\"^https?:$\",\"i\"),i=0;i<o.length;i++)o[i].style.display=\"none\";for(i=0;i<a.length;i++)s=a[i],e.source===s.contentWindow&&(s.removeAttribute(\"style\"),\"height\"===t.message?(1e3<(r=parseInt(t.value,10))?r=1e3:~~r<200&&(r=200),s.height=r):\"link\"===t.message&&(r=new URL(s.getAttribute(\"src\")),n=new URL(t.value),c.test(n.protocol))&&n.host===r.host&&l.activeElement===s&&(d.top.location.href=t.value))}},d.addEventListener(\"message\",d.wp.receiveEmbedMessage,!1),l.addEventListener(\"DOMContentLoaded\",function(){for(var e,t,s=l.querySelectorAll(\"iframe.wp-embedded-content\"),r=0;r<s.length;r++)(t=(e=s[r]).getAttribute(\"data-secret\"))||(t=Math.random().toString(36).substring(2,12),e.src+=\"#?secret=\"+t,e.setAttribute(\"data-secret\",t)),e.contentWindow.postMessage({message:\"ready\",secret:t},\"*\")},!1)))}(window,document);\n\/\/# sourceURL=https:\/\/lietuve.lt\/wp-includes\/js\/wp-embed.min.js\n\/* ]]> *\/\n<\/script>\n","thumbnail_url":"https:\/\/lietuve.lt\/wp-content\/uploads\/2018\/10\/3-7.jpg","thumbnail_width":800,"thumbnail_height":532,"description":"Penktadien\u012f Prezident\u0117 Dalia Grybauskait\u0117 Vilniaus universiteto \u0160v. Jon\u0173 ba\u017eny\u010dioje pad\u0117jo g\u0117li\u0173 vainik\u0105 ir pagerb\u0117 partizan\u0173 vado\u00a0Adolfo Ramanausko-Vanago atminim\u0105. \u0160alies vadov\u0117s teigimu, Lietuva laidoja savo didvyr\u012f\u00a0\u2013 \u017emog\u0173, kuriam laisv\u0117 ir valstyb\u0117 buvo svarbiau u\u017e vis\u0105 pasaul\u012f. Pasak Prezident\u0117s, A.\u00a0Ramanauskas-Vanagas \u2013 geriausias \u012frodymas, kad ir vienas \u017emogus gali tapti visos tautos laisv\u0117s simboliu, tod\u0117l jo kapaviet\u0117s atradimas\u00a0\u2013"}