{"version":"1.0","provider_name":"\u017durnalas Lietuv\u0117","provider_url":"https:\/\/lietuve.lt","title":"Prezident\u0117 \u012fteik\u0117 \u201eGlobalios Lietuvos\u201c apdovanojimus - \u017durnalas Lietuv\u0117","type":"rich","width":600,"height":338,"html":"<blockquote class=\"wp-embedded-content\" data-secret=\"QrxZZTt2pT\"><a href=\"https:\/\/lietuve.lt\/prezidente-iteike-globalios-lietuvos-apdovanojimus\/\">Prezident\u0117 \u012fteik\u0117 \u201eGlobalios Lietuvos\u201c apdovanojimus<\/a><\/blockquote><iframe sandbox=\"allow-scripts\" security=\"restricted\" src=\"https:\/\/lietuve.lt\/prezidente-iteike-globalios-lietuvos-apdovanojimus\/embed\/#?secret=QrxZZTt2pT\" width=\"600\" height=\"338\" title=\"&#8220;Prezident\u0117 \u012fteik\u0117 \u201eGlobalios Lietuvos\u201c apdovanojimus&#8221; &#8212; \u017durnalas Lietuv\u0117\" data-secret=\"QrxZZTt2pT\" frameborder=\"0\" marginwidth=\"0\" marginheight=\"0\" scrolling=\"no\" class=\"wp-embedded-content\"><\/iframe><script type=\"text\/javascript\">\n\/* <![CDATA[ *\/\n\/*! This file is auto-generated *\/\n!function(d,l){\"use strict\";l.querySelector&&d.addEventListener&&\"undefined\"!=typeof URL&&(d.wp=d.wp||{},d.wp.receiveEmbedMessage||(d.wp.receiveEmbedMessage=function(e){var t=e.data;if((t||t.secret||t.message||t.value)&&!\/[^a-zA-Z0-9]\/.test(t.secret)){for(var s,r,n,a=l.querySelectorAll('iframe[data-secret=\"'+t.secret+'\"]'),o=l.querySelectorAll('blockquote[data-secret=\"'+t.secret+'\"]'),c=new RegExp(\"^https?:$\",\"i\"),i=0;i<o.length;i++)o[i].style.display=\"none\";for(i=0;i<a.length;i++)s=a[i],e.source===s.contentWindow&&(s.removeAttribute(\"style\"),\"height\"===t.message?(1e3<(r=parseInt(t.value,10))?r=1e3:~~r<200&&(r=200),s.height=r):\"link\"===t.message&&(r=new URL(s.getAttribute(\"src\")),n=new URL(t.value),c.test(n.protocol))&&n.host===r.host&&l.activeElement===s&&(d.top.location.href=t.value))}},d.addEventListener(\"message\",d.wp.receiveEmbedMessage,!1),l.addEventListener(\"DOMContentLoaded\",function(){for(var e,t,s=l.querySelectorAll(\"iframe.wp-embedded-content\"),r=0;r<s.length;r++)(t=(e=s[r]).getAttribute(\"data-secret\"))||(t=Math.random().toString(36).substring(2,12),e.src+=\"#?secret=\"+t,e.setAttribute(\"data-secret\",t)),e.contentWindow.postMessage({message:\"ready\",secret:t},\"*\")},!1)))}(window,document);\n\/\/# sourceURL=https:\/\/lietuve.lt\/wp-includes\/js\/wp-embed.min.js\n\/* ]]> *\/\n<\/script>\n","description":"\u0160\u012f antradien\u012f Lietuvos Respublikos Prezident\u0117 Dalia Grybauskait\u0117 \u012fteik\u0117 \u201eGlobalios Lietuvos\u201c\u00a0 apdovanojimus. \u0160alies vadov\u0117s globojami apdovanojimai vyksta jau ketvirt\u0105 kart\u0105 ir yra skirti pagerbti Lietuvoje ir u\u017esienyje gyvenantiems, dirbantiems ir studijuojantiems lietuviams, kurie savo darbais, laim\u0117jimais ir id\u0117jomis garsina Lietuv\u0105 pasaulyje ir padeda jai kurti globalias galimybes. \u201e\u0160iandien galime did\u017eiuotis daugybe gabi\u0173, k\u016brybing\u0173, versli\u0173 ir meni\u0161k\u0173"}